{"id":1574,"date":"2019-06-05T14:18:53","date_gmt":"2019-06-05T12:18:53","guid":{"rendered":"http:\/\/www.classicalguitar.de\/?page_id=1574"},"modified":"2026-02-08T21:42:32","modified_gmt":"2026-02-08T20:42:32","slug":"news","status":"publish","type":"page","link":"https:\/\/www.classicalguitar.de\/en\/","title":{"rendered":"News"},"content":{"rendered":"<p>[et_pb_section fb_built=&#8221;1&#8243; _builder_version=&#8221;4.16&#8243; background_color=&#8221;#fffddc&#8221; border_width_top=&#8221;1px&#8221; border_color_top=&#8221;#e7ab37&#8243; global_colors_info=&#8221;{}&#8221;][et_pb_row column_structure=&#8221;1_3,2_3&#8243; _builder_version=&#8221;4.16&#8243; background_size=&#8221;initial&#8221; background_position=&#8221;top_left&#8221; background_repeat=&#8221;repeat&#8221; global_colors_info=&#8221;{}&#8221;][et_pb_column type=&#8221;1_3&#8243; _builder_version=&#8221;4.16&#8243; custom_padding=&#8221;|||&#8221; global_colors_info=&#8221;{}&#8221; custom_padding__hover=&#8221;|||&#8221;][et_pb_text _builder_version=&#8221;4.23.1&#8243; hover_enabled=&#8221;0&#8243; global_colors_info=&#8221;{}&#8221; sticky_enabled=&#8221;0&#8243;]<\/p>\n<h2 style=\"text-align: right;\">January 2026<\/h2>\n<p>[\/et_pb_text][et_pb_image src=&#8221;http:\/\/www.classicalguitar.de\/wp-content\/uploads\/2025\/05\/Klaus_Jaeckle_2025_6web-1024&#215;683.jpg&#8221; alt=&#8221;Video&#8221; title_text=&#8221;Klaus_J\u00e4ckle_2025_6web&#8221; url=&#8221;https:\/\/youtu.be\/-jslNGGRrzI?si=cby-qYVfxGfXadLa&#8221; url_new_window=&#8221;on&#8221; align=&#8221;right&#8221; align_tablet=&#8221;center&#8221; align_phone=&#8221;center&#8221; align_last_edited=&#8221;on|desktop&#8221; _builder_version=&#8221;4.23.1&#8243; max_width_tablet=&#8221;80%&#8221; max_width_phone=&#8221;&#8221; max_width_last_edited=&#8221;on|tablet&#8221; module_alignment=&#8221;right&#8221; custom_margin=&#8221;50px|||&#8221; hover_enabled=&#8221;0&#8243; border_width_all=&#8221;1px&#8221; border_color_all=&#8221;#e7ab37&#8243; global_colors_info=&#8221;{}&#8221; sticky_enabled=&#8221;0&#8243;][\/et_pb_image][\/et_pb_column][et_pb_column type=&#8221;2_3&#8243; _builder_version=&#8221;4.16&#8243; custom_padding=&#8221;|||&#8221; global_colors_info=&#8221;{}&#8221; custom_padding__hover=&#8221;|||&#8221;][et_pb_text _builder_version=&#8221;4.19.5&#8243; global_colors_info=&#8221;{}&#8221;]<\/p>\n<h3 id=\"h14sjjnbbygn1742q86j7ldzv3vlpuo\">Prosit New Year!<\/h3>\n<p>&nbsp;<\/p>\n<p>A lot of great things happened last year: 5 times Concierto de Aranjuez in Stuttgart, W\u00fcrzburg, Lohr am Main, Otello at the Stuttgart Opera House, concerts in Nuremberg, the Niederrhein Music Festival&#8230;<\/p>\n<p>For more dates please always check the Dates.<\/p>\n<p>This year coming up several recordings: works by Catherine Pratten for the Heike Matthiesen Foundation, and a solo project, which is still a secret \ud83d\ude09<\/p>\n<p>Please stay tuned and pass by from time to time.<\/p>\n<p>In the meantime I hope you enjoy all channels of my music!<\/p>\n<p>[\/et_pb_text][\/et_pb_column][\/et_pb_row][\/et_pb_section][et_pb_section fb_built=&#8221;1&#8243; _builder_version=&#8221;4.16&#8243; background_color=&#8221;#fffddc&#8221; border_width_top=&#8221;1px&#8221; border_color_top=&#8221;#e7ab37&#8243; global_colors_info=&#8221;{}&#8221;][et_pb_row column_structure=&#8221;1_3,2_3&#8243; _builder_version=&#8221;4.16&#8243; background_size=&#8221;initial&#8221; background_position=&#8221;top_left&#8221; background_repeat=&#8221;repeat&#8221; global_colors_info=&#8221;{}&#8221;][et_pb_column type=&#8221;1_3&#8243; _builder_version=&#8221;4.16&#8243; custom_padding=&#8221;|||&#8221; global_colors_info=&#8221;{}&#8221; custom_padding__hover=&#8221;|||&#8221;][et_pb_text _builder_version=&#8221;4.23.1&#8243; global_colors_info=&#8221;{}&#8221;]<\/p>\n<h2 style=\"text-align: right;\">May 2025<\/h2>\n<p>[\/et_pb_text][et_pb_image src=&#8221;http:\/\/www.classicalguitar.de\/wp-content\/uploads\/2018\/07\/23_Concierto_para-250.jpg&#8221; alt=&#8221;Video&#8221; title_text=&#8221;23_Concierto_para-250&#8243; url=&#8221;https:\/\/youtu.be\/-jslNGGRrzI?si=cby-qYVfxGfXadLa&#8221; url_new_window=&#8221;on&#8221; align=&#8221;right&#8221; align_tablet=&#8221;center&#8221; align_phone=&#8221;center&#8221; align_last_edited=&#8221;on|desktop&#8221; _builder_version=&#8221;4.23.1&#8243; max_width_tablet=&#8221;80%&#8221; max_width_phone=&#8221;&#8221; max_width_last_edited=&#8221;on|tablet&#8221; module_alignment=&#8221;right&#8221; custom_margin=&#8221;50px|||&#8221; border_width_all=&#8221;1px&#8221; border_color_all=&#8221;#e7ab37&#8243; global_colors_info=&#8221;{}&#8221;][\/et_pb_image][\/et_pb_column][et_pb_column type=&#8221;2_3&#8243; _builder_version=&#8221;4.16&#8243; custom_padding=&#8221;|||&#8221; global_colors_info=&#8221;{}&#8221; custom_padding__hover=&#8221;|||&#8221;][et_pb_text _builder_version=&#8221;4.19.5&#8243; global_colors_info=&#8221;{}&#8221;]<\/p>\n<h3 id=\"h14sjjnbbygn1742q86j7ldzv3vlpuo\">New &#8220;old&#8221; releases<\/h3>\n<p>&nbsp;<\/p>\n<p>Now you can find my CD releases from Bayer Records and NCA on all streaming channels!<\/p>\n<p>Just click the platform of you choice above and find wonderful music albums by Bach, Villa-Lobos, Rodrigo, Vaistism, Concierto para und Fiesta, Romanza espa\u00f1ola to listen!<\/p>\n<p>[\/et_pb_text][\/et_pb_column][\/et_pb_row][\/et_pb_section][et_pb_section fb_built=&#8221;1&#8243; _builder_version=&#8221;4.16&#8243; background_color=&#8221;#fffddc&#8221; border_width_top=&#8221;1px&#8221; border_color_top=&#8221;#e7ab37&#8243; global_colors_info=&#8221;{}&#8221;][et_pb_row column_structure=&#8221;1_3,2_3&#8243; _builder_version=&#8221;4.16&#8243; background_size=&#8221;initial&#8221; background_position=&#8221;top_left&#8221; background_repeat=&#8221;repeat&#8221; global_colors_info=&#8221;{}&#8221;][et_pb_column type=&#8221;1_3&#8243; _builder_version=&#8221;4.16&#8243; custom_padding=&#8221;|||&#8221; global_colors_info=&#8221;{}&#8221; custom_padding__hover=&#8221;|||&#8221;][et_pb_text _builder_version=&#8221;4.23.1&#8243; global_colors_info=&#8221;{}&#8221;]<\/p>\n<h2 style=\"text-align: right;\">March 2025<\/h2>\n<p>[\/et_pb_text][et_pb_image src=&#8221;http:\/\/www.classicalguitar.de\/wp-content\/uploads\/2025\/03\/Gubaidulina2-300&#215;241.jpg&#8221; alt=&#8221;Video&#8221; title_text=&#8221;Gubaidulina2&#8243; url=&#8221;https:\/\/www.scoreexchange.com\/scores\/albeniz-mallorca-op-202-for-guitar-solo-621518.html&#8221; url_new_window=&#8221;on&#8221; align=&#8221;right&#8221; align_tablet=&#8221;center&#8221; align_phone=&#8221;center&#8221; align_last_edited=&#8221;on|desktop&#8221; _builder_version=&#8221;4.23.1&#8243; max_width_tablet=&#8221;80%&#8221; max_width_phone=&#8221;&#8221; max_width_last_edited=&#8221;on|tablet&#8221; module_alignment=&#8221;right&#8221; custom_margin=&#8221;50px|||&#8221; border_width_all=&#8221;1px&#8221; border_color_all=&#8221;#e7ab37&#8243; global_colors_info=&#8221;{}&#8221;][\/et_pb_image][\/et_pb_column][et_pb_column type=&#8221;2_3&#8243; _builder_version=&#8221;4.16&#8243; custom_padding=&#8221;|||&#8221; global_colors_info=&#8221;{}&#8221; custom_padding__hover=&#8221;|||&#8221;][et_pb_text _builder_version=&#8221;4.19.5&#8243; global_colors_info=&#8221;{}&#8221;]<\/p>\n<h3 id=\"h14sjjnbbygn1742q86j7ldzv3vlpuo\">New video<\/h3>\n<p>&nbsp;<\/p>\n<p>Because of actual reason I recorded the little &#8220;Serenade&#8221; by Sofia Gubaidulina. She died on 13th of march 2025 and left a subtle and refined oeuvre. For me most impressing her Trio for flute, viola and harp &#8220;Garten von Freuden und Traurigkeiten. I am thankful for this wondeful piece &#8220;<strong><a href=\"https:\/\/youtu.be\/BiB2J-FRa-8\">Serenade<\/a><\/strong>&#8220;!<\/p>\n<p>Another composing lady led me to Oxford: Sidney Pratten! A recherche on unpublished works for guitar in commision for the Heike Matthiesen Foundation putting togeher a CD project. More on that later.<\/p>\n<p>[\/et_pb_text][\/et_pb_column][\/et_pb_row][\/et_pb_section][et_pb_section fb_built=&#8221;1&#8243; _builder_version=&#8221;4.16&#8243; background_color=&#8221;#fffddc&#8221; border_width_top=&#8221;1px&#8221; border_color_top=&#8221;#e7ab37&#8243; global_colors_info=&#8221;{}&#8221;][et_pb_row column_structure=&#8221;1_3,2_3&#8243; _builder_version=&#8221;4.16&#8243; background_size=&#8221;initial&#8221; background_position=&#8221;top_left&#8221; background_repeat=&#8221;repeat&#8221; global_colors_info=&#8221;{}&#8221;][et_pb_column type=&#8221;1_3&#8243; _builder_version=&#8221;4.16&#8243; custom_padding=&#8221;|||&#8221; global_colors_info=&#8221;{}&#8221; custom_padding__hover=&#8221;|||&#8221;][et_pb_text _builder_version=&#8221;4.23.1&#8243; global_colors_info=&#8221;{}&#8221;]<\/p>\n<h2 style=\"text-align: right;\">April 2024<\/h2>\n<p>[\/et_pb_text][et_pb_image src=&#8221;http:\/\/www.classicalguitar.de\/wp-content\/uploads\/2024\/04\/Screenshot-Albeniz-Mallorca-op.-202-for-guitar-solo-Download-Sheet-Music-PDF.png&#8221; alt=&#8221;Screenshot Mallorca op202&#8243; title_text=&#8221;Screenshot Alb\u00e9niz Mallorca op. 202 for guitar solo &#8211; Download Sheet Music PDF&#8221; url=&#8221;https:\/\/www.scoreexchange.com\/scores\/albeniz-mallorca-op-202-for-guitar-solo-621518.html&#8221; url_new_window=&#8221;on&#8221; align=&#8221;right&#8221; align_tablet=&#8221;center&#8221; align_phone=&#8221;center&#8221; align_last_edited=&#8221;on|desktop&#8221; _builder_version=&#8221;4.23.1&#8243; max_width_tablet=&#8221;80%&#8221; max_width_phone=&#8221;&#8221; max_width_last_edited=&#8221;on|tablet&#8221; module_alignment=&#8221;right&#8221; custom_margin=&#8221;50px|||&#8221; border_width_all=&#8221;1px&#8221; border_color_all=&#8221;#e7ab37&#8243; global_colors_info=&#8221;{}&#8221;][\/et_pb_image][\/et_pb_column][et_pb_column type=&#8221;2_3&#8243; _builder_version=&#8221;4.16&#8243; custom_padding=&#8221;|||&#8221; global_colors_info=&#8221;{}&#8221; custom_padding__hover=&#8221;|||&#8221;][et_pb_text _builder_version=&#8221;4.19.5&#8243; global_colors_info=&#8221;{}&#8221;]<\/p>\n<h3 id=\"h14sjjnbbygn1742q86j7ldzv3vlpuo\">New sheet music &#8220;Mallorca&#8221;<\/h3>\n<p>&nbsp;<\/p>\n<p>Around easter I am working out new pieces:<\/p>\n<p>Isaac Alb\u00e9niz: Mallorca, op. 202 for guitar solo in my own arrangement, new in my repertoire. Who wants to dream from a wonderful isle holiday get&#8217;s caught by this magical music.<\/p>\n<p>You find the score with fingerings on <strong><a href=\"https:\/\/www.scoreexchange.com\/scores\/albeniz-mallorca-op-202-for-guitar-solo-621518.html\">Score Exchange<\/a><\/strong> with a prelistening audio file.<\/p>\n<p>Video and Audio are in progress.<\/p>\n<p>[\/et_pb_text][\/et_pb_column][\/et_pb_row][\/et_pb_section][et_pb_section fb_built=&#8221;1&#8243; _builder_version=&#8221;4.16&#8243; background_color=&#8221;#fffddc&#8221; border_width_top=&#8221;1px&#8221; border_color_top=&#8221;#e7ab37&#8243; global_colors_info=&#8221;{}&#8221;][et_pb_row column_structure=&#8221;1_3,2_3&#8243; _builder_version=&#8221;4.16&#8243; background_size=&#8221;initial&#8221; background_position=&#8221;top_left&#8221; background_repeat=&#8221;repeat&#8221; global_colors_info=&#8221;{}&#8221;][et_pb_column type=&#8221;1_3&#8243; _builder_version=&#8221;4.16&#8243; custom_padding=&#8221;|||&#8221; global_colors_info=&#8221;{}&#8221; custom_padding__hover=&#8221;|||&#8221;][et_pb_text _builder_version=&#8221;4.23.1&#8243; global_colors_info=&#8221;{}&#8221;]<\/p>\n<h2 style=\"text-align: right;\">March 2024<\/h2>\n<p>[\/et_pb_text][et_pb_image src=&#8221;http:\/\/www.classicalguitar.de\/wp-content\/uploads\/2024\/03\/Frank_Bert202402klein2-200&#215;300.jpg&#8221; alt=&#8221;Frank-u-Bert_Kinderoper&#8221; title_text=&#8221;Frank_Bert202402klein2&#8243; url=&#8221;https:\/\/www.scoreexchange.com\/scores\/597832.html&#8221; url_new_window=&#8221;on&#8221; align=&#8221;right&#8221; align_tablet=&#8221;center&#8221; align_phone=&#8221;center&#8221; align_last_edited=&#8221;on|desktop&#8221; _builder_version=&#8221;4.23.1&#8243; max_width_tablet=&#8221;80%&#8221; max_width_phone=&#8221;&#8221; max_width_last_edited=&#8221;on|tablet&#8221; module_alignment=&#8221;right&#8221; custom_margin=&#8221;50px|||&#8221; border_width_all=&#8221;1px&#8221; border_color_all=&#8221;#e7ab37&#8243; global_colors_info=&#8221;{}&#8221;][\/et_pb_image][\/et_pb_column][et_pb_column type=&#8221;2_3&#8243; _builder_version=&#8221;4.16&#8243; custom_padding=&#8221;|||&#8221; global_colors_info=&#8221;{}&#8221; custom_padding__hover=&#8221;|||&#8221;][et_pb_text _builder_version=&#8221;4.19.5&#8243; global_colors_info=&#8221;{}&#8221;]<\/p>\n<h3 id=\"h14sjjnbbygn1742q86j7ldzv3vlpuo\">&#8220;Frank &amp; Bert&#8221; at Bavarian State Opera Munich<\/h3>\n<p>&nbsp;<\/p>\n<p>I am very happy to be part of the wonderful new commisioned opera &#8220;Frank &amp; Bert&#8221; by Richard Whilds! It is a musical theatre for kids after the same named book by Chris Naylor-Ballesteros.<\/p>\n<p>It is composed for two singers and four instruments. For all further details go to the <strong><a href=\"https:\/\/www.staatsoper.de\/stuecke\/frank-und-bert\">link<\/a> <\/strong>from the Bavarian State Opera Munich. Premiere is the 1st of march 2024!<\/p>\n<p>It is great fun to play!<\/p>\n<p>[\/et_pb_text][\/et_pb_column][\/et_pb_row][\/et_pb_section][et_pb_section fb_built=&#8221;1&#8243; _builder_version=&#8221;4.16&#8243; background_color=&#8221;#fffddc&#8221; border_width_top=&#8221;1px&#8221; border_color_top=&#8221;#e7ab37&#8243; global_colors_info=&#8221;{}&#8221;][et_pb_row column_structure=&#8221;1_3,2_3&#8243; _builder_version=&#8221;4.16&#8243; background_size=&#8221;initial&#8221; background_position=&#8221;top_left&#8221; background_repeat=&#8221;repeat&#8221; global_colors_info=&#8221;{}&#8221;][et_pb_column type=&#8221;1_3&#8243; _builder_version=&#8221;4.16&#8243; custom_padding=&#8221;|||&#8221; global_colors_info=&#8221;{}&#8221; custom_padding__hover=&#8221;|||&#8221;][et_pb_text _builder_version=&#8221;4.23.1&#8243; global_colors_info=&#8221;{}&#8221;]<\/p>\n<h2 style=\"text-align: right;\">January 2024<\/h2>\n<p>[\/et_pb_text][et_pb_image src=&#8221;http:\/\/www.classicalguitar.de\/wp-content\/uploads\/2024\/01\/Don_Quixote3webklein-300&#215;300.jpg&#8221; alt=&#8221;The Impossible Dream&#8221; title_text=&#8221;Don_Quixote3webklein&#8221; url=&#8221;https:\/\/www.scoreexchange.com\/scores\/597832.html&#8221; url_new_window=&#8221;on&#8221; align=&#8221;right&#8221; align_tablet=&#8221;center&#8221; align_phone=&#8221;center&#8221; align_last_edited=&#8221;on|desktop&#8221; _builder_version=&#8221;4.23.1&#8243; max_width_tablet=&#8221;80%&#8221; max_width_phone=&#8221;&#8221; max_width_last_edited=&#8221;on|tablet&#8221; module_alignment=&#8221;right&#8221; custom_margin=&#8221;50px|||&#8221; border_width_all=&#8221;1px&#8221; border_color_all=&#8221;#e7ab37&#8243; global_colors_info=&#8221;{}&#8221;][\/et_pb_image][\/et_pb_column][et_pb_column type=&#8221;2_3&#8243; _builder_version=&#8221;4.16&#8243; custom_padding=&#8221;|||&#8221; global_colors_info=&#8221;{}&#8221; custom_padding__hover=&#8221;|||&#8221;][et_pb_text _builder_version=&#8221;4.19.5&#8243; global_colors_info=&#8221;{}&#8221;]<\/p>\n<h3 id=\"h14sjjnbbygn1742q86j7ldzv3vlpuo\">Happy New Year!<\/h3>\n<p>&nbsp;<\/p>\n<p>Best wishes to all of you visiting my website!<\/p>\n<p>Since I played the guitar part of the Musical &#8220;Man of La Mancha&#8221; in 2006 at the Nuremberg State OperaI had the main song of Don Quijote in my mind.<\/p>\n<p>What was a spanish style improvisation of this song as prelude for the second part I worked out now clearly as a wonderful guitar solo piece and recorded it. All done in three days&#8230;<\/p>\n<p>From January 6, 2024 you will find it on my spotify and all other channels!<\/p>\n<p>[\/et_pb_text][\/et_pb_column][\/et_pb_row][\/et_pb_section][et_pb_section fb_built=&#8221;1&#8243; _builder_version=&#8221;4.16&#8243; background_color=&#8221;#fffddc&#8221; border_width_top=&#8221;1px&#8221; border_color_top=&#8221;#e7ab37&#8243; global_colors_info=&#8221;{}&#8221;][et_pb_row column_structure=&#8221;1_3,2_3&#8243; _builder_version=&#8221;4.16&#8243; background_size=&#8221;initial&#8221; background_position=&#8221;top_left&#8221; background_repeat=&#8221;repeat&#8221; global_colors_info=&#8221;{}&#8221;][et_pb_column type=&#8221;1_3&#8243; _builder_version=&#8221;4.16&#8243; custom_padding=&#8221;|||&#8221; global_colors_info=&#8221;{}&#8221; custom_padding__hover=&#8221;|||&#8221;][et_pb_text _builder_version=&#8221;4.19.5&#8243; global_colors_info=&#8221;{}&#8221;]<\/p>\n<h2 style=\"text-align: right;\">June 2023<\/h2>\n<p>[\/et_pb_text][et_pb_image src=&#8221;http:\/\/www.classicalguitar.de\/wp-content\/uploads\/2023\/06\/Plakat_GaisburgSommerGit_solo.jpg&#8221; title_text=&#8221;Plakat_GaisburgSommerGit_solo&#8221; url=&#8221;https:\/\/www.scoreexchange.com\/scores\/597832.html&#8221; url_new_window=&#8221;on&#8221; align=&#8221;right&#8221; align_tablet=&#8221;center&#8221; align_phone=&#8221;center&#8221; align_last_edited=&#8221;on|desktop&#8221; _builder_version=&#8221;4.19.5&#8243; max_width_tablet=&#8221;80%&#8221; max_width_phone=&#8221;&#8221; max_width_last_edited=&#8221;on|tablet&#8221; module_alignment=&#8221;right&#8221; custom_margin=&#8221;50px|||&#8221; border_width_all=&#8221;1px&#8221; border_color_all=&#8221;#e7ab37&#8243; global_colors_info=&#8221;{}&#8221;][\/et_pb_image][\/et_pb_column][et_pb_column type=&#8221;2_3&#8243; _builder_version=&#8221;4.16&#8243; custom_padding=&#8221;|||&#8221; global_colors_info=&#8221;{}&#8221; custom_padding__hover=&#8221;|||&#8221;][et_pb_text _builder_version=&#8221;4.19.5&#8243; global_colors_info=&#8221;{}&#8221;]<\/p>\n<h3 id=\"h14sjjnbbygn1742q86j7ldzv3vlpuo\">Summer concerts!<\/h3>\n<p>&nbsp;<\/p>\n<p>I am looking forward to some wonderful programs coming up this summer season!<\/p>\n<p>First in my new home town Stuttgart, but also in Mosbach, M\u00f6rsach and Nuremberg.<\/p>\n<p>Finally in August again at the prestiguos Niederrhein Musikfestival: we did in advance some really great videos, check out virtuoso Tedescos Tarantella on my site, and for example <strong><a href=\"https:\/\/www.youtube.com\/@niederrheinmusikfestival\">Ravels Bolero for flute, guitar (my arrangement;-) ) and DANCE<\/a><\/strong>, thats my personal highlight&#8230;<\/p>\n<p>Just klick to &#8220;Dates&#8221; and follow my YT channel to stay tuned!<\/p>\n<p>Enjoy the music!\u00a0<\/p>\n<p>[\/et_pb_text][\/et_pb_column][\/et_pb_row][\/et_pb_section][et_pb_section fb_built=&#8221;1&#8243; _builder_version=&#8221;4.16&#8243; background_color=&#8221;#fffddc&#8221; border_width_top=&#8221;1px&#8221; border_color_top=&#8221;#e7ab37&#8243; global_colors_info=&#8221;{}&#8221;][et_pb_row column_structure=&#8221;1_3,2_3&#8243; _builder_version=&#8221;4.16&#8243; background_size=&#8221;initial&#8221; background_position=&#8221;top_left&#8221; background_repeat=&#8221;repeat&#8221; global_colors_info=&#8221;{}&#8221;][et_pb_column type=&#8221;1_3&#8243; _builder_version=&#8221;4.16&#8243; custom_padding=&#8221;|||&#8221; global_colors_info=&#8221;{}&#8221; custom_padding__hover=&#8221;|||&#8221;][et_pb_text _builder_version=&#8221;4.19.5&#8243; global_colors_info=&#8221;{}&#8221;]<\/p>\n<h2 style=\"text-align: right;\">April 2023<\/h2>\n<p>[\/et_pb_text][et_pb_image src=&#8221;http:\/\/www.classicalguitar.de\/wp-content\/uploads\/2023\/04\/Albeniz-Sevilla-Sevillanas-Download-Sheet-Music-PDF-file.png&#8221; title_text=&#8221;Alb\u00e9niz Sevilla (Sevillanas) &#8211; Download Sheet Music PDF file&#8221; url=&#8221;https:\/\/www.scoreexchange.com\/scores\/597832.html&#8221; url_new_window=&#8221;on&#8221; align=&#8221;right&#8221; align_tablet=&#8221;center&#8221; align_phone=&#8221;center&#8221; align_last_edited=&#8221;on|desktop&#8221; _builder_version=&#8221;4.19.5&#8243; max_width_tablet=&#8221;80%&#8221; max_width_phone=&#8221;&#8221; max_width_last_edited=&#8221;on|tablet&#8221; module_alignment=&#8221;right&#8221; custom_margin=&#8221;50px|||&#8221; border_width_all=&#8221;1px&#8221; border_color_all=&#8221;#e7ab37&#8243; global_colors_info=&#8221;{}&#8221;][\/et_pb_image][\/et_pb_column][et_pb_column type=&#8221;2_3&#8243; _builder_version=&#8221;4.16&#8243; custom_padding=&#8221;|||&#8221; global_colors_info=&#8221;{}&#8221; custom_padding__hover=&#8221;|||&#8221;][et_pb_text _builder_version=&#8221;4.16&#8243; global_colors_info=&#8221;{}&#8221;]<\/p>\n<h3 id=\"h14sjjnbbygn1742q86j7ldzv3vlpuo\">Happy Easter!<\/h3>\n<p>&nbsp;<\/p>\n<p>\u00a0The Easter Bunny was busy: since the music was sold out he put it now online:<\/p>\n<p>Alb\u00e9niz&#8217; Sevilla, my first rate guitar solo in a major!<\/p>\n<p>Much more suitable for guitar, better sounding, more spanish&#8230;try it out!<\/p>\n<p>Just klick on the music, it is also on my YT channel and on spotify and co.<\/p>\n<p>Enjoy the music!<\/p>\n<p>&nbsp;<\/p>\n<p>[\/et_pb_text][\/et_pb_column][\/et_pb_row][\/et_pb_section][et_pb_section fb_built=&#8221;1&#8243; _builder_version=&#8221;4.16&#8243; background_color=&#8221;#fffddc&#8221; border_width_top=&#8221;1px&#8221; border_color_top=&#8221;#e7ab37&#8243; global_colors_info=&#8221;{}&#8221;][et_pb_row column_structure=&#8221;1_3,2_3&#8243; _builder_version=&#8221;4.16&#8243; background_size=&#8221;initial&#8221; background_position=&#8221;top_left&#8221; background_repeat=&#8221;repeat&#8221; global_colors_info=&#8221;{}&#8221;][et_pb_column type=&#8221;1_3&#8243; _builder_version=&#8221;4.16&#8243; custom_padding=&#8221;|||&#8221; global_colors_info=&#8221;{}&#8221; custom_padding__hover=&#8221;|||&#8221;][et_pb_text _builder_version=&#8221;4.16&#8243; global_colors_info=&#8221;{}&#8221;]<\/p>\n<h2 style=\"text-align: right;\">January 2023<\/h2>\n<p>[\/et_pb_text][et_pb_image src=&#8221;http:\/\/www.classicalguitar.de\/wp-content\/uploads\/2023\/01\/ISpain_Vol2-quadrat.jpg&#8221; url=&#8221;https:\/\/open.spotify.com\/album\/4C8qUZdubD3lcDh2YxUUXt?si=ZtBkWU_MTHGt2n9z3FeYdA&#8221; url_new_window=&#8221;on&#8221; align=&#8221;right&#8221; align_tablet=&#8221;center&#8221; align_phone=&#8221;center&#8221; align_last_edited=&#8221;on|desktop&#8221; _builder_version=&#8221;4.16&#8243; max_width_tablet=&#8221;80%&#8221; max_width_phone=&#8221;&#8221; max_width_last_edited=&#8221;on|tablet&#8221; module_alignment=&#8221;right&#8221; custom_margin=&#8221;50px|||&#8221; border_width_all=&#8221;1px&#8221; border_color_all=&#8221;#e7ab37&#8243; global_colors_info=&#8221;{}&#8221;][\/et_pb_image][\/et_pb_column][et_pb_column type=&#8221;2_3&#8243; _builder_version=&#8221;4.16&#8243; custom_padding=&#8221;|||&#8221; global_colors_info=&#8221;{}&#8221; custom_padding__hover=&#8221;|||&#8221;][et_pb_text _builder_version=&#8221;4.16&#8243; global_colors_info=&#8221;{}&#8221;]<\/p>\n<h3 id=\"h14sjjnbbygn1742q86j7ldzv3vlpuo\">Happy New Year!<\/h3>\n<p>Prosit New Year to everybody!<\/p>\n<p>Please check out regularily or even better follow me on your conveniant platform to be up to date!<\/p>\n<p>Now available on spotify some spanish guitar music from my album Una Hora Espanola, just click the picture. More is comin soon.<\/p>\n<p>Latest video on YouTube is Chopin: <a href=\"https:\/\/youtu.be\/fyEPda_PYO8\">Raindrop-Pr\u00e9lude<\/a>, with virtual fog and rain \ud83d\ude09<\/p>\n<p>Enjoy the music!<\/p>\n<p>&nbsp;<\/p>\n<p>[\/et_pb_text][\/et_pb_column][\/et_pb_row][\/et_pb_section][et_pb_section fb_built=&#8221;1&#8243; _builder_version=&#8221;4.16&#8243; background_color=&#8221;#fffddc&#8221; border_width_top=&#8221;1px&#8221; border_color_top=&#8221;#e7ab37&#8243; global_colors_info=&#8221;{}&#8221;][et_pb_row column_structure=&#8221;1_3,2_3&#8243; _builder_version=&#8221;4.16&#8243; background_size=&#8221;initial&#8221; background_position=&#8221;top_left&#8221; background_repeat=&#8221;repeat&#8221; global_colors_info=&#8221;{}&#8221;][et_pb_column type=&#8221;1_3&#8243; _builder_version=&#8221;4.16&#8243; custom_padding=&#8221;|||&#8221; global_colors_info=&#8221;{}&#8221; custom_padding__hover=&#8221;|||&#8221;][et_pb_text _builder_version=&#8221;4.16&#8243; global_colors_info=&#8221;{}&#8221;]<\/p>\n<h2 style=\"text-align: right;\">December 2021<\/h2>\n<p>[\/et_pb_text][et_pb_image src=&#8221;http:\/\/www.classicalguitar.de\/wp-content\/uploads\/2021\/12\/Bourree_Thumb4mit_Text.jpg&#8221; url=&#8221;https:\/\/www.youtube.com\/user\/classicalguitarde&#8221; url_new_window=&#8221;on&#8221; align=&#8221;right&#8221; align_tablet=&#8221;center&#8221; align_phone=&#8221;center&#8221; align_last_edited=&#8221;on|desktop&#8221; _builder_version=&#8221;4.16&#8243; max_width_tablet=&#8221;80%&#8221; max_width_phone=&#8221;&#8221; max_width_last_edited=&#8221;on|tablet&#8221; module_alignment=&#8221;right&#8221; custom_margin=&#8221;50px|||&#8221; border_width_all=&#8221;1px&#8221; border_color_all=&#8221;#e7ab37&#8243; global_colors_info=&#8221;{}&#8221;][\/et_pb_image][\/et_pb_column][et_pb_column type=&#8221;2_3&#8243; _builder_version=&#8221;4.16&#8243; custom_padding=&#8221;|||&#8221; global_colors_info=&#8221;{}&#8221; custom_padding__hover=&#8221;|||&#8221;][et_pb_text _builder_version=&#8221;4.16&#8243; global_colors_info=&#8221;{}&#8221;]<\/p>\n<h3 id=\"h14sjjnbbygn1742q86j7ldzv3vlpuo\">New releases !<\/h3>\n<p>Please check out regularily or even better follow me on your conveniant platform to be up to date!<\/p>\n<p>There were 4 stunning videos filmed in the most beautyful church of Stuttgart, Old castle. I choose the Fantasie by Weiss on a special built lute-guitar, Sarabande &amp; Double, Bourr\u00e9e goes Bossa by Bach with an add-on by myself, and wait for one of my most favorite piece released on Christmas Day. All could happen with a grant by the state of Baden-W\u00fcrttemberg, thanks a lot!<\/p>\n<p>I wish you all a merry christmas and a happy new year! Stay healthy!<\/p>\n<p>&nbsp;<\/p>\n<p>[\/et_pb_text][\/et_pb_column][\/et_pb_row][\/et_pb_section][et_pb_section fb_built=&#8221;1&#8243; _builder_version=&#8221;4.16&#8243; background_color=&#8221;#fffddc&#8221; border_width_top=&#8221;1px&#8221; border_color_top=&#8221;#e7ab37&#8243; global_colors_info=&#8221;{}&#8221;][et_pb_row column_structure=&#8221;1_3,2_3&#8243; _builder_version=&#8221;4.16&#8243; background_size=&#8221;initial&#8221; background_position=&#8221;top_left&#8221; background_repeat=&#8221;repeat&#8221; global_colors_info=&#8221;{}&#8221;][et_pb_column type=&#8221;1_3&#8243; _builder_version=&#8221;4.16&#8243; custom_padding=&#8221;|||&#8221; global_colors_info=&#8221;{}&#8221; custom_padding__hover=&#8221;|||&#8221;][et_pb_text _builder_version=&#8221;4.16&#8243; global_colors_info=&#8221;{}&#8221;]<\/p>\n<h2 style=\"text-align: right;\">June 2021<\/h2>\n<p>[\/et_pb_text][et_pb_image src=&#8221;http:\/\/www.classicalguitar.de\/wp-content\/uploads\/2021\/06\/Chopin_Cover.jpg&#8221; url=&#8221;https:\/\/www.youtube.com\/user\/classicalguitarde&#8221; url_new_window=&#8221;on&#8221; align=&#8221;right&#8221; align_tablet=&#8221;center&#8221; align_phone=&#8221;center&#8221; align_last_edited=&#8221;on|desktop&#8221; _builder_version=&#8221;4.16&#8243; max_width_tablet=&#8221;80%&#8221; max_width_phone=&#8221;&#8221; max_width_last_edited=&#8221;on|tablet&#8221; module_alignment=&#8221;right&#8221; custom_margin=&#8221;50px|||&#8221; border_width_all=&#8221;1px&#8221; border_color_all=&#8221;#e7ab37&#8243; global_colors_info=&#8221;{}&#8221;][\/et_pb_image][\/et_pb_column][et_pb_column type=&#8221;2_3&#8243; _builder_version=&#8221;4.16&#8243; custom_padding=&#8221;|||&#8221; global_colors_info=&#8221;{}&#8221; custom_padding__hover=&#8221;|||&#8221;][et_pb_text _builder_version=&#8221;4.16&#8243; global_colors_info=&#8221;{}&#8221;]<\/p>\n<h3 id=\"h14sjjnbbygn1742q86j7ldzv3vlpuo\">New releases !<\/h3>\n<p>Now I am all set for new releases on spotify, Apple Music, amazon music and all other online stores!<\/p>\n<p>Please check out regularily or even better follow me on your conveniant platform to be up to date!<\/p>\n<p>Right now came up three albums with own arrangements of music by Fr\u00e9d\u00e9ric Chopin: &#8221; Mazurkas, 2 Etudes, three pieces including Raindrop Prelude, Nocturne op.9\/2 and Valse op. 34\/2.<\/p>\n<p>Chopin quoted: There is nothing better sounding, than a guitar&#8230;<\/p>\n<p>&nbsp;<\/p>\n<p>&nbsp;<\/p>\n<p>&nbsp;<\/p>\n<p>[\/et_pb_text][\/et_pb_column][\/et_pb_row][\/et_pb_section][et_pb_section fb_built=&#8221;1&#8243; _builder_version=&#8221;4.16&#8243; background_color=&#8221;#fffddc&#8221; border_width_top=&#8221;1px&#8221; border_color_top=&#8221;#e7ab37&#8243; global_colors_info=&#8221;{}&#8221;][et_pb_row column_structure=&#8221;1_3,2_3&#8243; _builder_version=&#8221;4.16&#8243; background_size=&#8221;initial&#8221; background_position=&#8221;top_left&#8221; background_repeat=&#8221;repeat&#8221; global_colors_info=&#8221;{}&#8221;][et_pb_column type=&#8221;1_3&#8243; _builder_version=&#8221;4.16&#8243; custom_padding=&#8221;|||&#8221; global_colors_info=&#8221;{}&#8221; custom_padding__hover=&#8221;|||&#8221;][et_pb_text _builder_version=&#8221;4.16&#8243; global_colors_info=&#8221;{}&#8221;]<\/p>\n<h2 style=\"text-align: right;\">December 2020<\/h2>\n<p>[\/et_pb_text][et_pb_image src=&#8221;http:\/\/www.classicalguitar.de\/wp-content\/uploads\/2020\/12\/Aschenbroedelweb.jpg&#8221; url=&#8221;https:\/\/www.youtube.com\/user\/classicalguitarde&#8221; url_new_window=&#8221;on&#8221; align=&#8221;right&#8221; align_tablet=&#8221;center&#8221; align_phone=&#8221;center&#8221; align_last_edited=&#8221;on|desktop&#8221; _builder_version=&#8221;4.16&#8243; max_width_tablet=&#8221;80%&#8221; max_width_phone=&#8221;&#8221; max_width_last_edited=&#8221;on|tablet&#8221; module_alignment=&#8221;right&#8221; custom_margin=&#8221;50px|||&#8221; border_width_all=&#8221;1px&#8221; border_color_all=&#8221;#e7ab37&#8243; global_colors_info=&#8221;{}&#8221;][\/et_pb_image][\/et_pb_column][et_pb_column type=&#8221;2_3&#8243; _builder_version=&#8221;4.16&#8243; custom_padding=&#8221;|||&#8221; global_colors_info=&#8221;{}&#8221; custom_padding__hover=&#8221;|||&#8221;][et_pb_text _builder_version=&#8221;4.16&#8243; global_colors_info=&#8221;{}&#8221;]<\/p>\n<h3 id=\"h14sjjnbbygn1742q86j7ldzv3vlpuo\">Merry Christmas and another New Year !<\/h3>\n<p>I wish all visitors and friends all the best for this and the coming season: health and luck and a good mood for great courage for going on!<\/p>\n<p>Please check out my youtube channel. Some good stuff is coming up since I started my &#8220;homestudio&#8221; enforced by corona&#8230;;-)<\/p>\n<p>Right now: Three nuts for Cinderella, music from the christmas movie composed by Karel Svoboda <a href=\"https:\/\/youtu.be\/r8ezr7jOncE\">https:\/\/youtu.be\/r8ezr7jOncE<\/a><\/p>\n<p>Music from another wonderful movie is coing soon&#8230;<\/p>\n<p>&nbsp;<\/p>\n<p>&nbsp;<\/p>\n<p>[\/et_pb_text][\/et_pb_column][\/et_pb_row][\/et_pb_section][et_pb_section fb_built=&#8221;1&#8243; _builder_version=&#8221;4.16&#8243; background_color=&#8221;#fffddc&#8221; border_width_top=&#8221;1px&#8221; border_color_top=&#8221;#e7ab37&#8243; global_colors_info=&#8221;{}&#8221;][et_pb_row column_structure=&#8221;1_3,2_3&#8243; _builder_version=&#8221;4.16&#8243; background_size=&#8221;initial&#8221; background_position=&#8221;top_left&#8221; background_repeat=&#8221;repeat&#8221; global_colors_info=&#8221;{}&#8221;][et_pb_column type=&#8221;1_3&#8243; _builder_version=&#8221;4.16&#8243; custom_padding=&#8221;|||&#8221; global_colors_info=&#8221;{}&#8221; custom_padding__hover=&#8221;|||&#8221;][et_pb_text _builder_version=&#8221;4.16&#8243; global_colors_info=&#8221;{}&#8221;]<\/p>\n<h2 style=\"text-align: right;\">September 2020<\/h2>\n<p>[\/et_pb_text][et_pb_image src=&#8221;http:\/\/www.classicalguitar.de\/wp-content\/uploads\/2020\/09\/Asturias_youtube2020.jpg&#8221; url=&#8221;https:\/\/www.youtube.com\/user\/classicalguitarde&#8221; url_new_window=&#8221;on&#8221; align=&#8221;right&#8221; align_tablet=&#8221;center&#8221; align_phone=&#8221;center&#8221; align_last_edited=&#8221;on|desktop&#8221; _builder_version=&#8221;4.16&#8243; max_width_tablet=&#8221;80%&#8221; max_width_phone=&#8221;&#8221; max_width_last_edited=&#8221;on|tablet&#8221; module_alignment=&#8221;right&#8221; custom_margin=&#8221;50px|||&#8221; border_width_all=&#8221;1px&#8221; border_color_all=&#8221;#e7ab37&#8243; global_colors_info=&#8221;{}&#8221;][\/et_pb_image][\/et_pb_column][et_pb_column type=&#8221;2_3&#8243; _builder_version=&#8221;4.16&#8243; custom_padding=&#8221;|||&#8221; global_colors_info=&#8221;{}&#8221; custom_padding__hover=&#8221;|||&#8221;][et_pb_text _builder_version=&#8221;4.16&#8243; global_colors_info=&#8221;{}&#8221;]<\/p>\n<h3 id=\"h14sjjnbbygn1742q86j7ldzv3vlpuo\">Another New Video!<\/h3>\n<p>I am very happy to present my new version of Alb\u00e9niz Asturias in a wonderful cineastic film made by Romin Katzer Nuremberg. He stepped wonderful in my story of the knight riding in Asturia Spain. Please feel invited to my journey via <a href=\"https:\/\/www.youtube.com\/watch?v=Vo1lsKyGI7Q\">youtube .<\/a><\/p>\n<p>&nbsp;<\/p>\n<p>&nbsp;<\/p>\n<p>[\/et_pb_text][\/et_pb_column][\/et_pb_row][\/et_pb_section][et_pb_section fb_built=&#8221;1&#8243; _builder_version=&#8221;4.16&#8243; background_color=&#8221;#fffddc&#8221; border_width_top=&#8221;1px&#8221; border_color_top=&#8221;#e7ab37&#8243; global_colors_info=&#8221;{}&#8221;][et_pb_row column_structure=&#8221;1_3,2_3&#8243; _builder_version=&#8221;4.16&#8243; background_size=&#8221;initial&#8221; background_position=&#8221;top_left&#8221; background_repeat=&#8221;repeat&#8221; global_colors_info=&#8221;{}&#8221;][et_pb_column type=&#8221;1_3&#8243; _builder_version=&#8221;4.16&#8243; custom_padding=&#8221;|||&#8221; global_colors_info=&#8221;{}&#8221; custom_padding__hover=&#8221;|||&#8221;][et_pb_text _builder_version=&#8221;4.16&#8243; global_colors_info=&#8221;{}&#8221;]<\/p>\n<h2 style=\"text-align: right;\">March 2020<\/h2>\n<p>[\/et_pb_text][et_pb_image src=&#8221;http:\/\/www.classicalguitar.de\/wp-content\/uploads\/2020\/03\/youtube-Tutorial-E1.jpg&#8221; url=&#8221;https:\/\/www.youtube.com\/user\/classicalguitarde&#8221; url_new_window=&#8221;on&#8221; align=&#8221;right&#8221; align_tablet=&#8221;center&#8221; align_phone=&#8221;center&#8221; align_last_edited=&#8221;on|desktop&#8221; _builder_version=&#8221;4.16&#8243; max_width_tablet=&#8221;80%&#8221; max_width_phone=&#8221;&#8221; max_width_last_edited=&#8221;on|tablet&#8221; module_alignment=&#8221;right&#8221; custom_margin=&#8221;50px|||&#8221; border_width_all=&#8221;1px&#8221; border_color_all=&#8221;#e7ab37&#8243; global_colors_info=&#8221;{}&#8221;][\/et_pb_image][\/et_pb_column][et_pb_column type=&#8221;2_3&#8243; _builder_version=&#8221;4.16&#8243; custom_padding=&#8221;|||&#8221; global_colors_info=&#8221;{}&#8221; custom_padding__hover=&#8221;|||&#8221;][et_pb_text _builder_version=&#8221;4.16&#8243; global_colors_info=&#8221;{}&#8221;]<\/p>\n<h3 id=\"h14sjjnbbygn1742q86j7ldzv3vlpuo\">New Videos on my YouTube Channel!<\/h3>\n<p>I hope you all are well! Concerts are so far all canceled due to Virus. We&#8217;ll find out when there is a normal life again.<\/p>\n<p>In the meantime I produced several videos, also Tutorials how to play guitar. So far in german, but there are coming more, also concert videos.<\/p>\n<p>Please feel free to visit my channel <a href=\"https:\/\/www.youtube.com\/user\/classicalguitarde\">https:\/\/www.youtube.com\/user\/classicalguitarde<\/a><\/p>\n<p>So stay healthy all and enjoy guitar music, my passion, which I like to share!<\/p>\n<p>&nbsp;<\/p>\n<p>[\/et_pb_text][\/et_pb_column][\/et_pb_row][\/et_pb_section][et_pb_section fb_built=&#8221;1&#8243; _builder_version=&#8221;4.16&#8243; background_color=&#8221;#fffddc&#8221; border_width_top=&#8221;1px&#8221; border_color_top=&#8221;#e7ab37&#8243; global_colors_info=&#8221;{}&#8221;][et_pb_row column_structure=&#8221;1_3,2_3&#8243; _builder_version=&#8221;4.16&#8243; background_size=&#8221;initial&#8221; background_position=&#8221;top_left&#8221; background_repeat=&#8221;repeat&#8221; global_colors_info=&#8221;{}&#8221;][et_pb_column type=&#8221;1_3&#8243; _builder_version=&#8221;4.16&#8243; custom_padding=&#8221;|||&#8221; global_colors_info=&#8221;{}&#8221; custom_padding__hover=&#8221;|||&#8221;][et_pb_text _builder_version=&#8221;4.16&#8243; global_colors_info=&#8221;{}&#8221;]<\/p>\n<h2 style=\"text-align: right;\">June 2019<\/h2>\n<p>[\/et_pb_text][et_pb_image src=&#8221;http:\/\/www.classicalguitar.de\/wp-content\/uploads\/2019\/06\/Titel-2-neu.jpg&#8221; align=&#8221;right&#8221; align_tablet=&#8221;center&#8221; align_phone=&#8221;center&#8221; align_last_edited=&#8221;on|desktop&#8221; _builder_version=&#8221;4.16&#8243; max_width_tablet=&#8221;80%&#8221; max_width_phone=&#8221;&#8221; max_width_last_edited=&#8221;on|tablet&#8221; module_alignment=&#8221;right&#8221; custom_margin=&#8221;50px|||&#8221; border_width_all=&#8221;1px&#8221; border_color_all=&#8221;#e7ab37&#8243; global_colors_info=&#8221;{}&#8221;][\/et_pb_image][\/et_pb_column][et_pb_column type=&#8221;2_3&#8243; _builder_version=&#8221;4.16&#8243; custom_padding=&#8221;|||&#8221; global_colors_info=&#8221;{}&#8221; custom_padding__hover=&#8221;|||&#8221;][et_pb_text _builder_version=&#8221;4.16&#8243; global_colors_info=&#8221;{}&#8221;]<\/p>\n<h3 id=\"h14sjjnbbygn1742q86j7ldzv3vlpuo\">Die sch\u00f6ne M\u00fcllerin<\/h3>\n<p>After our very successful &#8220;Winterreise&#8221;, we, Tilman Lichdi, tenor, and me, Klaus J\u00e4ckle are proud to release also the other great song cycle by Franz Schubert: &#8220;Die sch\u00f6ne M\u00fcllerin&#8221; ! Again in my own arrangement!<\/p>\n<p>I am very happy about our wonderful recording which we did like the last time at scb-music studio near Heilbronn. The CD is available directly from us, just send us an e-mail!<\/p>\n<p style=\"margin-bottom: 0cm;\">&#8220;Mr. <em>J\u00e4ckles intelligent version with guitar reveals much unassumable characters, which are not available in the Piano, his virtuosity gives us a new insight to this long known songs. And the vocalist proves one more time, which immense sperctre of colours he is able to use, to give those seem to be harmless-beautyful songs an enormous tense and development of poetry<\/em>.&#8221; (Heilbronner Stimme 15.7.2018)<\/p>\n<p>&nbsp;<\/p>\n<p>[\/et_pb_text][\/et_pb_column][\/et_pb_row][\/et_pb_section][et_pb_section fb_built=&#8221;1&#8243; _builder_version=&#8221;4.16&#8243; background_color=&#8221;#fffddc&#8221; border_width_top=&#8221;1px&#8221; border_color_top=&#8221;#e7ab37&#8243; global_colors_info=&#8221;{}&#8221;][et_pb_row column_structure=&#8221;1_3,2_3&#8243; _builder_version=&#8221;4.16&#8243; background_size=&#8221;initial&#8221; background_position=&#8221;top_left&#8221; background_repeat=&#8221;repeat&#8221; global_colors_info=&#8221;{}&#8221;][et_pb_column type=&#8221;1_3&#8243; _builder_version=&#8221;4.16&#8243; custom_padding=&#8221;|||&#8221; global_colors_info=&#8221;{}&#8221; custom_padding__hover=&#8221;|||&#8221;][et_pb_text _builder_version=&#8221;4.16&#8243; global_colors_info=&#8221;{}&#8221;]<\/p>\n<h2 style=\"text-align: right;\">April 2019<\/h2>\n<p>[\/et_pb_text][et_pb_image src=&#8221;http:\/\/www.classicalguitar.de\/wp-content\/uploads\/2019\/04\/IMG_20190421_164854.jpg&#8221; align=&#8221;right&#8221; align_tablet=&#8221;center&#8221; align_phone=&#8221;center&#8221; align_last_edited=&#8221;on|desktop&#8221; _builder_version=&#8221;4.16&#8243; max_width_tablet=&#8221;80%&#8221; max_width_phone=&#8221;&#8221; max_width_last_edited=&#8221;on|tablet&#8221; module_alignment=&#8221;right&#8221; custom_margin=&#8221;50px|||&#8221; border_width_all=&#8221;1px&#8221; border_color_all=&#8221;#e7ab37&#8243; global_colors_info=&#8221;{}&#8221;][\/et_pb_image][et_pb_image src=&#8221;http:\/\/www.classicalguitar.de\/wp-content\/uploads\/2019\/04\/IMG-20190424-WA0003.jpg&#8221; align=&#8221;right&#8221; align_tablet=&#8221;center&#8221; align_phone=&#8221;center&#8221; align_last_edited=&#8221;on|desktop&#8221; _builder_version=&#8221;4.16&#8243; max_width=&#8221;64%&#8221; max_width_tablet=&#8221;80%&#8221; max_width_phone=&#8221;&#8221; max_width_last_edited=&#8221;on|tablet&#8221; module_alignment=&#8221;right&#8221; custom_margin=&#8221;50px|||&#8221; border_width_all=&#8221;1px&#8221; border_color_all=&#8221;#e7ab37&#8243; global_colors_info=&#8221;{}&#8221;][\/et_pb_image][\/et_pb_column][et_pb_column type=&#8221;2_3&#8243; _builder_version=&#8221;4.16&#8243; custom_padding=&#8221;|||&#8221; global_colors_info=&#8221;{}&#8221; custom_padding__hover=&#8221;|||&#8221;][et_pb_text _builder_version=&#8221;4.16&#8243; global_colors_info=&#8221;{}&#8221;]<\/p>\n<h3 id=\"h14sjjnbbygn1742q86j7ldzv3vlpuo\">The breath of Love<\/h3>\n<p>Full of impressions and sounds from out tour in Slovenia on Easter with Irena Grafenauer, flute, Mate Bekavac, clarinet and wooden flutes, Mairead Hickey, Vl, Angelina Bozena, Vl, Gea Pantner, Vla, Jaka Stadler, Vcl, Jost Lampret, Kb, Mia Scrbinac, recitation, Per Rundberg, Piano.<\/p>\n<p>A history of Flute in music and lyrics by Debussy, Messiaen, Bizet, Bach, Mozart, Matija Krecic (UA), Tadic, Miyagi, u.a.<\/p>\n<p>&nbsp;<\/p>\n<p>[\/et_pb_text][\/et_pb_column][\/et_pb_row][\/et_pb_section][et_pb_section fb_built=&#8221;1&#8243; _builder_version=&#8221;4.16&#8243; background_color=&#8221;#fffddc&#8221; border_width_top=&#8221;1px&#8221; border_color_top=&#8221;#e7ab37&#8243; global_colors_info=&#8221;{}&#8221;][et_pb_row column_structure=&#8221;1_3,2_3&#8243; _builder_version=&#8221;4.16&#8243; background_size=&#8221;initial&#8221; background_position=&#8221;top_left&#8221; background_repeat=&#8221;repeat&#8221; global_colors_info=&#8221;{}&#8221;][et_pb_column type=&#8221;1_3&#8243; _builder_version=&#8221;4.16&#8243; custom_padding=&#8221;|||&#8221; global_colors_info=&#8221;{}&#8221; custom_padding__hover=&#8221;|||&#8221;][et_pb_text _builder_version=&#8221;4.16&#8243; global_colors_info=&#8221;{}&#8221;]<\/p>\n<h2 style=\"text-align: right;\">Februar 2019<\/h2>\n<p>[\/et_pb_text][et_pb_image src=&#8221;http:\/\/www.classicalguitar.de\/wp-content\/uploads\/2019\/02\/winterreise-2019.jpg&#8221; align=&#8221;right&#8221; align_tablet=&#8221;center&#8221; align_phone=&#8221;center&#8221; align_last_edited=&#8221;on|desktop&#8221; _builder_version=&#8221;4.16&#8243; max_width_tablet=&#8221;80%&#8221; max_width_phone=&#8221;&#8221; max_width_last_edited=&#8221;on|tablet&#8221; module_alignment=&#8221;right&#8221; custom_margin=&#8221;50px|||&#8221; border_width_all=&#8221;1px&#8221; border_color_all=&#8221;#e7ab37&#8243; global_colors_info=&#8221;{}&#8221;][\/et_pb_image][\/et_pb_column][et_pb_column type=&#8221;2_3&#8243; _builder_version=&#8221;4.16&#8243; custom_padding=&#8221;|||&#8221; global_colors_info=&#8221;{}&#8221; custom_padding__hover=&#8221;|||&#8221;][et_pb_text _builder_version=&#8221;4.16&#8243; global_colors_info=&#8221;{}&#8221;]<\/p>\n<h3 id=\"h14sjjnbbygn1742q86j7ldzv3vlpuo\">Franz Schubert: Winterreise (4.2.2019)<\/h3>\n<p>Nach krankheitsbedingten Gitarre-Solokonzerten in H\u00f6chstadt <a href=\"http:\/\/www.classicalguitar.de\/downloads\/hoechstadt.jpg\" target=\"_blank\" rel=\"noopener noreferrer\">(Kritik)<\/a> und M\u00fcnchen geht die Winterreise weiter: Meran, Brixen, am 17.2. H\u00f6chstadt\/Aisch Nachholtermin und das Wochenende 23.-24.2. bei St. Goar. Details unter Termine!! Ich hoffe, wir sehen uns bei einem der Konzerte! \u00a0 (hier vor dem Kurhaus Meran)<\/p>\n<p>28.2.2019: Gerade habe ich Video und Kritik aus Meran hochgeladen!<\/p>\n<p>&#8220;Ein au\u00dfergew\u00f6hnliches Ereignis der Liedinterpretation, die ihresgleichen nicht zu \u00fcbertreffen ist.&#8221; <a href=\"http:\/\/www.classicalguitar.de\/downloads\/Winterreise_Dolomiten_25_2_19.pdf\" target=\"_blank\" rel=\"noopener noreferrer\"><em>Dolomiten<\/em><\/a>[\/et_pb_text][\/et_pb_column][\/et_pb_row][\/et_pb_section][et_pb_section fb_built=&#8221;1&#8243; _builder_version=&#8221;4.16&#8243; background_color=&#8221;#fffddc&#8221; border_width_top=&#8221;1px&#8221; border_color_top=&#8221;#e7ab37&#8243; global_colors_info=&#8221;{}&#8221;][et_pb_row column_structure=&#8221;1_3,2_3&#8243; _builder_version=&#8221;4.16&#8243; background_size=&#8221;initial&#8221; background_position=&#8221;top_left&#8221; background_repeat=&#8221;repeat&#8221; global_colors_info=&#8221;{}&#8221;][et_pb_column type=&#8221;1_3&#8243; _builder_version=&#8221;4.16&#8243; custom_padding=&#8221;|||&#8221; global_colors_info=&#8221;{}&#8221; custom_padding__hover=&#8221;|||&#8221;][et_pb_text _builder_version=&#8221;4.16&#8243; global_colors_info=&#8221;{}&#8221;]<\/p>\n<h2 style=\"text-align: right;\">Juni 2018<\/h2>\n<p>[\/et_pb_text][et_pb_image src=&#8221;http:\/\/www.classicalguitar.de\/wp-content\/uploads\/2019\/02\/DSC5252_bearb_web250.jpg&#8221; align=&#8221;right&#8221; align_tablet=&#8221;center&#8221; align_phone=&#8221;center&#8221; align_last_edited=&#8221;on|desktop&#8221; _builder_version=&#8221;4.16&#8243; max_width_tablet=&#8221;80%&#8221; max_width_phone=&#8221;&#8221; max_width_last_edited=&#8221;on|tablet&#8221; module_alignment=&#8221;right&#8221; custom_margin=&#8221;50px|||&#8221; border_width_all=&#8221;1px&#8221; border_color_all=&#8221;#e7ab37&#8243; global_colors_info=&#8221;{}&#8221;][\/et_pb_image][\/et_pb_column][et_pb_column type=&#8221;2_3&#8243; _builder_version=&#8221;4.16&#8243; custom_padding=&#8221;|||&#8221; global_colors_info=&#8221;{}&#8221; custom_padding__hover=&#8221;|||&#8221;][et_pb_text _builder_version=&#8221;4.16&#8243; global_colors_info=&#8221;{}&#8221;]<\/p>\n<h3 id=\"h14sjjnbbygn1742q86j7ldzv3vlpuo\">Franz Schubert: Die sch\u00f6ne M\u00fcllerin (22.06.2018)<\/h3>\n<p>Sonntag, 1.7.2018 ist Premiere in M\u00f6rsach! Nach der sehr erfolgreichen Winterreise jetzt die \u00bbSommervariante\u00ab: Die sch\u00f6ne M\u00fcllerin wieder mit Tilman Lichdi, Tenor und Klaus J\u00e4ckle, Gitarre. <strong><a href=\"Termine\">Weitere Termine in Erlangen, Bamberg, N\u00fcrnberg, Schwaigern, Baden-Baden und R\u00fcckersdorf &gt;&gt;<\/a><\/strong> Anschlie\u00dfend gehen wir wieder ins Studio und nehmen eine CD auf. Ich hoffe, wir sehen uns bei einem der Konzerte![\/et_pb_text][\/et_pb_column][\/et_pb_row][\/et_pb_section][et_pb_section fb_built=&#8221;1&#8243; _builder_version=&#8221;4.16&#8243; background_color=&#8221;#fffddc&#8221; border_width_top=&#8221;1px&#8221; border_color_top=&#8221;#e7ab37&#8243; global_colors_info=&#8221;{}&#8221;][et_pb_row column_structure=&#8221;1_3,2_3&#8243; _builder_version=&#8221;4.16&#8243; background_size=&#8221;initial&#8221; background_position=&#8221;top_left&#8221; background_repeat=&#8221;repeat&#8221; global_colors_info=&#8221;{}&#8221;][et_pb_column type=&#8221;1_3&#8243; _builder_version=&#8221;4.16&#8243; custom_padding=&#8221;|||&#8221; global_colors_info=&#8221;{}&#8221; custom_padding__hover=&#8221;|||&#8221;][et_pb_text _builder_version=&#8221;4.16&#8243; global_colors_info=&#8221;{}&#8221;]<\/p>\n<h2 style=\"text-align: right;\">Mai 2018<\/h2>\n<p>[\/et_pb_text][et_pb_image src=&#8221;http:\/\/www.classicalguitar.de\/wp-content\/uploads\/2018\/07\/KlausJaeckle2010a-250.jpg&#8221; align=&#8221;right&#8221; align_tablet=&#8221;center&#8221; align_phone=&#8221;center&#8221; align_last_edited=&#8221;on|desktop&#8221; _builder_version=&#8221;4.16&#8243; max_width_tablet=&#8221;80%&#8221; max_width_phone=&#8221;&#8221; max_width_last_edited=&#8221;on|tablet&#8221; module_alignment=&#8221;right&#8221; custom_margin=&#8221;50px|||&#8221; border_width_all=&#8221;1px&#8221; border_color_all=&#8221;#e7ab37&#8243; global_colors_info=&#8221;{}&#8221;][\/et_pb_image][\/et_pb_column][et_pb_column type=&#8221;2_3&#8243; _builder_version=&#8221;4.16&#8243; custom_padding=&#8221;|||&#8221; global_colors_info=&#8221;{}&#8221; custom_padding__hover=&#8221;|||&#8221;][et_pb_text _builder_version=&#8221;4.16&#8243; global_colors_info=&#8221;{}&#8221;]<\/p>\n<h3 id=\"h14sjjnbbygn1742q86j7ldzv3vlpuo\">Termine aktualisiert!<\/h3>\n<p><a href=\"Termine\"><strong>Neue aktuelle Termine bis Ende 2018 &gt;&gt;<\/strong><\/a> <strong>Vorschau: Tournee \u00bbWinterreise\u00ab mit Tilman Lichdi im<\/strong> <strong>Februar 2019<\/strong> 02 H\u00f6chstadt\/Aisch 03 M\u00fcnchen, Gasteig 07 Haan-Gruiten 08 Heilbronn 09 N\u00fcrnberg 12 I-Meran 13 I-Brixen Details in K\u00fcrze&#8230;[\/et_pb_text][\/et_pb_column][\/et_pb_row][\/et_pb_section][et_pb_section fb_built=&#8221;1&#8243; _builder_version=&#8221;4.16&#8243; background_color=&#8221;#fffddc&#8221; border_width_top=&#8221;1px&#8221; border_color_top=&#8221;#e7ab37&#8243; global_colors_info=&#8221;{}&#8221;][et_pb_row column_structure=&#8221;1_3,2_3&#8243; _builder_version=&#8221;4.16&#8243; background_size=&#8221;initial&#8221; background_position=&#8221;top_left&#8221; background_repeat=&#8221;repeat&#8221; global_colors_info=&#8221;{}&#8221;][et_pb_column type=&#8221;1_3&#8243; _builder_version=&#8221;4.16&#8243; custom_padding=&#8221;|||&#8221; global_colors_info=&#8221;{}&#8221; custom_padding__hover=&#8221;|||&#8221;][et_pb_text _builder_version=&#8221;4.16&#8243; global_colors_info=&#8221;{}&#8221;]<\/p>\n<h2 style=\"text-align: right;\">Januar 2018<\/h2>\n<p>[\/et_pb_text][et_pb_image src=&#8221;http:\/\/www.classicalguitar.de\/wp-content\/uploads\/2018\/07\/01_Winterreise-250.jpg&#8221; align=&#8221;right&#8221; align_tablet=&#8221;center&#8221; align_phone=&#8221;center&#8221; align_last_edited=&#8221;on|desktop&#8221; _builder_version=&#8221;4.16&#8243; max_width_tablet=&#8221;80%&#8221; max_width_phone=&#8221;100%&#8221; max_width_last_edited=&#8221;on|desktop&#8221; module_alignment=&#8221;right&#8221; custom_margin=&#8221;50px|||&#8221; border_width_all=&#8221;1px&#8221; border_color_all=&#8221;#e09900&#8243; global_colors_info=&#8221;{}&#8221;][\/et_pb_image][\/et_pb_column][et_pb_column type=&#8221;2_3&#8243; _builder_version=&#8221;4.16&#8243; custom_padding=&#8221;|||&#8221; global_colors_info=&#8221;{}&#8221; custom_padding__hover=&#8221;|||&#8221;][et_pb_text _builder_version=&#8221;4.16&#8243; global_colors_info=&#8221;{}&#8221;]<\/p>\n<h3>Neujahr und Winterreise (06.01.2018)<\/h3>\n<p><strong>Allen Besuchern w\u00fcnsche ich ein gutes Neues Jahr!<\/strong> Besser h\u00e4tte es gar nicht anfangen k\u00f6nnen, als mit einer euphorischen Empfehlung unserer CD Winterreise auf \u00bbKlassik Heute\u00ab, kurz bevor die Tournee los geht: <strong>Klassik Heute Empfehlung!<\/strong> <em>Was f\u00fcr eine herrlich leichte und unangestrengte Tenorstimme! Was f\u00fcr ein angenehmes Timbre mit angenehm wenigem Vibrato! Was f\u00fcr m\u00fchelose H\u00f6hen auch bei unangenehm zu singenden Vokalen wie \u201eu\u201c! Was f\u00fcr eine Klarheit, Reinheit und Helle! Was f\u00fcr eine perfekte Voix mixte! Was f\u00fcr eine genaue Artikulation! Was f\u00fcr genau gestanzte Verzierungen! Was f\u00fcr ein klingendes Piano! Tilman Lichdi hat wohl eine der sch\u00f6nsten Tenorstimmen der jetzigen Zeit. Die ist f\u00fcr Schuberts Lieder und auch dessen Winterreise eigentlich wie geschaffen&#8230;.<\/em> <em>Genau dazu passt die Version auf dieser CD mit einer Gitarrenbegleitung statt eines Klaviers. Das passt genau zum Wanderburschen-Image. Und man h\u00f6rt voller Staunen, wie gut diese Adaption ist. An manchen Stellen klingt die Schubert\u2018sche Klavierbegleitung eh an eine Gitarre an. Klaus J\u00e4ckle gelingt das Kunstst\u00fcck, nicht nur die Klavierbegleitung notengenau auf die Gitarre zu \u00fcbertragen, sondern manchmal sogar pr\u00e4zisere Wirkungen zu erzielen. So zelebriert J\u00e4ckle geradezu jeweils \u00dcberg\u00e4nge von Moll zu Dur und umgekehrt. So realisiert J\u00e4ckle mit der Gitarre genau Schuberts Vortragszeichen, die so manche Klavierbegleiter immer ins Schnelle \u00fcbersehen. Die Staccati in Auf dem Flusse wirken gezupft doppelt staccatohaft, das Lockende der Triolen im verlockenden Irrlicht kommt deutlich heraus, das Kr\u00e4hen der H\u00e4hne im Fr\u00fchlingstraum wirkt klirrend kalt und sch\u00f6n betonte J\u00e4ckle hier die Basslinien. Das Tr\u00fcbe der Wolke in Einsamkeit steckt schon im trostlos-harten Gezupfe drin&#8230;.(Rainer W. Janka)<\/em> <strong>klassik heute 5.1.2018<\/strong>[\/et_pb_text][\/et_pb_column][\/et_pb_row][\/et_pb_section][et_pb_section fb_built=&#8221;1&#8243; _builder_version=&#8221;4.16&#8243; background_color=&#8221;#fffddc&#8221; border_width_top=&#8221;1px&#8221; border_color_top=&#8221;#e7ab37&#8243; global_colors_info=&#8221;{}&#8221;][et_pb_row column_structure=&#8221;1_3,2_3&#8243; _builder_version=&#8221;4.16&#8243; background_size=&#8221;initial&#8221; background_position=&#8221;top_left&#8221; background_repeat=&#8221;repeat&#8221; global_colors_info=&#8221;{}&#8221;][et_pb_column type=&#8221;1_3&#8243; _builder_version=&#8221;4.16&#8243; custom_padding=&#8221;|||&#8221; global_colors_info=&#8221;{}&#8221; custom_padding__hover=&#8221;|||&#8221;][et_pb_text _builder_version=&#8221;4.16&#8243; inline_fonts=&#8221;Acme&#8221; global_colors_info=&#8221;{}&#8221;]<\/p>\n<h2 style=\"text-align: right;\">November 2017<\/h2>\n<p>[\/et_pb_text][et_pb_image src=&#8221;http:\/\/www.classicalguitar.de\/wp-content\/uploads\/2018\/07\/Ko\u0308then-250.jpg&#8221; align=&#8221;right&#8221; align_tablet=&#8221;center&#8221; align_phone=&#8221;center&#8221; align_last_edited=&#8221;on|desktop&#8221; _builder_version=&#8221;4.16&#8243; max_width_tablet=&#8221;80%&#8221; max_width_phone=&#8221;&#8221; max_width_last_edited=&#8221;on|tablet&#8221; module_alignment=&#8221;right&#8221; custom_margin=&#8221;50px|||&#8221; border_width_all=&#8221;1px&#8221; border_color_all=&#8221;#e09900&#8243; global_colors_info=&#8221;{}&#8221;][\/et_pb_image][\/et_pb_column][et_pb_column type=&#8221;2_3&#8243; _builder_version=&#8221;4.16&#8243; custom_padding=&#8221;|||&#8221; global_colors_info=&#8221;{}&#8221; custom_padding__hover=&#8221;|||&#8221;][et_pb_text _builder_version=&#8221;4.16&#8243; global_colors_info=&#8221;{}&#8221;]<\/p>\n<h3>Weihnachskonzerte und Winterreise (27.11.2017)<\/h3>\n<p>Vom 5. bis 19. Dezember hei\u00dft es wieder &#8220;Weihnachten mit Marshall&amp;Alexander&#8221; in den sch\u00f6nsten Kirchen quer durch Deutschland! Ich freue mich darauf! Und winterlich schaurig, aber doch so tr\u00f6stlich durch die wunderbare Musik wird es wieder im Januar, mit Schuberts Winterreise. Zusammen mit Tilman Lichdi, Tenor, spielen wir wieder unsere besondere Fassung mit Gitarre in unterschiedlichen Orten. Die CD \u00bbWinterreise\u00ab ist \u00fcbrigens ab 1.12. offiziell im Onlinehandel erh\u00e4ltlich, oder direkt bei Lichdi Records. Das ideale Weihnachtsgeschenk f\u00fcr den Musikliebhaber! Alle Termine finden Sie unter der entsprechenden Rubrik. Tickets \u00fcber reservix direkt beim Termin.[\/et_pb_text][\/et_pb_column][\/et_pb_row][\/et_pb_section]<\/p>\n","protected":false},"excerpt":{"rendered":"<p>January 2026Prosit New Year! &nbsp; A lot of great things happened last year: 5 times Concierto de Aranjuez in Stuttgart, W\u00fcrzburg, Lohr am Main, Otello at the Stuttgart Opera House, concerts in Nuremberg, the Niederrhein Music Festival&#8230; For more dates please always check the Dates. This year coming up several recordings: works by Catherine Pratten [&hellip;]<\/p>\n","protected":false},"author":1,"featured_media":0,"parent":0,"menu_order":0,"comment_status":"closed","ping_status":"closed","template":"","meta":{"_et_pb_use_builder":"on","_et_pb_old_content":"","_et_gb_content_width":"","footnotes":""},"_links":{"self":[{"href":"https:\/\/www.classicalguitar.de\/en\/wp-json\/wp\/v2\/pages\/1574"}],"collection":[{"href":"https:\/\/www.classicalguitar.de\/en\/wp-json\/wp\/v2\/pages"}],"about":[{"href":"https:\/\/www.classicalguitar.de\/en\/wp-json\/wp\/v2\/types\/page"}],"author":[{"embeddable":true,"href":"https:\/\/www.classicalguitar.de\/en\/wp-json\/wp\/v2\/users\/1"}],"replies":[{"embeddable":true,"href":"https:\/\/www.classicalguitar.de\/en\/wp-json\/wp\/v2\/comments?post=1574"}],"version-history":[{"count":22,"href":"https:\/\/www.classicalguitar.de\/en\/wp-json\/wp\/v2\/pages\/1574\/revisions"}],"predecessor-version":[{"id":2595,"href":"https:\/\/www.classicalguitar.de\/en\/wp-json\/wp\/v2\/pages\/1574\/revisions\/2595"}],"wp:attachment":[{"href":"https:\/\/www.classicalguitar.de\/en\/wp-json\/wp\/v2\/media?parent=1574"}],"curies":[{"name":"wp","href":"https:\/\/api.w.org\/{rel}","templated":true}]}}