{"id":1598,"date":"2019-06-05T14:23:54","date_gmt":"2019-06-05T12:23:54","guid":{"rendered":"http:\/\/www.classicalguitar.de\/?page_id=1598"},"modified":"2023-04-24T22:11:36","modified_gmt":"2023-04-24T20:11:36","slug":"cds","status":"publish","type":"page","link":"https:\/\/www.classicalguitar.de\/en\/music\/cds\/","title":{"rendered":"CDs"},"content":{"rendered":"<p>[et_pb_section fb_built=&#8221;1&#8243; _builder_version=&#8221;4.16&#8243; background_color=&#8221;#fffddc&#8221; border_color_top=&#8221;#e7ab37&#8243; border_width_bottom=&#8221;1px&#8221; border_color_bottom=&#8221;#e09900&#8243; global_colors_info=&#8221;{}&#8221;][et_pb_row _builder_version=&#8221;4.16&#8243; background_size=&#8221;initial&#8221; background_position=&#8221;top_left&#8221; background_repeat=&#8221;repeat&#8221; global_colors_info=&#8221;{}&#8221; column_structure=&#8221;1_3,2_3&#8243;][et_pb_column type=&#8221;1_3&#8243; _builder_version=&#8221;4.16&#8243; custom_padding=&#8221;|||&#8221; global_colors_info=&#8221;{}&#8221; custom_padding__hover=&#8221;|||&#8221;][et_pb_image src=&#8221;http:\/\/www.classicalguitar.de\/wp-content\/uploads\/2022\/01\/CD_Rembetiko_neu2.jpg&#8221; align=&#8221;right&#8221; align_tablet=&#8221;center&#8221; align_last_edited=&#8221;on|desktop&#8221; _builder_version=&#8221;4.16&#8243; max_width_tablet=&#8221;100%&#8221; max_width_phone=&#8221;100%&#8221; max_width_last_edited=&#8221;on|phone&#8221; module_alignment=&#8221;right&#8221; custom_margin=&#8221;|||&#8221; border_width_all=&#8221;1px&#8221; border_color_all=&#8221;#e7ab37&#8243; global_colors_info=&#8221;{}&#8221; align_phone=&#8221;center&#8221;][\/et_pb_image][\/et_pb_column][et_pb_column type=&#8221;2_3&#8243; _builder_version=&#8221;4.16&#8243; custom_padding=&#8221;|||&#8221; global_colors_info=&#8221;{}&#8221; custom_padding__hover=&#8221;|||&#8221;][et_pb_text _builder_version=&#8221;4.16&#8243; custom_margin=&#8221;|||20px&#8221; global_colors_info=&#8221;{}&#8221;]<\/p>\n<h3 id=\"h14sjjnbbygn1742q86j7ldzv3vlpuo\">Between Rembetiko and Modernism<\/h3>\n<p>CD edition 49 \/ Ebertsch 2020<\/p>\n<p><b>Stefan Ebertsch<\/b> 30 miniatures for guitar solo<\/p>\n<p><strong>Klaus J\u00e4ckle<\/strong> guitar<\/p>\n<p>[\/et_pb_text][et_pb_accordion open_toggle_text_color=&#8221;#e7ab37&#8243; closed_toggle_text_color=&#8221;#e7ab37&#8243; _builder_version=&#8221;4.16&#8243; toggle_font=&#8221;||||||||&#8221; body_font=&#8221;||||||||&#8221; body_text_align=&#8221;left&#8221; body_text_color=&#8221;#000000&#8243; max_width_tablet=&#8221;&#8221; max_width_phone=&#8221;&#8221; max_width_last_edited=&#8221;on|tablet&#8221; hover_enabled=&#8221;0&#8243; border_color_all=&#8221;#f5d6a0&#8243; global_colors_info=&#8221;{}&#8221; sticky_enabled=&#8221;0&#8243;][et_pb_accordion_item title=&#8221;Listen and Order&#8221; open=&#8221;on&#8221; icon_color=&#8221;#e7ab37&#8243; _builder_version=&#8221;4.16&#8243; background_color=&#8221;#fffddc&#8221; custom_margin=&#8221;|||&#8221; border_radii=&#8221;on|5px|5px|5px|5px&#8221; global_colors_info=&#8221;{}&#8221;]<a href=\"https:\/\/stefan-ebertsch.de\/discography\/between-rebetiko-and-modern-age\/\" target=\"_blank\" rel=\"noopener noreferrer\">At Stefan Ebertsch &gt;&gt;<\/a>[\/et_pb_accordion_item][et_pb_accordion_item title=&#8221;Reviews&#8221; icon_color=&#8221;#e7ab37&#8243; _builder_version=&#8221;4.16&#8243; background_color=&#8221;#fffddc&#8221; custom_margin=&#8221;-10px|||&#8221; border_radii=&#8221;on|5px|5px|5px|5px&#8221; global_colors_info=&#8221;{}&#8221; open=&#8221;off&#8221;]<\/p>\n<p><em>\u201cThe miniatures are very refreshing and open up completely new sound architectures. They are particularly suitable for young musicians who want to open up new dimensions of sound.\u201d<br \/> <\/em><strong>Johannes Monno (Professor of Guitar at the University of Music and Performing Arts in Stuttgart)<\/strong><\/p>\n<p>&nbsp;<\/p>\n<p><em>\u201cYour rebetiko cycle has a special, intense vibrancy.\u201d<br \/> <\/em><strong>Heinrich Hartl, composer<\/strong><\/p>\n<p>&nbsp;<\/p>\n<p><em>[..] The Nuremberg guitarist and composer has engaged intensively in Greek music and presents \u201c30 moderately difficult miniatures\u201d for guitar, which emancipate themselves from attractive free adaptations of rebetiko towards jazz and co. And ensure partly for new auditory impressions [..] Klaus J\u00e4ckle recorded the pieces sensitively for guitar [..]<br \/> <\/em><strong>German print magazine Akustik-Gitarre Oct\/Nov 2020<\/strong><\/p>\n<p>[\/et_pb_accordion_item][\/et_pb_accordion][\/et_pb_column][\/et_pb_row][\/et_pb_section][et_pb_section fb_built=&#8221;1&#8243; _builder_version=&#8221;4.16&#8243; background_color=&#8221;#fffddc&#8221; border_color_top=&#8221;#e7ab37&#8243; border_width_bottom=&#8221;1px&#8221; border_color_bottom=&#8221;#e09900&#8243; global_colors_info=&#8221;{}&#8221;][et_pb_row _builder_version=&#8221;4.16&#8243; background_size=&#8221;initial&#8221; background_position=&#8221;top_left&#8221; background_repeat=&#8221;repeat&#8221; global_colors_info=&#8221;{}&#8221; column_structure=&#8221;1_3,2_3&#8243;][et_pb_column type=&#8221;1_3&#8243; _builder_version=&#8221;4.16&#8243; custom_padding=&#8221;|||&#8221; global_colors_info=&#8221;{}&#8221; custom_padding__hover=&#8221;|||&#8221;][et_pb_image src=&#8221;http:\/\/www.classicalguitar.de\/wp-content\/uploads\/2019\/06\/CD_Schoene_Muellerin.jpg&#8221; align=&#8221;right&#8221; align_tablet=&#8221;center&#8221; align_last_edited=&#8221;on|desktop&#8221; _builder_version=&#8221;4.16&#8243; max_width_tablet=&#8221;100%&#8221; max_width_phone=&#8221;100%&#8221; max_width_last_edited=&#8221;on|phone&#8221; module_alignment=&#8221;right&#8221; custom_margin=&#8221;|||&#8221; border_width_all=&#8221;1px&#8221; border_color_all=&#8221;#e7ab37&#8243; global_colors_info=&#8221;{}&#8221; align_phone=&#8221;center&#8221;][\/et_pb_image][\/et_pb_column][et_pb_column type=&#8221;2_3&#8243; _builder_version=&#8221;4.16&#8243; custom_padding=&#8221;|||&#8221; global_colors_info=&#8221;{}&#8221; custom_padding__hover=&#8221;|||&#8221;][et_pb_text _builder_version=&#8221;4.16&#8243; custom_margin=&#8221;|||20px&#8221; global_colors_info=&#8221;{}&#8221;]<\/p>\n<h3 id=\"h14sjjnbbygn1742q86j7ldzv3vlpuo\">M\u00fcllerin<\/h3>\n<p>CD Lichdi Records 2019<\/p>\n<p><b>Franz Schubert<\/b> Die sch\u00f6ne M\u00fcllerin op. 25 D 795<\/p>\n<p>Fassung f\u00fcr Gitarre von Klaus J\u00e4ckle<\/p>\n<p><strong><b>Tilman Lichdi<\/b> <\/strong>Tenor<strong><br \/>\nKlaus J\u00e4ckle<\/strong> Gitarre<br \/>\n[\/et_pb_text][et_pb_accordion open_toggle_text_color=&#8221;#e7ab37&#8243; closed_toggle_text_color=&#8221;#e7ab37&#8243; _builder_version=&#8221;4.19.5&#8243; toggle_font=&#8221;||||||||&#8221; body_font=&#8221;||||||||&#8221; body_text_align=&#8221;left&#8221; body_text_color=&#8221;#000000&#8243; max_width_tablet=&#8221;&#8221; max_width_phone=&#8221;&#8221; max_width_last_edited=&#8221;on|tablet&#8221; hover_enabled=&#8221;0&#8243; border_color_all=&#8221;#f5d6a0&#8243; global_colors_info=&#8221;{}&#8221; sticky_enabled=&#8221;0&#8243;][et_pb_accordion_item title=&#8221;Listening and Order&#8221; open=&#8221;on&#8221; icon_color=&#8221;#e7ab37&#8243; _builder_version=&#8221;4.19.5&#8243; background_color=&#8221;#fffddc&#8221; custom_margin=&#8221;|||&#8221; hover_enabled=&#8221;0&#8243; border_radii=&#8221;on|5px|5px|5px|5px&#8221; global_colors_info=&#8221;{}&#8221; sticky_enabled=&#8221;0&#8243;]<\/p>\n<p><a href=\"https:\/\/tilmanlichdi.com\/index.php\/produkt\/cd-winterresise-gitarre\/\" target=\"_blank\" rel=\"noopener noreferrer\">Lichdi Records &gt;&gt;<\/a><\/p>\n<p>[\/et_pb_accordion_item][et_pb_accordion_item title=&#8221;Reviews&#8221; icon_color=&#8221;#e7ab37&#8243; _builder_version=&#8221;4.19.5&#8243; background_color=&#8221;#fffddc&#8221; custom_margin=&#8221;-10px|||&#8221; hover_enabled=&#8221;0&#8243; border_radii=&#8221;on|5px|5px|5px|5px&#8221; global_colors_info=&#8221;{}&#8221; open=&#8221;off&#8221; sticky_enabled=&#8221;0&#8243;]<\/p>\n<p style=\"margin-bottom: 0cm;\">J\u00e4ckles kluge Gitarrenversion enth\u00fcllt viel Ungeahntes, dem Klaviersatz nicht Zug\u00e4ngliches, seine Virtuosit\u00e4t schenkt eine neue Sicht auf diese altbekannten Lieder. Und der Vokalsolist stellt erneut unter Beweis, welch schier grenzenloses Spektrum tenoraler Klangfarben er einsetzen kann, um auch aus diesen, oft nur harmlos-sch\u00f6n realisierten Strophenliedern einen beklemmend dichten Entwicklungsroman zu zaubern. (Heilbronner Stimme, 15.7.2018)<\/p>\n<p style=\"margin-bottom: 0cm;\">Es sind nicht zuletzt die Farben der Gitarre, die das Werk in ein neues Licht r\u00fccken. Ankl\u00e4nge an Fado, Flamenco, die romantische Gitarrenmusik des spanischen 19. Jahrhunderts hat Schubert schon aus historischen Gr\u00fcnden nicht in seine Musik hineinkomponieren k\u00f6nnen. Aber durch J\u00e4ckles Gitarrenkunst sind auch diese Genres wei durch ein Wunder gegenw\u00e4rtig. Ein Zauber, den man einfach erlebt haben muss. (N\u00fcrnberger Zeitung, 16.7.2018)<\/p>\n<p>[\/et_pb_accordion_item][\/et_pb_accordion][\/et_pb_column][\/et_pb_row][\/et_pb_section][et_pb_section fb_built=&#8221;1&#8243; _builder_version=&#8221;4.16&#8243; background_color=&#8221;#fffddc&#8221; border_color_top=&#8221;#e7ab37&#8243; global_colors_info=&#8221;{}&#8221;][et_pb_row _builder_version=&#8221;4.16&#8243; background_size=&#8221;initial&#8221; background_position=&#8221;top_left&#8221; background_repeat=&#8221;repeat&#8221; global_colors_info=&#8221;{}&#8221; column_structure=&#8221;1_3,2_3&#8243;][et_pb_column type=&#8221;1_3&#8243; _builder_version=&#8221;4.16&#8243; custom_padding=&#8221;|||&#8221; global_colors_info=&#8221;{}&#8221; custom_padding__hover=&#8221;|||&#8221;][et_pb_image src=&#8221;http:\/\/www.classicalguitar.de\/wp-content\/uploads\/2018\/06\/cd_winterreise_lichdi_records_250.jpg&#8221; align=&#8221;right&#8221; align_tablet=&#8221;center&#8221; align_last_edited=&#8221;on|desktop&#8221; _builder_version=&#8221;4.16&#8243; max_width_tablet=&#8221;100%&#8221; max_width_phone=&#8221;100%&#8221; max_width_last_edited=&#8221;on|phone&#8221; module_alignment=&#8221;right&#8221; custom_margin=&#8221;|||&#8221; border_width_all=&#8221;1px&#8221; border_color_all=&#8221;#e7ab37&#8243; global_colors_info=&#8221;{}&#8221; align_phone=&#8221;center&#8221;][\/et_pb_image][\/et_pb_column][et_pb_column type=&#8221;2_3&#8243; _builder_version=&#8221;4.16&#8243; custom_padding=&#8221;|||&#8221; global_colors_info=&#8221;{}&#8221; custom_padding__hover=&#8221;|||&#8221;][et_pb_text _builder_version=&#8221;4.16&#8243; custom_margin=&#8221;|||20px&#8221; global_colors_info=&#8221;{}&#8221;]<\/p>\n<h3 id=\"h14sjjnbbygn1742q86j7ldzv3vlpuo\">Winterreise<\/h3>\n<p>CD Lichdi Records 2017<\/p>\n<p><b>Franz Schubert<\/b> Winterreise D 911<\/p>\n<p>Fassung f\u00fcr Gitarre von Klaus J\u00e4ckle<\/p>\n<p><strong><b>Tilman Lichdi<\/b> <\/strong>Tenor<strong><br \/>\nKlaus J\u00e4ckle<\/strong> Gitarre<br \/>\n[\/et_pb_text][et_pb_accordion open_toggle_text_color=&#8221;#e7ab37&#8243; closed_toggle_text_color=&#8221;#e7ab37&#8243; _builder_version=&#8221;4.19.5&#8243; toggle_font=&#8221;||||||||&#8221; body_font=&#8221;||||||||&#8221; body_text_align=&#8221;left&#8221; body_text_color=&#8221;#000000&#8243; max_width_tablet=&#8221;&#8221; max_width_phone=&#8221;&#8221; max_width_last_edited=&#8221;on|tablet&#8221; hover_enabled=&#8221;0&#8243; border_color_all=&#8221;#f5d6a0&#8243; global_colors_info=&#8221;{}&#8221; sticky_enabled=&#8221;0&#8243;][et_pb_accordion_item title=&#8221;Listening and Order&#8221; open=&#8221;on&#8221; icon_color=&#8221;#e7ab37&#8243; _builder_version=&#8221;4.19.5&#8243; background_color=&#8221;#fffddc&#8221; custom_margin=&#8221;|||&#8221; hover_enabled=&#8221;0&#8243; border_radii=&#8221;on|5px|5px|5px|5px&#8221; global_colors_info=&#8221;{}&#8221; sticky_enabled=&#8221;0&#8243;]<\/p>\n<p><a href=\"https:\/\/tilmanlichdi.com\/index.php\/produkt\/cd-winterresise-gitarre\/\" target=\"_blank\" rel=\"noopener noreferrer\">Lichdi Records &gt;&gt;<\/a><\/p>\n<p>[\/et_pb_accordion_item][et_pb_accordion_item title=&#8221;Reviews&#8221; icon_color=&#8221;#e7ab37&#8243; _builder_version=&#8221;4.19.5&#8243; background_color=&#8221;#fffddc&#8221; custom_margin=&#8221;-10px|||&#8221; hover_enabled=&#8221;0&#8243; border_radii=&#8221;on|5px|5px|5px|5px&#8221; global_colors_info=&#8221;{}&#8221; open=&#8221;off&#8221; sticky_enabled=&#8221;0&#8243;]<\/p>\n<p><strong>Klassik Heute Empfehlung!<br \/><\/strong>Was f\u00fcr eine herrlich leichte und unangestrengte Tenorstimme! Was f\u00fcr ein angenehmes Timbre mit angenehm wenigem Vibrato! Was f\u00fcr m\u00fchelose H\u00f6hen auch bei unangenehm zu singenden Vokalen wie \u201eu\u201c! Was f\u00fcr eine Klarheit, Reinheit und Helle! Was f\u00fcr eine perfekte Voix mixte! Was f\u00fcr eine genaue Artikulation! Was f\u00fcr genau gestanzte Verzierungen! Was f\u00fcr ein klingendes Piano! Tilman Lichdi hat wohl eine der sch\u00f6nsten Tenorstimmen der jetzigen Zeit. Die ist f\u00fcr Schuberts Lieder und auch dessen Winterreise eigentlich wie geschaffen&#8230;.<\/p>\n<p>Genau dazu passt die Version auf dieser CD mit einer Gitarrenbegleitung statt eines Klaviers. Das passt genau zum Wanderburschen-Image. Und man h\u00f6rt voller Staunen, wie gut diese Adaption ist. An manchen Stellen klingt dieSchubert\u2018sche Klavierbegleitung eh an eine Gitarre an. Klaus J\u00e4ckle gelingt das Kunstst\u00fcck, nicht nur die Klavierbegleitung notengenau auf die Gitarre zu \u00fcbertragen, sondern manchmal sogar pr\u00e4zisere Wirkungen zu erzielen. So zelebriert J\u00e4ckle geradezu jeweils \u00dcberg\u00e4nge von Moll zu Dur und umgekehrt. So realisiert J\u00e4ckle mit der Gitarre genau Schuberts Vortragszeichen, die so manche Klavierbegleiter immer ins Schnelle \u00fcbersehen. Die Staccati in Auf dem Flusse wirken gezupft doppelt staccatohaft, das Lockende der Triolen im verlockenden Irrlicht kommt deutlich heraus, das Kr\u00e4hen der H\u00e4hne im Fr\u00fchlingstraum wirkt klirrend kalt und sch\u00f6n betonte J\u00e4ckle hier die Basslinien. Das Tr\u00fcbe der Wolke in Einsamkeit steckt schon im trostlos-harten Gezupfe drin&#8230;.(Rainer W. Janka)<br \/><strong>klassik heute 5.1.2018<\/strong><\/p>\n<p>[\/et_pb_accordion_item][\/et_pb_accordion][\/et_pb_column][\/et_pb_row][\/et_pb_section][et_pb_section fb_built=&#8221;1&#8243; _builder_version=&#8221;4.16&#8243; background_color=&#8221;#fffddc&#8221; border_width_top=&#8221;1px&#8221; border_color_top=&#8221;#e7ab37&#8243; global_colors_info=&#8221;{}&#8221;][et_pb_row _builder_version=&#8221;4.16&#8243; background_size=&#8221;initial&#8221; background_position=&#8221;top_left&#8221; background_repeat=&#8221;repeat&#8221; global_colors_info=&#8221;{}&#8221; column_structure=&#8221;1_3,2_3&#8243;][et_pb_column type=&#8221;1_3&#8243; _builder_version=&#8221;4.16&#8243; custom_padding=&#8221;|||&#8221; global_colors_info=&#8221;{}&#8221; custom_padding__hover=&#8221;|||&#8221;][et_pb_image src=&#8221;http:\/\/www.classicalguitar.de\/wp-content\/uploads\/2018\/07\/02_Traeumerei-250.jpg&#8221; align=&#8221;right&#8221; align_tablet=&#8221;center&#8221; align_last_edited=&#8221;on|desktop&#8221; _builder_version=&#8221;4.16&#8243; max_width_tablet=&#8221;100%&#8221; max_width_phone=&#8221;100%&#8221; max_width_last_edited=&#8221;on|phone&#8221; module_alignment=&#8221;right&#8221; custom_margin=&#8221;|||&#8221; border_width_all=&#8221;1px&#8221; border_color_all=&#8221;#e7ab37&#8243; global_colors_info=&#8221;{}&#8221; align_phone=&#8221;center&#8221;][\/et_pb_image][\/et_pb_column][et_pb_column type=&#8221;2_3&#8243; _builder_version=&#8221;4.16&#8243; custom_padding=&#8221;|||&#8221; global_colors_info=&#8221;{}&#8221; custom_padding__hover=&#8221;|||&#8221;][et_pb_text _builder_version=&#8221;4.16&#8243; custom_margin=&#8221;|||20px&#8221; global_colors_info=&#8221;{}&#8221;]<\/p>\n<h3 id=\"h14sjjnbbygn1742q86j7ldzv3vlpuo\">Tr\u00e4umerei<\/h3>\n<p>CD 43062\/LP 83062 clearaudio 2012<\/p>\n<p><b>Franz Schubert <\/b>Zwei Walzer<br \/>\n<b>Niccolo Paganini<\/b> Romanze<br \/>\n<b>Johannes Brahms<\/b> Walzer op.39 Nr.15<br \/>\n<b>Fr\u00e9d\u00e9ric Chopin <\/b>Pr\u00e9lude op.28 Nr.15 &#8220;Regentropfen&#8221;, Valse op.34 Nr.2, Nocturne op.9 Nr.2<br \/>\n<b>Robert Schumann<\/b> Tr\u00e4umerei op.15 Nr.7, Des Abends op.12 Nr.1<br \/>\n<b>Fr\u00e9d\u00e9ric Chopin <\/b>Etude op.10 Nr.3 &#8220;Tristesse&#8221; Etude op.25 Nr.1 &#8220;Sterne&#8221; <b>Ludwig van Beethoven <\/b>Sonata quasi una Fantasia &#8220;Mondschein&#8221; op.27 Nr.2, F\u00fcr Elise WoO 59<br \/>\n<b>Jean Paul Martini<\/b> Plaisir d&#8217;amour<br \/>\n<b>Richard Wagner <\/b>Lied an den Abendstern (Tannh\u00e4user)<\/p>\n<p>Alle St\u00fccke bearbeitet von Klaus J\u00e4ckle au\u00dfer Paganini von Karl Scheit<\/p>\n<p><strong>Klaus J\u00e4ckle<\/strong> Gitarre<br \/>\n[\/et_pb_text][et_pb_accordion open_toggle_text_color=&#8221;#e7ab37&#8243; closed_toggle_text_color=&#8221;#e7ab37&#8243; _builder_version=&#8221;4.19.5&#8243; toggle_font=&#8221;||||||||&#8221; body_font=&#8221;||||||||&#8221; body_text_align=&#8221;left&#8221; body_text_color=&#8221;#000000&#8243; background_color=&#8221;#fffddc&#8221; hover_enabled=&#8221;0&#8243; border_color_all=&#8221;#f5d6a0&#8243; global_colors_info=&#8221;{}&#8221; sticky_enabled=&#8221;0&#8243;][et_pb_accordion_item title=&#8221;Listening&#8221; open=&#8221;on&#8221; icon_color=&#8221;#e7ab37&#8243; _builder_version=&#8221;4.19.5&#8243; background_color=&#8221;#fffddc&#8221; custom_margin=&#8221;|||0px&#8221; hover_enabled=&#8221;0&#8243; border_radii=&#8221;on|5px|5px|5px|5px&#8221; global_colors_info=&#8221;{}&#8221; sticky_enabled=&#8221;0&#8243;]<\/p>\n<p><a href=\"https:\/\/youtu.be\/fyEPda_PYO8\" target=\"_blank\" rel=\"noopener noreferrer\" title=\"Chopin Raindrop\">youtube&gt;&gt;<\/a><\/p>\n<p>[\/et_pb_accordion_item][et_pb_accordion_item title=&#8221;Reviews&#8221; icon_color=&#8221;#e7ab37&#8243; _builder_version=&#8221;4.19.5&#8243; background_color=&#8221;#fffddc&#8221; custom_margin=&#8221;-10px|||&#8221; hover_enabled=&#8221;0&#8243; border_radii=&#8221;on|5px|5px|5px|5px&#8221; global_colors_info=&#8221;{}&#8221; open=&#8221;off&#8221; sticky_enabled=&#8221;0&#8243;]<\/p>\n<p>Ob Klaus J\u00e4ckle wirklich so gut beraten war, sein j\u00fcngstes Album<br \/>ausgerechnet \u201eTr\u00e4umerei\u201c (clearaudio) zu nennen? Aber es l\u00e4sst<br \/>sich nicht leugnen, der Gitarrist spielt den Schumann-Klassiker aus den \u201eKinderszenen\u201c wundersch\u00f6n.<br \/>Wem anders als dem N\u00fcrnberger Saitenmeister k\u00f6nnte gl\u00fccken,<br \/>Wagner (Lied an den Abendstern) oder eine Beethoven-Klaviersonate<br \/>wie die ber\u00fchmte und ziemlich diffizile \u201eMondschein\u201c(op. 27 Nr. 2) ohne Substanzverluste auf sein Instrument zu \u00fcbertragen? Eben. jv<br \/><strong>N\u00fcrnberger Nachrichten, 14.12.2012<\/strong><\/p>\n<p>Freilich spielt J\u00e4ckle auch einfach fabelhaft, sein Rubato ist geschmackvoll, die empfindsamen Verz\u00f6gerungen in Chopins Nocturne Es-Dur op. 9\/2 schlafwandlerisch sicher, im Regentropfen-Pr\u00e9lude op. 28\/15 Des-Dur bringt der reduzierte Satz die Dramaturgie mit den dr\u00e4uenden Achtel-Repetitionen fast deutlicher hervor als in der Klavierfassung.<br \/><strong>klassik heute 7.11.2012<\/strong><\/p>\n<p>Schon f\u00fcr Klaus J\u00e4ckles direkten Lehrer-Vorfahr und Pionier der spanischen Gitarre, Francesco T\u00e1rrega, war es absolut \u00fcblich, popul\u00e4re St\u00fccke f\u00fcr andere Besetzungen \u2013 meist Klavier \u2013 f\u00fcr sein Instrument zu bearbeiten. Nicht nur, um der \u00dcberschaubarkeit des gegebenen Repertoires zu entkommen, sondern auch, weil sich die St\u00fccke durch den Klang, den Charakter der Gitarre ver\u00e4ndern; selbst aus \u00fcberstrapazierten &#8220;Hits&#8221; so etwas Neues entstehen kann. Dieses Ph\u00e4nomen tritt auch hier zu Tage, auf einer Sammlung von \u00fcberwiegend Klavierminiaturen, die J\u00e4ckle selbst (mit einer Ausnahme) f\u00fcr Gitarre gesetzt hat: Wesentlich folkloristischer wirken die einleitenden Schubert-Walzer, und die schwerelose \u00c4sthetik einiger Chopin-St\u00fccke (J\u00e4ckle w\u00e4hlte gleich f\u00fcnf aus) h\u00e4tte ihrem Sch\u00f6pfer gewi\u00df zugesagt. Die der Beschaffenheit des Instrumentes geschuldete Reduzierung aufs Notwendige bekommt auch der titelgebenden &#8220;Tr\u00e4umerei&#8221; aus Schumanns Kinderszenen; selbst der vielgeh\u00f6rten Beethovenschen &#8220;Mondschein-Sonate&#8221; kann man hier ganz neue Aspekte abgewinnen. Nicht geringen Anteil am Gelingen hat wohl auch die hervorragende Analog-Aufnahme des legend\u00e4ren Deutsche Grammophon-Tonmeisters Heinz Wildhagen: Trocken, direkt, das Instrument f\u00fcr sich sprechen lassend. (2012)\u201c<br \/><strong>Connaisseur Mailorder 2012<\/strong><\/p>\n<p>[\/et_pb_accordion_item][\/et_pb_accordion][\/et_pb_column][\/et_pb_row][\/et_pb_section][et_pb_section fb_built=&#8221;1&#8243; _builder_version=&#8221;4.16&#8243; background_color=&#8221;#fffddc&#8221; border_width_top=&#8221;1px&#8221; border_color_top=&#8221;#e7ab37&#8243; global_colors_info=&#8221;{}&#8221;][et_pb_row _builder_version=&#8221;4.16&#8243; background_size=&#8221;initial&#8221; background_position=&#8221;top_left&#8221; background_repeat=&#8221;repeat&#8221; global_colors_info=&#8221;{}&#8221; column_structure=&#8221;1_3,2_3&#8243;][et_pb_column type=&#8221;1_3&#8243; _builder_version=&#8221;4.16&#8243; custom_padding=&#8221;|||&#8221; global_colors_info=&#8221;{}&#8221; custom_padding__hover=&#8221;|||&#8221;][et_pb_image src=&#8221;http:\/\/www.classicalguitar.de\/wp-content\/uploads\/2018\/07\/03_Tarrega-250.jpg&#8221; align=&#8221;right&#8221; align_tablet=&#8221;center&#8221; align_last_edited=&#8221;on|desktop&#8221; _builder_version=&#8221;4.16&#8243; max_width_tablet=&#8221;100%&#8221; max_width_phone=&#8221;100%&#8221; max_width_last_edited=&#8221;on|phone&#8221; module_alignment=&#8221;right&#8221; custom_margin=&#8221;|||&#8221; border_width_all=&#8221;1px&#8221; border_color_all=&#8221;#e7ab37&#8243; global_colors_info=&#8221;{}&#8221; align_phone=&#8221;center&#8221;][\/et_pb_image][\/et_pb_column][et_pb_column type=&#8221;2_3&#8243; _builder_version=&#8221;4.16&#8243; custom_padding=&#8221;|||&#8221; global_colors_info=&#8221;{}&#8221; custom_padding__hover=&#8221;|||&#8221;][et_pb_text _builder_version=&#8221;4.16&#8243; custom_margin=&#8221;|||20px&#8221; global_colors_info=&#8221;{}&#8221;]<\/p>\n<h3 id=\"h14sjjnbbygn1742q86j7ldzv3vlpuo\">Francisco T\u00e1rrega (1852-1909) Musik f\u00fcr Gitarre<\/h3>\n<p>CD 43054\/ LP 83054 clearaudio 2010<\/p>\n<p>Preludio D-Dur, Jota, Sueno (Mazurka), Endecha, Oremus, Maria, Marieta, Gran Vals, Capricho arabe, Recuerdos de la Alhambra, Las dos hermanitas, Preludio \u00e0 Miguel Llobet, Adelita, L\u00e1grima, Rosita (Polka), Tango<\/p>\n<p><strong>Klaus J\u00e4ckle<\/strong> Gitarre<br \/>\n[\/et_pb_text][et_pb_accordion open_toggle_text_color=&#8221;#e7ab37&#8243; closed_toggle_text_color=&#8221;#e7ab37&#8243; _builder_version=&#8221;4.19.5&#8243; toggle_font=&#8221;||||||||&#8221; body_font=&#8221;||||||||&#8221; body_text_align=&#8221;left&#8221; body_text_color=&#8221;#000000&#8243; background_color=&#8221;#fffddc&#8221; hover_enabled=&#8221;0&#8243; border_color_all=&#8221;#f5d6a0&#8243; global_colors_info=&#8221;{}&#8221; sticky_enabled=&#8221;0&#8243;][et_pb_accordion_item title=&#8221;Listening&#8221; open=&#8221;on&#8221; icon_color=&#8221;#e7ab37&#8243; _builder_version=&#8221;4.19.5&#8243; background_color=&#8221;#fffddc&#8221; custom_margin=&#8221;|||0px&#8221; hover_enabled=&#8221;0&#8243; border_radii=&#8221;on|5px|5px|5px|5px&#8221; global_colors_info=&#8221;{}&#8221; sticky_enabled=&#8221;0&#8243;]<\/p>\n<p><a href=\"http:\/\/www.da-music.de\/Klassik\/JAeCKLE-KLAUS-MUSIK-FUeR-GITARRE-ARTNR-43054.html\" target=\"_blank\" rel=\"noopener noreferrer\">Bei da-music &gt;&gt;<\/a><\/p>\n<p>[\/et_pb_accordion_item][et_pb_accordion_item title=&#8221;Reviews&#8221; icon_color=&#8221;#e7ab37&#8243; _builder_version=&#8221;4.19.5&#8243; background_color=&#8221;#fffddc&#8221; custom_margin=&#8221;-10px|||&#8221; hover_enabled=&#8221;0&#8243; border_radii=&#8221;on|5px|5px|5px|5px&#8221; global_colors_info=&#8221;{}&#8221; open=&#8221;off&#8221; sticky_enabled=&#8221;0&#8243;]<\/p>\n<p>Doch diese T\u00e1rrega-CD kann gefallen, denn sie pr\u00e4sentiert die Musik des gro\u00dfen Spaniers aus dem pers\u00f6nlichen Blickwinkel eines kompetenten Musikers unserer Zeit.<br \/><strong>Akustik Gitarre 2\/2011<\/strong><\/p>\n<p>Ein Gl\u00fccksfall!<br \/><strong>Giessener Anzeiger, 8.2.2011<\/strong><\/p>\n<p>Klassik Heute Empfehlung<br \/>Wer einmal in komprimierter Form erleben m\u00f6chte, was auf der klassischen Gitarre an Effekten und Wirkungen m\u00f6glich ist, sollte sich anh\u00f6ren, wie Klaus J\u00e4ckle T\u00e1rregas Jota spielt&#8230;Zum Ereignis wird diese Studie vollends, weil Klaus J\u00e4ckle in schlafwandlerischer Geschmackssicherheit die Balance zwischen feinster Eleganz und saftigem Effekt h\u00e4lt&#8230;<br \/><strong>klassik heute 7.12.2010<\/strong><\/p>\n<p>J\u00e4ckles T\u00e1rrega (clearaudio) kommt ungemein vielgestaltig her\u00fcber<br \/>und fesselt vom ersten bis zum letzten St\u00fcck.<br \/><strong>N\u00fcrnberger Nachrichten 30.11.2010<\/strong><\/p>\n<p>Wenn uns sechs Saiten verzaubern und in eine andere Welt entf\u00fchren, dann ist wieder einmal eine analoge Sternstunde angesagt: Gitarren-Virtuose Klaus J\u00e4ckle widmet sein 2010er Album dem legend\u00e4ren Francisco T\u00e1rrega.<br \/>Der Reitstadel in Neumarkt erwies sich einmal mehr als brillanter Aufnahme-Ort: die St\u00fccke des spanischen Gitarristen und Komponisten Francisco T\u00e1rrega (1852-1909) haben bei diesem Mitschnitt so viel Leben mitbekommen, dass man sich geradezu in den Saal hineinversetzt f\u00fchlt.<br \/>Man erlebt so hautnah den Musiker J\u00e4ckle, der uns die vertr\u00e4umten Balladen wie auch feurigen St\u00fccke T\u00e1rregas sehr virtuos pr\u00e4sentiert.<br \/>Hoch empfehlenswert!<br \/>Rein analoge Aufnahme und \u00dcberspielung! (ArtPh\u00f6nix Vinyl, 2010)<br \/>Der 1852 im kastilischen Villareal geborene Francisco T\u00e1rrega ist der bedeutendste Gitarren-Komponist in der Nachfolge Fernando Sors, der die musikalischen wie technischen M\u00f6glichkeiten des Instruments nochmals deutlich erweiterte. Nicht nur die Virtuosit\u00e4t, auch der sanfte Charme seiner Werke trugen ihm den Titel des &#8216;Chopin der Gitarre&#8217; bei; tats\u00e4chlich befa\u00dfte sich auch T\u00e1rrega vorzugsweise mit &#8216;kleinen&#8217; Formen wie der Mazurka, der Polka oder dem Walzer; das k\u00fcrzeste St\u00fcck auf dieser Sammlung, ist nur etwas mehr als eine Minute lang\u2026 Klaus J\u00e4ckle, einer der bedeutendsten zeitgen\u00f6ssischen Gr\u00f6\u00dfen auf der spanischen Gitarre und \u00fcbrigens Ur-Ur-Enkelsch\u00fcler T\u00e1rregas, spielte hier eine wunderbare Hommage an jenen ein, dessen Todestag (15.12.) sich im Jahre 2009 zum hundertsten Male j\u00e4hrte. Die erstklassige Aufnahme (viel Raum und Atmosph\u00e4re um das Solo-Instrument!) stammt ebenfalls von einem legend\u00e4ren Meister seines Faches: Heinz Wildhagen.<br \/><strong>Connaisseur Schallplatten, 2010<\/strong><\/p>\n<p>[\/et_pb_accordion_item][\/et_pb_accordion][\/et_pb_column][\/et_pb_row][\/et_pb_section][et_pb_section fb_built=&#8221;1&#8243; _builder_version=&#8221;4.16&#8243; background_color=&#8221;#fffddc&#8221; border_width_top=&#8221;1px&#8221; border_color_top=&#8221;#e7ab37&#8243; global_colors_info=&#8221;{}&#8221;][et_pb_row _builder_version=&#8221;4.16&#8243; background_size=&#8221;initial&#8221; background_position=&#8221;top_left&#8221; background_repeat=&#8221;repeat&#8221; global_colors_info=&#8221;{}&#8221; column_structure=&#8221;1_3,2_3&#8243;][et_pb_column type=&#8221;1_3&#8243; _builder_version=&#8221;4.16&#8243; custom_padding=&#8221;|||&#8221; global_colors_info=&#8221;{}&#8221; custom_padding__hover=&#8221;|||&#8221;][et_pb_image src=&#8221;http:\/\/www.classicalguitar.de\/wp-content\/uploads\/2018\/07\/04_Una_hora-250.jpg&#8221; align=&#8221;right&#8221; align_tablet=&#8221;center&#8221; align_last_edited=&#8221;on|desktop&#8221; _builder_version=&#8221;4.16&#8243; max_width_tablet=&#8221;100%&#8221; max_width_phone=&#8221;100%&#8221; max_width_last_edited=&#8221;on|phone&#8221; module_alignment=&#8221;right&#8221; custom_margin=&#8221;|||&#8221; border_width_all=&#8221;1px&#8221; border_color_all=&#8221;#e7ab37&#8243; global_colors_info=&#8221;{}&#8221; align_phone=&#8221;center&#8221;][\/et_pb_image][\/et_pb_column][et_pb_column type=&#8221;2_3&#8243; _builder_version=&#8221;4.16&#8243; custom_padding=&#8221;|||&#8221; global_colors_info=&#8221;{}&#8221; custom_padding__hover=&#8221;|||&#8221;][et_pb_text _builder_version=&#8221;4.16&#8243; custom_margin=&#8221;|||20px&#8221; global_colors_info=&#8221;{}&#8221;]<\/p>\n<h3 id=\"h14sjjnbbygn1742q86j7ldzv3vlpuo\">Una Hora Espa\u00f1ola<\/h3>\n<p>CD 43051\/ LP 83051 clearaudio 2009<\/p>\n<p><strong>Isaac Alb\u00e9niz<\/strong> (Arr. Klaus J\u00e4ckle) Asturias, Sevilla, Granada, C\u00f3rdoba, Rumores de la Caleta<br \/>\n<strong>Gaspar Sanz<\/strong> Espa\u00f1oletas, Canarios <span style=\"color: #333333;\">Fernando<\/span> Sor Mozart-Variationen op. 9<br \/>\n<strong>Miguel Llobet<\/strong> El Testament d&#8217;Amelia, Canco de Lladre Joaquin Malats (Arr. Klaus J\u00e4ckle) Serenata Espa\u00f1ola,<br \/>\n<strong>Anonymus<\/strong> Romanza d&#8217;Amore<\/p>\n<p><strong>Klaus J\u00e4ckle<\/strong> Gitarre<br \/>\n[\/et_pb_text][et_pb_accordion open_toggle_text_color=&#8221;#e7ab37&#8243; closed_toggle_text_color=&#8221;#e7ab37&#8243; _builder_version=&#8221;4.19.5&#8243; toggle_font=&#8221;||||||||&#8221; body_font=&#8221;||||||||&#8221; body_text_align=&#8221;left&#8221; body_text_color=&#8221;#000000&#8243; background_color=&#8221;#fffddc&#8221; hover_enabled=&#8221;0&#8243; border_color_all=&#8221;#f5d6a0&#8243; global_colors_info=&#8221;{}&#8221; sticky_enabled=&#8221;0&#8243;][et_pb_accordion_item title=&#8221;Listening&#8221; open=&#8221;on&#8221; icon_color=&#8221;#e7ab37&#8243; _builder_version=&#8221;4.19.5&#8243; background_color=&#8221;#fffddc&#8221; custom_margin=&#8221;|||0px&#8221; hover_enabled=&#8221;0&#8243; border_radii=&#8221;on|5px|5px|5px|5px&#8221; global_colors_info=&#8221;{}&#8221; sticky_enabled=&#8221;0&#8243;]<\/p>\n<p><a href=\"https:\/\/www.jpc.de\/jpcng\/poprock\/detail\/-\/art\/Klaus-J%E4ckle-Una-Hora-Espanola\/hnum\/1065488#audiosamples\" target=\"_blank\" rel=\"noopener noreferrer\">Bei jpc &gt;&gt;<\/a><\/p>\n<p>[\/et_pb_accordion_item][et_pb_accordion_item title=&#8221;Reviews&#8221; icon_color=&#8221;#e7ab37&#8243; _builder_version=&#8221;4.19.5&#8243; background_color=&#8221;#fffddc&#8221; custom_margin=&#8221;-10px|||&#8221; hover_enabled=&#8221;0&#8243; border_radii=&#8221;on|5px|5px|5px|5px&#8221; global_colors_info=&#8221;{}&#8221; open=&#8221;off&#8221; sticky_enabled=&#8221;0&#8243;]<\/p>\n<p>&#8220;Der erfolgreiche deutsche Gitarrist Klaus J\u00e4ckle hat offenbar das spanische Kolorit im Blut: Das Programm, das er auf dieser CD mit viel Nuancierungssinn und einer gro\u00dfen Sensibilit\u00e4t spielt, ist stimmungsvoll, hier impulsiv, dort melancholisch, immer nat\u00fcrlich pulsierend, fantasie- und auch kunstvoll.&#8221;<br \/><strong>pizzicato, Januar 2010<\/strong><\/p>\n<p>(&#8230;) &#8220;J\u00e4ckle jedoch spielt jede dieser Miniaturen mit \u00e4u\u00dferster Sensibilit\u00e4t, mit ansteckender Verve und mit gr\u00f6\u00dfter gitarristischer Reinheit &#8211; das bedeutet viel bei einem Instrument, das gerade in einem von Hoch- und Mittelkunst gleicherma\u00dfen beanspruchten Zwischenbereich angesiedelt ist. Daran, da\u00df er die Gitarre klassisch auslegt, l\u00e4\u00dft J\u00e4ckle jedoch keinen Zweifel. Die eigenen Bearbeitungen der ber\u00fchmten, urspr\u00fcnglich f\u00fcr Klavier &#8221; (&#8230;)<br \/><strong>Klassik heute, 24.12.2009 Empfehlung!<\/strong><\/p>\n<p>(&#8230;) &#8220;Hier muss sich allerdings mach anderer Interpret warm anziehen, denn J\u00e4ckle sorgt mit anderen als den gewohnten Tonarten, mit ungeheurer Brillanz und einem klischeefreien Herangehen f\u00fcr frischen Wind. Provokation? Ja bitte! So kann man die St\u00fccke wieder h\u00f6ren.&#8221; (&#8230;)<br \/><strong>Akustik Gitarre Januar\/Februar 2010<\/strong><\/p>\n<p>&#8220;Der sensible und versierte Gitarrist Klaus J\u00e4ckle entfesselt auf dieser CD ein Feuerwerk an subtilsten Nuancen spanischer Gitarrenmusik!&#8221;<br \/><strong>Yvonne Hummel in BR Klassik, CD Box am 11.12.2009<\/strong><\/p>\n<p>&#8221; (&#8230;) Brilliant!&#8221;<br \/><strong>Pl\u00e4rrer 2009\/11<\/strong><\/p>\n<p>&#8220;Eine bravour\u00f6se neue CD gibt es von Klaus J\u00e4ckle: \u00abUna hora espa\u00f1ola\u00bb (Eine spanische Stunde) hei\u00dft die im Neumarkter Reitstadel entstandene Silberscheibe des N\u00fcrnberger Gitarristen.&#8221; (&#8230;)<br \/><strong>N\u00fcrnberger Nachrichten, 19.11.2009<\/strong><\/p>\n<p>&#8220;Zugaben haben es meist in sich: Virtuos und knackig bohren sie sich ins Ohr. Mit &#8220;Una hora espanola&#8221; (Eine spanische Stunde) hat der N\u00fcrnberger Gitarrist Klaus J\u00e4ckle bei clearaudio Records<br \/>eine ganze Sammlung mit Nummern vorgelegt, die man auch dann schon mal geh\u00f6rt hat, wenn man sich an Namen wie Gaspar Sanz und Joaquin Malats nicht erinnern kann.&#8221; (&#8230;)<br \/><strong>Abendzeitung N\u00fcrnberg, 19.11.2009<\/strong><\/p>\n<p>&nbsp;<\/p>\n<p><strong>LP Connaisseur-Katalog<\/strong><\/p>\n<p>Una Hora Espa\u00f1ola<br \/>Klaus J\u00e4ckle, Gitarre<br \/>Clearaudio LP 83051 (LP 180g)<\/p>\n<p>Isaac Alb\u00e9niz\u2019 \u201eAsturias\u201c ist nat\u00fcrlich eines der eindruckvollsten St\u00fccke der gesamten Gitarrenliteratur \u2013 und immer ein gl\u00e4nzender Einstieg in eine Gitarren-Platte. Der Solist hier ist Klaus J\u00e4ckle, einer der gefragtesten Gitarristen seiner Generation, gesch\u00e4tzter Gast auf zahlreichen Festivals rund um den Globus, ebenso bei den gro\u00dfen Symphonie-Orchestern. Seinen Rang als Gitarrist belegt vielleicht am besten die Tatsache, da\u00df ihn auch das Meister-Ensemble Los Romeros schon hat mitspielen lassen (mit Pepe Romero ist er gut befreundet). Das Programm ist dem Titel entsprechend ein rein spanisches. Die erste Seite geh\u00f6rt vollst\u00e4ndig Alb\u00e9niz; auf der zweiten sind Werke anderer bedeutender Meister zu h\u00f6ren: Gaspar Sanz, Fernando Sor, Miguel Llobet, Joaquin Malats. J\u00e4ckle behandelt all diese oft hochvirtuosen St\u00fccke mit beachtlicher Leichtigkeit und Eleganz, g\u00e4nzlich ohne Kraftmeierei \u2013 was sie um so glanzvoller erscheinen l\u00e4\u00dft. \u201eEin bewegendes Erlebnis\u201c, so hat Pepe Romero J\u00e4ckles Spiel beschrieben. Man gibt ihm gerne Recht.<br \/>War der audiophile Markt einst mit (musikalisch nicht immer \u00fcberragenden) Gitarrenplatten geradezu \u00fcberschwemmt, so schien diese Sparte mit dem Aufkommen audiophiler Reissues beinahe ausgestorben zu sein. Diese wieder einmal hervorragend von Heinz Wildhagen aufgenommene LP schlie\u00dft diese L\u00fccke in selten hochklassiger Form. (2009)<\/p>\n<p>[\/et_pb_accordion_item][\/et_pb_accordion][\/et_pb_column][\/et_pb_row][\/et_pb_section][et_pb_section fb_built=&#8221;1&#8243; _builder_version=&#8221;4.16&#8243; background_color=&#8221;#fffddc&#8221; border_width_top=&#8221;1px&#8221; border_color_top=&#8221;#e7ab37&#8243; global_colors_info=&#8221;{}&#8221;][et_pb_row _builder_version=&#8221;4.16&#8243; background_size=&#8221;initial&#8221; background_position=&#8221;top_left&#8221; background_repeat=&#8221;repeat&#8221; global_colors_info=&#8221;{}&#8221; column_structure=&#8221;1_3,2_3&#8243;][et_pb_column type=&#8221;1_3&#8243; _builder_version=&#8221;4.16&#8243; custom_padding=&#8221;|||&#8221; global_colors_info=&#8221;{}&#8221; custom_padding__hover=&#8221;|||&#8221;][et_pb_image src=&#8221;http:\/\/www.classicalguitar.de\/wp-content\/uploads\/2018\/07\/05_Nacht_Traeume-250.jpg&#8221; align=&#8221;right&#8221; align_tablet=&#8221;center&#8221; align_last_edited=&#8221;on|desktop&#8221; _builder_version=&#8221;4.16&#8243; max_width_tablet=&#8221;100%&#8221; max_width_phone=&#8221;100%&#8221; max_width_last_edited=&#8221;on|phone&#8221; module_alignment=&#8221;right&#8221; custom_margin=&#8221;|||&#8221; border_width_all=&#8221;1px&#8221; border_color_all=&#8221;#e7ab37&#8243; global_colors_info=&#8221;{}&#8221; align_phone=&#8221;center&#8221;][\/et_pb_image][\/et_pb_column][et_pb_column type=&#8221;2_3&#8243; _builder_version=&#8221;4.16&#8243; custom_padding=&#8221;|||&#8221; global_colors_info=&#8221;{}&#8221; custom_padding__hover=&#8221;|||&#8221;][et_pb_text _builder_version=&#8221;4.16&#8243; custom_margin=&#8221;|||20px&#8221; global_colors_info=&#8221;{}&#8221;]<\/p>\n<h3 id=\"h14sjjnbbygn1742q86j7ldzv3vlpuo\">Franz Schubert: Nacht und Tr\u00e4ume<\/h3>\n<p>CD 43047, LP 83047 clearaudio, 2008<\/p>\n<p><strong>A<\/strong> Der Musensohn D 764, Im Abendrot D 799, Die Stadt 957\/11, Nacht und Tr\u00e4ume D 827, An den Mond D193, Die Sterne D 939, Nachtst\u00fcck D 672, Des M\u00e4dchens Klage D 191, T\u00e4uschung D 911\/19<br \/>\n<strong>B<\/strong> Der Geistertanz D 494, Der Zwerg D 771, Der Tod und das M\u00e4dchen D 531\/4, An die Laute D 905, St\u00e4ndchen D 957\/4, Dass sie hier gewesen D 775, Wonne und Wehmut D 260, St\u00fcrmischer Morgen D 911\/18, Morgenlied D 685<\/p>\n<p><strong>Monika Teepe <\/strong>Sopran<strong><br \/>\nKlaus J\u00e4ckle<\/strong> Gitarre<br \/>\n[\/et_pb_text][et_pb_accordion open_toggle_text_color=&#8221;#e7ab37&#8243; closed_toggle_text_color=&#8221;#e7ab37&#8243; _builder_version=&#8221;4.19.5&#8243; toggle_font=&#8221;||||||||&#8221; body_font=&#8221;||||||||&#8221; body_text_align=&#8221;left&#8221; body_text_color=&#8221;#000000&#8243; background_color=&#8221;#fffddc&#8221; hover_enabled=&#8221;0&#8243; border_color_all=&#8221;#f5d6a0&#8243; global_colors_info=&#8221;{}&#8221; sticky_enabled=&#8221;0&#8243;][et_pb_accordion_item title=&#8221;Listening&#8221; open=&#8221;on&#8221; icon_color=&#8221;#e7ab37&#8243; _builder_version=&#8221;4.19.5&#8243; background_color=&#8221;#fffddc&#8221; custom_margin=&#8221;|||0px&#8221; hover_enabled=&#8221;0&#8243; border_radii=&#8221;on|5px|5px|5px|5px&#8221; global_colors_info=&#8221;{}&#8221; sticky_enabled=&#8221;0&#8243;]<\/p>\n<p><a href=\"http:\/\/www.da-music.de\/Klassik\/TEEPE-MONIKA-JAeCKLE-KLAUS-NACHT-UND-TRAeUME-ARTNR-43047.html\" target=\"_blank\" rel=\"noopener noreferrer\">da-music &gt;&gt;<\/a><\/p>\n<p>[\/et_pb_accordion_item][et_pb_accordion_item title=&#8221;Reviews&#8221; icon_color=&#8221;#e7ab37&#8243; _builder_version=&#8221;4.19.5&#8243; background_color=&#8221;#fffddc&#8221; custom_margin=&#8221;-10px|||&#8221; hover_enabled=&#8221;0&#8243; border_radii=&#8221;on|5px|5px|5px|5px&#8221; global_colors_info=&#8221;{}&#8221; open=&#8221;off&#8221; sticky_enabled=&#8221;0&#8243;]<\/p>\n<p><strong>LP Connaisseur Katalog<\/strong><\/p>\n<p>Die Gitarre als Begleitinstrument anstelle des Klaviers ist so ungew\u00f6hnlich gar nicht: Bei den im 19. Jahrhundert meist privat abgehaltenen \u2018Schubertiaden\u2019 war sie durchaus verbreitet und allgemein anerkannt. Ihr schlankerer, leiserer Ton ist sogar durchaus dazu geeignet, Schuberts Liedern noch mehr Intimit\u00e4t zu verleihen. F\u00fcr den Tonmeister-Veteranen Heinz Wildhagen,war eine solche Aufnahme daher ein echtes Anliegen; ein lang gehegter Wunsch, den er sich nun bei Clearaudio mit zwei hervorragenden K\u00fcnstlern erf\u00fcllen konnte: Klaus J\u00e4ckle, u.a. Sch\u00fcler Pepe Romeros, ist Stammgast auf deutschen, \u00f6sterreichischen (er ist Absolvent des Mozarteum Salzburg) und internationalen Festivals, im Rundfunk und in den gro\u00dfen Konzerth\u00e4usern; als Solist ebenso angesehen wie als Begleiter oder Ensemblemitglied (ein vergleichsweise seltenes Talent). Seine Partnerin auf dieser LP ist die Sopranistin Monika Teepe \u2013 eine \u00e4hnlich vielseitige Musikerin, die in Oper, Kunstlied und neuer Musik gleicherma\u00dfen zu Hause ist. Sie hatte Engagements an den Opernh\u00e4usern von N\u00fcrnberg, Bonn, Bremen, Kiel und Erfurt; Auftritte bei Hochkarat-Festivals wie den Schwetzinger Festspielen oder den Wiener Festwochen kommen dazu. Gemeinsam gewinnen sie diesen wunderbaren Liedern (darunter \u201eDer Musensohn\u201c, \u201eAn den Mond\u201c, \u201eDer Tod und das M\u00e4dchen\u201c, \u201eSt\u00e4ndchen\u201c und \u201eMorgenlied\u201c) auf \u00e4u\u00dferst behutsame und musikalische Weise neue \u2013 oder besser: vergessene! \u2013 Aspekte ab. Ein Schubert-Highlight, das selbst neben den gr\u00f6\u00dften Schallplattenaufnahmen dieses Repertoires seine Berechtigung hat \u2013 und, das ist selbstverst\u00e4ndlich, hervorragend aufgenommen\u2026 (2008)<\/p>\n<p>[\/et_pb_accordion_item][\/et_pb_accordion][\/et_pb_column][\/et_pb_row][\/et_pb_section][et_pb_section fb_built=&#8221;1&#8243; _builder_version=&#8221;4.16&#8243; background_color=&#8221;#fffddc&#8221; border_width_top=&#8221;1px&#8221; border_color_top=&#8221;#e7ab37&#8243; global_colors_info=&#8221;{}&#8221;][et_pb_row _builder_version=&#8221;4.16&#8243; background_size=&#8221;initial&#8221; background_position=&#8221;top_left&#8221; background_repeat=&#8221;repeat&#8221; global_colors_info=&#8221;{}&#8221; column_structure=&#8221;1_3,2_3&#8243;][et_pb_column type=&#8221;1_3&#8243; _builder_version=&#8221;4.16&#8243; custom_padding=&#8221;|||&#8221; global_colors_info=&#8221;{}&#8221; custom_padding__hover=&#8221;|||&#8221;][et_pb_image src=&#8221;http:\/\/www.classicalguitar.de\/wp-content\/uploads\/2018\/07\/06_Cordero-250.jpg&#8221; align=&#8221;right&#8221; align_tablet=&#8221;center&#8221; align_last_edited=&#8221;on|desktop&#8221; _builder_version=&#8221;4.16&#8243; max_width_tablet=&#8221;100%&#8221; max_width_phone=&#8221;100%&#8221; max_width_last_edited=&#8221;on|phone&#8221; module_alignment=&#8221;right&#8221; custom_margin=&#8221;|||&#8221; border_width_all=&#8221;1px&#8221; border_color_all=&#8221;#e7ab37&#8243; global_colors_info=&#8221;{}&#8221; align_phone=&#8221;center&#8221;][\/et_pb_image][\/et_pb_column][et_pb_column type=&#8221;2_3&#8243; _builder_version=&#8221;4.16&#8243; custom_padding=&#8221;|||&#8221; global_colors_info=&#8221;{}&#8221; custom_padding__hover=&#8221;|||&#8221;][et_pb_text _builder_version=&#8221;4.16&#8243; custom_margin=&#8221;|||20px&#8221; global_colors_info=&#8221;{}&#8221;]<\/p>\n<h3 id=\"h14sjjnbbygn1742q86j7ldzv3vlpuo\">Mi silencio &#8211; Music of Ernesto Cordero<\/h3>\n<p><span style=\"font-size: large; color: #333333;\"><strong>S\u00e4mtliche Lieder und Kammermusik mit Gitarre<b style=\"line-height: 90%;\"><br \/>\n<\/b><\/strong><\/span><\/p>\n<p>CD 2012<\/p>\n<p>Mi Primer Verso,Voz del Guiro,Madrugada, Aquellas manos, Dejadme lloras, La Hamaca, Callate Silencio Mio, En el Cafe, Fantasia mulata (fl\/git), Era mi dolor tan alto, Dice la Fuente, Zenobia, La Hija del viejo Pancho, Cadencia, El viaje definitivo, Renunciar, Entre guitarra y voz, Mi silencio, Yo que no siento ya<\/p>\n<p><b>Renate Bergmann<\/b> Sopran<br \/>\n<b>Klaus J\u00e4ckle<\/b> Gitarre<br \/>\n<b>Wolfgang Auer<\/b> Fl\u00f6te<br \/>\n<b>Tobias Kalisch<\/b> Kontrabass<br \/>\n[\/et_pb_text][et_pb_accordion open_toggle_text_color=&#8221;#e7ab37&#8243; closed_toggle_text_color=&#8221;#e7ab37&#8243; _builder_version=&#8221;4.19.5&#8243; toggle_font=&#8221;||||||||&#8221; body_font=&#8221;||||||||&#8221; body_text_align=&#8221;left&#8221; body_text_color=&#8221;#000000&#8243; background_color=&#8221;#fffddc&#8221; hover_enabled=&#8221;0&#8243; border_color_all=&#8221;#f5d6a0&#8243; global_colors_info=&#8221;{}&#8221; sticky_enabled=&#8221;0&#8243;][et_pb_accordion_item title=&#8221;Listening&#8221; open=&#8221;on&#8221; icon_color=&#8221;#e7ab37&#8243; _builder_version=&#8221;4.19.5&#8243; background_color=&#8221;#fffddc&#8221; custom_margin=&#8221;|||0px&#8221; hover_enabled=&#8221;0&#8243; border_radii=&#8221;on|5px|5px|5px|5px&#8221; global_colors_info=&#8221;{}&#8221; sticky_enabled=&#8221;0&#8243;]<\/p>\n<p>soon<\/p>\n<p>[\/et_pb_accordion_item][et_pb_accordion_item title=&#8221;Reviews&#8221; icon_color=&#8221;#e7ab37&#8243; _builder_version=&#8221;4.19.5&#8243; background_color=&#8221;#fffddc&#8221; custom_margin=&#8221;-10px|||&#8221; hover_enabled=&#8221;0&#8243; border_radii=&#8221;on|5px|5px|5px|5px&#8221; global_colors_info=&#8221;{}&#8221; open=&#8221;off&#8221; sticky_enabled=&#8221;0&#8243;]<\/p>\n<p><strong>Ernesto Cordero zur CD \u201cMi silencio&#8221;<\/strong><\/p>\n<p>\u201cMis m\u00e1s sinceras felicitaciones al CD titulado \u201cMi silencio\u201d. &#8230; Considero esta es una producci\u00f3n altamente creativa y musical, en ocasiones se escuchan breves momentos de car\u00e1cter improvisatorio muy bien concebidos. Toda mi admiraci\u00f3n a la hermos\u00edsima y c\u00e1lida voz de Renate Bergmann, &#8230; a la sensible guitarra de Klaus J\u00e4ckle, al c\u00e1lido sonido de la flauta de Wolfgang Auer y al acertado apoyo arm\u00f3nico del contrabajista Tobias Kalisch.\u201d<\/p>\n<p>[\/et_pb_accordion_item][\/et_pb_accordion][\/et_pb_column][\/et_pb_row][\/et_pb_section][et_pb_section fb_built=&#8221;1&#8243; _builder_version=&#8221;4.16&#8243; background_color=&#8221;#fffddc&#8221; border_width_top=&#8221;1px&#8221; border_color_top=&#8221;#e7ab37&#8243; global_colors_info=&#8221;{}&#8221;][et_pb_row _builder_version=&#8221;4.16&#8243; background_size=&#8221;initial&#8221; background_position=&#8221;top_left&#8221; background_repeat=&#8221;repeat&#8221; global_colors_info=&#8221;{}&#8221; column_structure=&#8221;1_3,2_3&#8243;][et_pb_column type=&#8221;1_3&#8243; _builder_version=&#8221;4.16&#8243; custom_padding=&#8221;|||&#8221; global_colors_info=&#8221;{}&#8221; custom_padding__hover=&#8221;|||&#8221;][et_pb_image src=&#8221;http:\/\/www.classicalguitar.de\/wp-content\/uploads\/2018\/07\/07_Out_of_Opera-250.jpg&#8221; align=&#8221;right&#8221; align_tablet=&#8221;center&#8221; align_last_edited=&#8221;on|desktop&#8221; _builder_version=&#8221;4.16&#8243; max_width_tablet=&#8221;100%&#8221; max_width_phone=&#8221;100%&#8221; max_width_last_edited=&#8221;on|phone&#8221; module_alignment=&#8221;right&#8221; custom_margin=&#8221;|||&#8221; border_width_all=&#8221;1px&#8221; border_color_all=&#8221;#e7ab37&#8243; global_colors_info=&#8221;{}&#8221; align_phone=&#8221;center&#8221;][\/et_pb_image][\/et_pb_column][et_pb_column type=&#8221;2_3&#8243; _builder_version=&#8221;4.16&#8243; custom_padding=&#8221;|||&#8221; global_colors_info=&#8221;{}&#8221; custom_padding__hover=&#8221;|||&#8221;][et_pb_text _builder_version=&#8221;4.16&#8243; custom_margin=&#8221;|||20px&#8221; global_colors_info=&#8221;{}&#8221;]<\/p>\n<h3 id=\"h14sjjnbbygn1742q86j7ldzv3vlpuo\">Out of Opera<\/h3>\n<p>CD meta records 032, 2006<\/p>\n<p>Lascia ch\u2019io pianga Rinaldo <b>Handel<br \/>\n<\/b>Pallido il sole Artaserse <b>Hasse<br \/>\n<\/b>Je crois entendre encore Les Pecheurs de Perles <b>Bizet<br \/>\n<\/b>Sebben crudele La costanza in amor vince l&#8217;inganno <b>Caldara<br \/>\n<\/b>Vivi tiranno Rodelinda <b>Handel<br \/>\n<\/b>Caro mio ben <b>Giordani<br \/>\n<\/b>Music for a while Oedipus <b>Purcell<br \/>\n<\/b>Vaga luna che inargenti <b>Bellini<br \/>\n<\/b>Ombra mai fu Serse <b>Handel<br \/>\n<\/b>Tre giorni son che Nina Gli tre cicisbei ridicoli Ciampi Remember me Dido and Aeneas <b>Purcell<br \/>\n<\/b>Gia il sole dal Gange L&#8217;honest\u00e0 negli amori <b>Scarlatti<br \/>\n<\/b>Ma rendi pur contento <b>Bellini<br \/>\n<\/b>Plaisir d\u2019amour <b>Martini<br \/>\n<\/b>Lullabye (Goodnight, My Angel) <b>Billy Joel<\/b><br \/>\nAve Maria <b>Schubert<\/b><\/p>\n<p><b>Johannes Reichert<\/b> Countertenor<br \/>\n<b>Klaus J\u00e4ckle<\/b> Gitarre<br \/>\n<b>Carlo Rossi<\/b> Piano<br \/>\n[\/et_pb_text][et_pb_accordion open_toggle_text_color=&#8221;#e7ab37&#8243; closed_toggle_text_color=&#8221;#e7ab37&#8243; _builder_version=&#8221;4.19.5&#8243; toggle_font=&#8221;||||||||&#8221; body_font=&#8221;||||||||&#8221; body_text_align=&#8221;left&#8221; body_text_color=&#8221;#000000&#8243; background_color=&#8221;#fffddc&#8221; hover_enabled=&#8221;0&#8243; border_color_all=&#8221;#f5d6a0&#8243; global_colors_info=&#8221;{}&#8221; sticky_enabled=&#8221;0&#8243;][et_pb_accordion_item title=&#8221;Listening&#8221; open=&#8221;on&#8221; icon_color=&#8221;#e7ab37&#8243; _builder_version=&#8221;4.19.5&#8243; background_color=&#8221;#fffddc&#8221; custom_margin=&#8221;|||0px&#8221; hover_enabled=&#8221;0&#8243; border_radii=&#8221;on|5px|5px|5px|5px&#8221; global_colors_info=&#8221;{}&#8221; sticky_enabled=&#8221;0&#8243;]<\/p>\n<p><a href=\"https:\/\/www.metarecords.de\/index.php?id=61\" target=\"_blank\" rel=\"noopener noreferrer\">meta records &gt;&gt;<\/a><\/p>\n<p>[\/et_pb_accordion_item][\/et_pb_accordion][\/et_pb_column][\/et_pb_row][\/et_pb_section][et_pb_section fb_built=&#8221;1&#8243; _builder_version=&#8221;4.16&#8243; background_color=&#8221;#fffddc&#8221; border_width_top=&#8221;1px&#8221; border_color_top=&#8221;#e7ab37&#8243; global_colors_info=&#8221;{}&#8221;][et_pb_row _builder_version=&#8221;4.16&#8243; background_size=&#8221;initial&#8221; background_position=&#8221;top_left&#8221; background_repeat=&#8221;repeat&#8221; global_colors_info=&#8221;{}&#8221; column_structure=&#8221;1_3,2_3&#8243;][et_pb_column type=&#8221;1_3&#8243; _builder_version=&#8221;4.16&#8243; custom_padding=&#8221;|||&#8221; global_colors_info=&#8221;{}&#8221; custom_padding__hover=&#8221;|||&#8221;][et_pb_image src=&#8221;http:\/\/www.classicalguitar.de\/wp-content\/uploads\/2018\/07\/08_Bolero-250.jpg&#8221; align=&#8221;right&#8221; align_tablet=&#8221;center&#8221; align_last_edited=&#8221;on|desktop&#8221; _builder_version=&#8221;4.16&#8243; max_width_tablet=&#8221;100%&#8221; max_width_phone=&#8221;100%&#8221; max_width_last_edited=&#8221;on|phone&#8221; module_alignment=&#8221;right&#8221; custom_margin=&#8221;|||&#8221; border_width_all=&#8221;1px&#8221; border_color_all=&#8221;#e7ab37&#8243; global_colors_info=&#8221;{}&#8221; align_phone=&#8221;center&#8221;][\/et_pb_image][\/et_pb_column][et_pb_column type=&#8221;2_3&#8243; _builder_version=&#8221;4.16&#8243; custom_padding=&#8221;|||&#8221; global_colors_info=&#8221;{}&#8221; custom_padding__hover=&#8221;|||&#8221;][et_pb_text _builder_version=&#8221;4.16&#8243; custom_margin=&#8221;|||20px&#8221; global_colors_info=&#8221;{}&#8221;]<\/p>\n<h3 id=\"h14sjjnbbygn1742q86j7ldzv3vlpuo\">Bolero<\/h3>\n<p><span style=\"font-size: large; color: #333333;\">Hybrid SACD\u00a0 | <\/span>Membran Intern. GmbH 2005<\/p>\n<p><b>Georges Bizet<\/b> Carmen-Suite<br \/>\n<b>Camille Saint-Sa\u00ebns<\/b> Havanaise op.83<br \/>\n<b>Claude Debussy<\/b> Soir\u00e9e dans Grenade, Pr\u00e9lude Nr. IX<br \/>\n<b>Maurice Ravel<\/b> Pi\u00e8ce en forme de Habanera, Bolero<\/p>\n<p><strong>Spanish Art Guitar Quartet:<\/strong><br \/>\nKlaus J\u00e4ckle<br \/>\nHeike Matthiesen<br \/>\nArndt Werner Betke<br \/>\nKlaus Feldmann<br \/>\n[\/et_pb_text][et_pb_accordion open_toggle_text_color=&#8221;#e7ab37&#8243; closed_toggle_text_color=&#8221;#e7ab37&#8243; _builder_version=&#8221;4.19.5&#8243; toggle_font=&#8221;||||||||&#8221; body_font=&#8221;||||||||&#8221; body_text_align=&#8221;left&#8221; body_text_color=&#8221;#000000&#8243; background_color=&#8221;#fffddc&#8221; hover_enabled=&#8221;0&#8243; border_color_all=&#8221;#f5d6a0&#8243; global_colors_info=&#8221;{}&#8221; locked=&#8221;off&#8221; sticky_enabled=&#8221;0&#8243;][et_pb_accordion_item title=&#8221;Listening&#8221; open=&#8221;on&#8221; icon_color=&#8221;#e7ab37&#8243; _builder_version=&#8221;4.19.5&#8243; background_color=&#8221;#fffddc&#8221; custom_margin=&#8221;|||0px&#8221; hover_enabled=&#8221;0&#8243; border_radii=&#8221;on|5px|5px|5px|5px&#8221; global_colors_info=&#8221;{}&#8221; sticky_enabled=&#8221;0&#8243;][\/et_pb_accordion_item][et_pb_accordion_item title=&#8221;Reviews&#8221; icon_color=&#8221;#e7ab37&#8243; _builder_version=&#8221;4.19.5&#8243; background_color=&#8221;#fffddc&#8221; custom_margin=&#8221;-10px|||&#8221; hover_enabled=&#8221;0&#8243; border_radii=&#8221;on|5px|5px|5px|5px&#8221; global_colors_info=&#8221;{}&#8221; open=&#8221;off&#8221; sticky_enabled=&#8221;0&#8243;]<\/p>\n<p>CD BOLERO Spanish Art Guitar Quartet NCA 60156-215 SACD<\/p>\n<p>Interpretation: * * * * *<br \/>Klangqualit\u00e4t: * * * * *<br \/>Repertoirewert: * * * * *<br \/>Booklet: * * * * *<\/p>\n<p>Wer kennt sie nicht, die Geschichte der sch\u00f6nen Carmen, Arbeiterin einer Zigarrenfabrik in Sevilla. Unz\u00e4hlige Male wurde ihre Verf\u00fchrungskunst auf der B\u00fchne inszeniert und genauso oft starb sie durch den Dolch des gekr\u00e4nkten Don Jos\u00e9. Als der 1838 geborene Alexandre-C\u00e9sar-L\u00e9opold Bizet, zwei Jahre sp\u00e4ter getauft auf den uns bekannten Namen Georges, am 3. M\u00e4rz 1875 seine Oper \u2018Carmen\u2019 uraufgef\u00fchrt hat, war ihr sp\u00e4terer Erfolg noch nicht absehbar. Die im Publikum sitzenden Komponisten, S\u00e4nger, Kritiker und andere wichtige Personen der K\u00fcnstlerszene urteilten eher m\u00e4\u00dfig \u00fcber das Werk. Sie beanstandeten u. a. die lange Partitur sowie dessen Melodiearmut. Einzig Peter Tschaikowsky, der die Originalinszenierung in Paris besuchte, wusste, dass diese Oper in einigen Jahren zu den beliebtesten der Welt z\u00e4hlen wird.<br \/>Auf der bei New Classical Adventure erschienenen CD \u2018Bolero\u2019 trifft der H\u00f6rer zwar nicht leibhaftig, aber doch musikalisch auf Carmen. Diesmal in einer Bearbeitung von Klaus J\u00e4ckle f\u00fcr vier Gitarren. Bizets \u2018Carmen-Suite\u2019 wird \u2013 um es gleich vorweg zu nehmen \u2013 hervorragend vom Spanish Art Guitar Quartet interpretiert, zu dem weiter in der Stimmenfolge Heike Matthiesen, Arndt Werner Bethke und Klaus Feldmann geh\u00f6ren.<\/p>\n<p><strong>Einheit im Design<\/strong><\/p>\n<p>Bereits der Blick auf die CD-H\u00fclle l\u00e4sst ihre geschmackvolle Aufmachung erkennen. Durch die \u00e4u\u00dferst ansprechende (Farb-)gestaltung sowohl des Covers als auch des Booklets dr\u00e4ngt sich dem Betrachter unweigerlich die Assoziation mit spanischen Themen auf. Schwarz und rot als Farben des Flamenco, des Stierkampfs und des spanischen Tanzes Bolero.<br \/>Das dreisprachige Booklet komplettiert die seltene Einheit zwischen Design, welches um die CD herum ist und dem musikalischen Sujet, welches die CD beinhaltet.<\/p>\n<p><strong>Einheit in der Musik<\/strong><\/p>\n<p>Das Quartett existiert seit 1996 und konzertiert in dieser Besetzung seit vergangenem Jahr. Es ist besonders der spanischen Musik verpflichtet. Jedes Mitglied profitiert von einer Solokarriere und bringt so die spieltechnischen Voraussetzungen f\u00fcr die Ensemblearbeit mit. Die gesamte Einspielung ist von einer bemerkenswerten Einheit im Zusammenspiel gepr\u00e4gt. Jede dynamische Wendung wird von allen Mitgliedern gleicherma\u00dfen umgesetzt, Generalpausen im \u2018Soir\u00e9e dans Grenade\u2019 von Claude Debussy in der Bearbeitung von James F. Smith und J\u00e4ckle werden gemeinsam geatmet und selbst beim h\u00f6chst beeindruckenden accelerando am Ende der \u2018Danse boh\u00e9mienne\u2019 aus der \u2018Carmen-Suite\u2019 ziehen alle am gemeinsamen musikalischen Strang. Weiterhin wird es jeweils der melodief\u00fchrenden Stimme erm\u00f6glicht, ihr Motiv wirkungsvoll in den Raum zu tragen. Besonders deutlich werden die Wechsel zwischen den bedeutungsvollen Stimmen in der \u2018Havanaise op. 83\u2019 von Camille Saint-Sa\u00ebns in einer Bearbeitung von Klaus Feldmann. Hier wird sowohl durch die perfekte Phrasierung, die Hervorhebung der wichtigen Stimmen als auch durch die ausgezeichnete Klangqualit\u00e4t eine hoch spannungsvolle Interpretation geboten. Mit diesem St\u00fcck wird klar, dass in einem Quartett jede einzelne Stimme ihren Teil zur Gestaltung beitragen muss.<\/p>\n<p>Durch die gesamte CD zieht sich eine ungewohnt breite Spanne an Dynamik und Artikulationsvielfalt. Zus\u00e4tzlich folgen schon in der Er\u00f6ffnung der Einspielung mit der \u2018Carmen-Suite\u2019 ein feuriges Tempo, klangvolle Rasgueados und unterschiedliche Klangfarben. Das Quartett spielt ein pianissimo, das ich so auf einer Gitarren-CD noch nicht vernommen habe. Alle Interpretationen zeichnen sich durch ein enorm ausgefeiltes, technisch einwandfreies und ohne Lagenwechselger\u00e4usche sauberes Spiel aller Quartettmitglieder aus. So auch das \u2018Pr\u00e9lude Nr. IX (La s\u00e9r\u00e9nade interrompue)\u2019 von Debussy, bearbeitet von Feldmann und \u2018Pi\u00e8ce en forme de Habanera\u2019 von Maurice Ravel.<\/p>\n<p>Der CD-Ausklang wird mit dessen Bolero in der Bearbeitung von J\u00e4ckle gestaltet. Hier b\u00fcndelt sich noch einmal all das, was bereits schon hoch gelobt wurde und l\u00e4sst keinen Zweifel, dass diese Einspielung mit ihren fantastischen Bearbeitungen zum Teil sehr bekannter spanischer Kompositionen \u00fcberaus zu empfehlen ist und gerade jetzt zu Weihnachten ein passendes Geschenk sein kann.<\/p>\n<p><strong>Kritik von Maxi L\u00f6ffler, 27.12.2005, klassik.com<\/strong><\/p>\n<p>[\/et_pb_accordion_item][\/et_pb_accordion][\/et_pb_column][\/et_pb_row][\/et_pb_section][et_pb_section fb_built=&#8221;1&#8243; _builder_version=&#8221;4.16&#8243; background_color=&#8221;#fffddc&#8221; border_width_top=&#8221;1px&#8221; border_color_top=&#8221;#e7ab37&#8243; global_colors_info=&#8221;{}&#8221;][et_pb_row _builder_version=&#8221;4.16&#8243; background_size=&#8221;initial&#8221; background_position=&#8221;top_left&#8221; background_repeat=&#8221;repeat&#8221; global_colors_info=&#8221;{}&#8221; column_structure=&#8221;1_3,2_3&#8243;][et_pb_column type=&#8221;1_3&#8243; _builder_version=&#8221;4.16&#8243; custom_padding=&#8221;|||&#8221; global_colors_info=&#8221;{}&#8221; custom_padding__hover=&#8221;|||&#8221;][et_pb_image src=&#8221;http:\/\/www.classicalguitar.de\/wp-content\/uploads\/2018\/07\/09_Diabelli-Profil-250.jpg&#8221; align=&#8221;right&#8221; align_tablet=&#8221;center&#8221; align_last_edited=&#8221;on|desktop&#8221; _builder_version=&#8221;4.16&#8243; max_width_tablet=&#8221;100%&#8221; max_width_phone=&#8221;100%&#8221; max_width_last_edited=&#8221;on|phone&#8221; module_alignment=&#8221;right&#8221; custom_margin=&#8221;|||&#8221; border_width_all=&#8221;1px&#8221; border_color_all=&#8221;#e7ab37&#8243; global_colors_info=&#8221;{}&#8221; align_phone=&#8221;center&#8221;][\/et_pb_image][\/et_pb_column][et_pb_column type=&#8221;2_3&#8243; _builder_version=&#8221;4.16&#8243; custom_padding=&#8221;|||&#8221; global_colors_info=&#8221;{}&#8221; custom_padding__hover=&#8221;|||&#8221;][et_pb_text _builder_version=&#8221;4.16&#8243; custom_margin=&#8221;|||20px&#8221; global_colors_info=&#8221;{}&#8221;]<\/p>\n<h3 id=\"h14sjjnbbygn1742q86j7ldzv3vlpuo\">Anton Diabelli: Grande Sonate Brillante<\/h3>\n<p><span style=\"font-size: large; color: #333333;\"><strong>Auskopplung der Instrumentalst\u00fccke aus der CD-Box Diabelli (s.u.)<br \/>\n<\/strong><\/span><\/p>\n<p>CD H\u00e4nssler PH 04085 (2005\/2001)<\/p>\n<p>Sonatine f\u00fcr Gitarre und Hammerklavier A-Dur, op.68, Sonate f\u00fcr Gitarre C-Dur op.29\/1, 3 St\u00fccke f\u00fcr Gitarre und Hammerklavier op.10, Grande Sonate brillante f\u00fcr Gitarre und Hammerklavier d-moll, op.102, \u201eTrauer-Marsch auf den Tod des Herrn Michael Haydn\u201c f\u00fcr Gitarre d-moll, op.20, St\u00fccke f\u00fcr Klavier zu vier H\u00e4nden<\/p>\n<p><b>Salzburger Hofmusik<\/b><br \/>\nWolfgang Brunner, Hammerklavier<br \/>\nKlaus J\u00e4ckle, Gitarre<br \/>\nLeonore von Stauss, Hammerklavier<br \/>\n[\/et_pb_text][et_pb_accordion open_toggle_text_color=&#8221;#e7ab37&#8243; closed_toggle_text_color=&#8221;#e7ab37&#8243; _builder_version=&#8221;4.19.5&#8243; toggle_font=&#8221;||||||||&#8221; body_font=&#8221;||||||||&#8221; body_text_align=&#8221;left&#8221; body_text_color=&#8221;#000000&#8243; background_color=&#8221;#fffddc&#8221; hover_enabled=&#8221;0&#8243; border_color_all=&#8221;#f5d6a0&#8243; global_colors_info=&#8221;{}&#8221; locked=&#8221;off&#8221; sticky_enabled=&#8221;0&#8243;][et_pb_accordion_item title=&#8221;Listening&#8221; open=&#8221;on&#8221; icon_color=&#8221;#e7ab37&#8243; _builder_version=&#8221;4.19.5&#8243; background_color=&#8221;#fffddc&#8221; custom_margin=&#8221;|||0px&#8221; hover_enabled=&#8221;0&#8243; border_radii=&#8221;on|5px|5px|5px|5px&#8221; global_colors_info=&#8221;{}&#8221; sticky_enabled=&#8221;0&#8243;][\/et_pb_accordion_item][et_pb_accordion_item title=&#8221;Reviews&#8221; icon_color=&#8221;#e7ab37&#8243; _builder_version=&#8221;4.19.5&#8243; background_color=&#8221;#fffddc&#8221; custom_margin=&#8221;-10px|||&#8221; hover_enabled=&#8221;0&#8243; border_radii=&#8221;on|5px|5px|5px|5px&#8221; global_colors_info=&#8221;{}&#8221; open=&#8221;off&#8221; sticky_enabled=&#8221;0&#8243;]<\/p>\n<p>Heute d\u00fcrfte Anton Diabelli seine Bekanntheit zu einem Gutteil den Diabelli-Variationen Beethovens verdanken, die dieser \u00fcber dessen Walzerthema komponiert hat. \u00dcber Diabellis Aufruf, f\u00fcr seine Sammlung jeweils eine einzelne Variation beizusteuern, war Beethoven bekannterma\u00dfen weit hinausgegangen. Der geachtete Komponist und erfolgreiche Musikverleger Diabelli hatte sein musikalisches Handwerk bei Michael Haydn erlernt. In Wien bet\u00e4tigte er sich zun\u00e4chst einmal als Lehrer f\u00fcr Klavier und Gitarre. Der intensive k\u00fcnstlerische Austausch mit dem italienischen Gitarrenvirtuosen Mauro Giuliani, der 1807 nach Wien gekommen war, hatte Diabelli zu einer Vielzahl von Werken f\u00fcr Sologitarre und Kammermusik f\u00fcr Gitarre in Verbindung mit Klavier angeregt.<\/p>\n<p>Zusammen mit einigen vierh\u00e4ndigen Klavierwerken hat das Ensemble \u201eSalzburger Hofmusik\u201c nun einen Ausschnitt dieses Schaffens vorgelegt. Die Besetzung der \u201eSalzburger Hofmusik\u201c \u2013 als Spiritus Rector zeichnet seit der Gr\u00fcndung des Ensembles im Jahr 1991 der Pianist und Salzburger Mozarteumsdozent Wolfgang Brunner verantwortlich \u2013 richtet sich nach den gegebenen Erfordernissen. Hier nun agieren unter diesem Ensemblenamen neben Wolfgang Brunner die Pianistin Leonore von Stauss und der Gitarrist Klaus J\u00e4ckle. Beide studierten am Mozarteum in Salzburg. Sie alle finden f\u00fcr Diabellis gef\u00e4lligen musikalischen Duktus lebendig und spannungsreich durchgestaltete interpretatorische L\u00f6sungen. Die klangliche Mischung von Hammerfl\u00fcgel (ein Instrument von Ignaz Besendorfer aus dem Jahr 1835) und Gitarre erweist sich dabei als ungemein apart. Manchmal klingen die parallel gef\u00fchrten Stimmlinien der beiden Instrumente wie ein spezieller Registerzug des Hammerfl\u00fcgels, was es ja seinerzeit durchaus gab.<\/p>\n<p>Zentrales Werk dieser Einspielung ist Diabellis Grande Sonate brillante d-Moll op. 102, deren Kopfsatz es Wolfgang Brunner und Klaus J\u00e4ckle erlaubt, auch einmal zu einem dramatischeren Gestus auszuholen. Sehr differenziert geht Klaus J\u00e4ckle die Solost\u00fccke (darunter ein Trauermarsch auf den Todt des Herrn Michael Haydn (\u2026) op. 20 und die Sonate C-Dur op. 29\/1) f\u00fcr Gitarre an. Innerhalb seiner ausdrucksm\u00e4\u00dfig und dynamisch variablen Tongebung, mit der er voller Inspiration dem Charakter der Musik nachsp\u00fcrt, wahrt er stets eine saubere Intonation und eine geschmeidige, ebenm\u00e4\u00dfige klangliche Linie, und er vermag zudem die unvermeidlichen Griffger\u00e4usche weitgehend zu unterdr\u00fccken.<\/p>\n<p>Die vierh\u00e4ndigen Klavierwerke (darunter auch die Sonate d-Moll op. 163\/6) verstehen Wolfgang Brunner und Leonore von Stauss konturenreich zu profilieren. Sie gehen an diese Werke mit spritziger Eleganz (die im Diskant allerdings manchmal auch eine gewisse H\u00e4rte annimmt), aber auch mit warmer Empfindung heran, sie wissen deren Duktus rhythmisch aufzurauen, ihn aber auch weich zu gl\u00e4tten, und sie finden zu lebendigen Wechseln der Beleuchtung und zu einer feinsinnigen agogischen Belebung. Und ganz am Schluss dieser Einspielung klingt dann auch das kleine St\u00fcck noch an, das den Namen Diabelli im Ged\u00e4chtnis haften bleiben lie\u00df, sein Walzer, mit dem er seine Kollegen zu Variationen desselben aufgerufen hatte.<\/p>\n<p><strong>Thomas Bopp<\/strong><br \/><strong>Orchester, 05\/2005<\/strong><\/p>\n<p>[\/et_pb_accordion_item][\/et_pb_accordion][\/et_pb_column][\/et_pb_row][\/et_pb_section][et_pb_section fb_built=&#8221;1&#8243; _builder_version=&#8221;4.16&#8243; background_color=&#8221;#fffddc&#8221; border_width_top=&#8221;1px&#8221; border_color_top=&#8221;#e7ab37&#8243; global_colors_info=&#8221;{}&#8221;][et_pb_row _builder_version=&#8221;4.16&#8243; background_size=&#8221;initial&#8221; background_position=&#8221;top_left&#8221; background_repeat=&#8221;repeat&#8221; global_colors_info=&#8221;{}&#8221; column_structure=&#8221;1_3,2_3&#8243;][et_pb_column type=&#8221;1_3&#8243; _builder_version=&#8221;4.16&#8243; custom_padding=&#8221;|||&#8221; global_colors_info=&#8221;{}&#8221; custom_padding__hover=&#8221;|||&#8221;][et_pb_image src=&#8221;http:\/\/www.classicalguitar.de\/wp-content\/uploads\/2018\/07\/10_Paganini_Giuliani-250.jpg&#8221; align=&#8221;right&#8221; align_tablet=&#8221;center&#8221; align_last_edited=&#8221;on|desktop&#8221; _builder_version=&#8221;4.16&#8243; max_width_tablet=&#8221;100%&#8221; max_width_phone=&#8221;100%&#8221; max_width_last_edited=&#8221;on|phone&#8221; module_alignment=&#8221;right&#8221; custom_margin=&#8221;|||&#8221; border_width_all=&#8221;1px&#8221; border_color_all=&#8221;#e7ab37&#8243; global_colors_info=&#8221;{}&#8221; align_phone=&#8221;center&#8221;][\/et_pb_image][\/et_pb_column][et_pb_column type=&#8221;2_3&#8243; _builder_version=&#8221;4.16&#8243; custom_padding=&#8221;|||&#8221; global_colors_info=&#8221;{}&#8221; custom_padding__hover=&#8221;|||&#8221;][et_pb_text _builder_version=&#8221;4.16&#8243; custom_margin=&#8221;|||20px&#8221; global_colors_info=&#8221;{}&#8221;]<\/p>\n<h3 id=\"h14sjjnbbygn1742q86j7ldzv3vlpuo\">Paganini \u2013 Giuliani<\/h3>\n<p>CD meta records (2003)<\/p>\n<p><b>Mauro Giuliani<\/b> Duo Concertant op.25, complete version (vl\/git)<br \/>\n<b>Niccol\u00f3 Paganini<\/b> Nel cor piu non mi sento (vl solo), Cantabile (vl\/git)<br \/>\n<b>Mauro Giuliani<\/b> Gran Sonata Eroica op.150 (git solo)<br \/>\n<b>Niccol\u00f3 Paganini<\/b> Tarantella (vl\/git)<\/p>\n<p><strong>Friedemann Amadeus Treiber <\/strong>Violine<strong><br \/>\nKlaus J\u00e4ckle<\/strong> Gitarre<br \/>\n[\/et_pb_text][et_pb_accordion open_toggle_text_color=&#8221;#e7ab37&#8243; closed_toggle_text_color=&#8221;#e7ab37&#8243; _builder_version=&#8221;4.19.5&#8243; toggle_font=&#8221;||||||||&#8221; body_font=&#8221;||||||||&#8221; body_text_align=&#8221;left&#8221; body_text_color=&#8221;#000000&#8243; background_color=&#8221;#fffddc&#8221; hover_enabled=&#8221;0&#8243; border_color_all=&#8221;#f5d6a0&#8243; global_colors_info=&#8221;{}&#8221; locked=&#8221;off&#8221; sticky_enabled=&#8221;0&#8243;][et_pb_accordion_item title=&#8221;Listening&#8221; open=&#8221;on&#8221; icon_color=&#8221;#e7ab37&#8243; _builder_version=&#8221;4.19.5&#8243; background_color=&#8221;#fffddc&#8221; custom_margin=&#8221;|||0px&#8221; hover_enabled=&#8221;0&#8243; border_radii=&#8221;on|5px|5px|5px|5px&#8221; global_colors_info=&#8221;{}&#8221; sticky_enabled=&#8221;0&#8243;]<\/p>\n<p><a href=\"https:\/\/meta21.weebly.com\/018-paganini-jaumlckle.html\" target=\"_blank\" rel=\"noopener\" title=\"Paganini Giuliani\">meta records &gt;&gt;<\/a><\/p>\n<p>[\/et_pb_accordion_item][et_pb_accordion_item title=&#8221;Reviews&#8221; icon_color=&#8221;#e7ab37&#8243; _builder_version=&#8221;4.19.5&#8243; background_color=&#8221;#fffddc&#8221; custom_margin=&#8221;-10px|||&#8221; hover_enabled=&#8221;0&#8243; border_radii=&#8221;on|5px|5px|5px|5px&#8221; global_colors_info=&#8221;{}&#8221; open=&#8221;off&#8221; sticky_enabled=&#8221;0&#8243;]<\/p>\n<p>Niccol\u00f2 Paganini ist Legende. Ein D\u00e4mon, Zauberer, Gespenst wurde er genannt, zahlreiche Anekdoten ranken sich um seine Auftritte und sein Leben. H\u00f6rt man seine Kompositionen, dann ist von diesem Mythos noch etwas zu sp\u00fcren. Zumindest, wenn sie so gespielt werden wie auf dieser CD. Der Geiger Friedmann Amadeus Treiber und der Gitarrist Klaus J\u00e4ckle stellen sich der Herausforderung, Paganini zu spielen &#8211; und meistern sie. Zwei k\u00fcrzere Paganini-Werke f\u00fcr Gitarre und Violine sind auf diesem Album vertreten (Paganini brillierte sowohl als Violinen- wie auch als Gitarren-Virtuose). Hinzu kommen die anspruchsvollen Arien-Variationen Nel cor piu mi sento f\u00fcr Solo-Violine ein Paradest\u00fcck f\u00fcr Treiber, der sich virtuos durch die extrovertierten Klippen der Partitur spielt.<\/p>\n<p>Weniger k\u00fchn dagegen wirken die Kompositionen des ebenfalls aus Italien stammenden Zeitgenossen Mauro Giuliani. In Nachbarschaft zu Paganini erscheint sein Duo Concertant fast lieblich. Doch das Duo Treiber\/J\u00e4ckle packt die Partitur auch hier mit viel Verve an und macht daraus ein \u00fcberzeugendes St\u00fcck Musik. Bei der 15-min\u00fctigen Gran Sonata Eroica tritt Klaus J\u00e4ckle &#8211; einer der bekanntesten deutschen Gitarristen &#8211; solistisch in Erscheinung. Durch das zupackende und dennoch genaue Spiel J\u00e4ckles wird die Sonate zum H\u00f6rerlebnis. J\u00e4ckles voller Ton passt dabei sehr gut zum Kompositionsstil Giulianis. Mit dieser gelungenen CD setzen Klaus J\u00e4ckle und Friedemann Amadeus Treiber ihre mit dem Album \u201eTango\u201c begonnene erfolgreiche Zusammenarbeit fort. Auf einen Einf\u00fchrungstext im CD-Booklet wurde leider verzichtet.<br \/><strong>Frank Gerdes, Klassik Heute 29.04.2004<\/strong><\/p>\n<p>&nbsp;<\/p>\n<p>Teufelsgeiger trifft Meistergitarristen<br \/>Neue CD des Duos J\u00e4ckle\/Treiber<\/p>\n<p>Sie waren Besessene, ein bisschen unnahbar, gleichzeitig mit hoher Sensibilit\u00e4t begabt und vor allem un\u00fcbertroffenen Meister ihres Instruments. Die Rede ist vom \u201eTeufelsgeiger\u201c Niccol\u00f2 Paganini (1782-1840) und seinem Kollegen Mauro Giuliani (1781-1829), der in etwa das f\u00fcr die Gitarre darstellt, was Paganini f\u00fcr die Geige leistete, aber nur halb so ber\u00fchmt wurde.<\/p>\n<p>Diese beiden Landsleute vereint nun eine CD, f\u00fcr die sich der N\u00fcrnberger Gitarrist Klaus J\u00e4ckle mit dem Geiger Friedemann Amadeus Treiber zusammengefunden hat. Nach ihrer Tango-Scheibe hat das Duo nun Originalkompositionen f\u00fcr diese ganz spezielle Klangpaarung ausgegraben, die h\u00f6chst reizvoll sind. Etwa Giulianis fast schon sinfonieartig ausholendes \u201eDuo Concertant\u201c mit einem wundersch\u00f6nen, langsamen Variationen-Satz oder Paganinis wirbelnde \u201eTarantella\u201c, die als Kehraus dient.<\/p>\n<p>Dennoch sind die gewichtigsten Werke auf der beim Berliner Label \u201emeta records\u201c geschmackvoll edierten CD, die in Erlangen aufgenommen wurde, solistischer Natur. Wie vielschichtig, klar strukturiert und emphatisch Klaus J\u00e4ckle doch Giulianis \u201eGran Sonata Eroica\u201c anlegt als handle es sich in Wirklichkeit um ein Meisterst\u00fcck f\u00fcr Pianisten!<\/p>\n<p>Absolut sinnlich und nicht nur als Virtuosen-Eskapade nimmt sich auch Friedemann Amadeus Treiber, der auch selbst komponiert, gewichtige Paganini-Variationen vor. Nicht nur Beethoven hat die Bravourarie \u201eNel cor piu non mi sento\u201c aus Paisiellos \u201eLa molinara\u201c (Die M\u00fcllerin) zu einem Zyklus angeregt. Filigrane, ganz aus sich heraus lebende Musik f\u00fcr besonders aparte Stunden. j.v.<br \/><strong>N\u00fcrnberger Nachrichten, 21. August 2003<\/strong><\/p>\n<p>[\/et_pb_accordion_item][\/et_pb_accordion][\/et_pb_column][\/et_pb_row][\/et_pb_section][et_pb_section fb_built=&#8221;1&#8243; _builder_version=&#8221;4.16&#8243; background_color=&#8221;#fffddc&#8221; border_width_top=&#8221;1px&#8221; border_color_top=&#8221;#e7ab37&#8243; global_colors_info=&#8221;{}&#8221;][et_pb_row _builder_version=&#8221;4.16&#8243; background_size=&#8221;initial&#8221; background_position=&#8221;top_left&#8221; background_repeat=&#8221;repeat&#8221; global_colors_info=&#8221;{}&#8221; column_structure=&#8221;1_3,2_3&#8243;][et_pb_column type=&#8221;1_3&#8243; _builder_version=&#8221;4.16&#8243; custom_padding=&#8221;|||&#8221; global_colors_info=&#8221;{}&#8221; custom_padding__hover=&#8221;|||&#8221;][et_pb_image src=&#8221;http:\/\/www.classicalguitar.de\/wp-content\/uploads\/2018\/07\/11_Miniaturen-250.jpg&#8221; align=&#8221;right&#8221; align_tablet=&#8221;center&#8221; align_last_edited=&#8221;on|desktop&#8221; _builder_version=&#8221;4.16&#8243; max_width_tablet=&#8221;100%&#8221; max_width_phone=&#8221;100%&#8221; max_width_last_edited=&#8221;on|phone&#8221; module_alignment=&#8221;right&#8221; custom_margin=&#8221;|||&#8221; border_width_all=&#8221;1px&#8221; border_color_all=&#8221;#e7ab37&#8243; global_colors_info=&#8221;{}&#8221; align_phone=&#8221;center&#8221;][\/et_pb_image][\/et_pb_column][et_pb_column type=&#8221;2_3&#8243; _builder_version=&#8221;4.16&#8243; custom_padding=&#8221;|||&#8221; global_colors_info=&#8221;{}&#8221; custom_padding__hover=&#8221;|||&#8221;][et_pb_text _builder_version=&#8221;4.16&#8243; custom_margin=&#8221;|||20px&#8221; global_colors_info=&#8221;{}&#8221;]<\/p>\n<h3 id=\"h14sjjnbbygn1742q86j7ldzv3vlpuo\">Klaus Feldmann \u2013 Miniaturen<\/h3>\n<p>CD NCA 60119-215 (2002)<strong><br \/>\n<\/strong><\/p>\n<p>1 Konzert f\u00fcr 2 Gitarren und Kammerorchester (1981\/82)<br \/>\n2 Hommage \u00e0 Debussy (vla\/git) (1978)<br \/>\n3 Serenade f\u00fcr Oboe und Gitarre (1980)<br \/>\n4 Concertino f\u00fcr Gitarre und Streicher (1984)<br \/>\n5 Dodeka-Suite (fl\/git)(1981)<br \/>\n6 Concertino f\u00fcr Gitarre und Kammerorchester (1978)<\/p>\n<p><strong>Gudrun Reschke <\/strong>Oboe (3)<br \/>\n<strong>Elisabeth Riessbeck<\/strong> Fl\u00f6te (5)<br \/>\n<strong>Eberhard W\u00fcnsch<\/strong> Viola (2)<br \/>\n<strong>Arndt Werner Bethke<\/strong> Gitarre (2, 4)<br \/>\n<strong>Klaus Feldmann<\/strong> Gitarre (3)<br \/>\n<strong>Klaus J\u00e4ckle<\/strong> Gitarre (5, 6)<br \/>\n<strong>Klaus und Rainer Feldmann<\/strong> Gitarrenduo (1)<\/p>\n<p><strong>Deutsches Filmorchester Babelsberg<\/strong><br \/>\nDirigent: Scott Lawton<br \/>\n[\/et_pb_text][\/et_pb_column][\/et_pb_row][\/et_pb_section][et_pb_section fb_built=&#8221;1&#8243; _builder_version=&#8221;4.16&#8243; background_color=&#8221;#fffddc&#8221; border_width_top=&#8221;1px&#8221; border_color_top=&#8221;#e7ab37&#8243; global_colors_info=&#8221;{}&#8221;][et_pb_row _builder_version=&#8221;4.16&#8243; background_size=&#8221;initial&#8221; background_position=&#8221;top_left&#8221; background_repeat=&#8221;repeat&#8221; global_colors_info=&#8221;{}&#8221; column_structure=&#8221;1_3,2_3&#8243;][et_pb_column type=&#8221;1_3&#8243; _builder_version=&#8221;4.16&#8243; custom_padding=&#8221;|||&#8221; global_colors_info=&#8221;{}&#8221; custom_padding__hover=&#8221;|||&#8221;][et_pb_image src=&#8221;http:\/\/www.classicalguitar.de\/wp-content\/uploads\/2018\/07\/12_Vaistism-250.jpg&#8221; align=&#8221;right&#8221; align_tablet=&#8221;center&#8221; align_last_edited=&#8221;on|desktop&#8221; _builder_version=&#8221;4.16&#8243; max_width_tablet=&#8221;100%&#8221; max_width_phone=&#8221;100%&#8221; max_width_last_edited=&#8221;on|phone&#8221; module_alignment=&#8221;right&#8221; custom_margin=&#8221;|||&#8221; border_width_all=&#8221;1px&#8221; border_color_all=&#8221;#e7ab37&#8243; global_colors_info=&#8221;{}&#8221; align_phone=&#8221;center&#8221;][\/et_pb_image][\/et_pb_column][et_pb_column type=&#8221;2_3&#8243; _builder_version=&#8221;4.16&#8243; custom_padding=&#8221;|||&#8221; global_colors_info=&#8221;{}&#8221; custom_padding__hover=&#8221;|||&#8221;][et_pb_text _builder_version=&#8221;4.16&#8243; custom_margin=&#8221;|||20px&#8221; global_colors_info=&#8221;{}&#8221;]<\/p>\n<h3 id=\"h14sjjnbbygn1742q86j7ldzv3vlpuo\">Vaistism<\/h3>\n<p><span style=\"font-size: large; color: #333333;\"><strong>Neue Musik aus Estland<b style=\"line-height: 90%;\"><br \/>\n<\/b><\/strong><\/span><\/p>\n<p>CD NCA 60116-215 (2002)<\/p>\n<p><b>Ren\u00e9 Eespere<\/b> Trivium (fl\/vl\/git)<br \/>\n<b>Jaan R\u00e4\u00e4ts<\/b> Allegro op.93 (vl\/git)<br \/>\n<b>Erkki-Sven T\u00fc\u00fcr<\/b> Drama (fl\/vl\/git)<br \/>\n<b>T\u00f5nu K\u00f5rvits<\/b> To my spiritual brother (alt-fl\/git)<br \/>\n<b>Raimo Kangro<\/b> Idiomen op.43a (fl\/vl\/git)<br \/>\n<b>Ren\u00e9 Eespere<\/b> Evocatio (git solo)<br \/>\n<b>Peeter V\u00e4hi<\/b> Mystical Uniting (fl\/vl\/git)<\/p>\n<p><strong>Elisabeth Riessbeck<\/strong>, Fl\u00f6te<br \/>\n<strong>Alexander Janiczek<\/strong> Violine<br \/>\n<strong>Klaus J\u00e4ckle<\/strong> Gitarre<br \/>\n[\/et_pb_text][et_pb_accordion open_toggle_text_color=&#8221;#e7ab37&#8243; closed_toggle_text_color=&#8221;#e7ab37&#8243; _builder_version=&#8221;4.19.5&#8243; toggle_font=&#8221;||||||||&#8221; body_font=&#8221;||||||||&#8221; body_text_align=&#8221;left&#8221; body_text_color=&#8221;#000000&#8243; background_color=&#8221;#fffddc&#8221; hover_enabled=&#8221;0&#8243; border_color_all=&#8221;#f5d6a0&#8243; global_colors_info=&#8221;{}&#8221; locked=&#8221;off&#8221; sticky_enabled=&#8221;0&#8243;][et_pb_accordion_item title=&#8221;Listening&#8221; open=&#8221;on&#8221; icon_color=&#8221;#e7ab37&#8243; _builder_version=&#8221;4.19.5&#8243; background_color=&#8221;#fffddc&#8221; custom_margin=&#8221;|||0px&#8221; hover_enabled=&#8221;0&#8243; border_radii=&#8221;on|5px|5px|5px|5px&#8221; global_colors_info=&#8221;{}&#8221; sticky_enabled=&#8221;0&#8243;][\/et_pb_accordion_item][et_pb_accordion_item title=&#8221;Reviews&#8221; icon_color=&#8221;#e7ab37&#8243; _builder_version=&#8221;4.19.5&#8243; background_color=&#8221;#fffddc&#8221; custom_margin=&#8221;-10px|||&#8221; hover_enabled=&#8221;0&#8243; border_radii=&#8221;on|5px|5px|5px|5px&#8221; global_colors_info=&#8221;{}&#8221; open=&#8221;off&#8221; sticky_enabled=&#8221;0&#8243;]<\/p>\n<p>\u201eZum interessantesten Repertoire des ausgehenden 20.Jahrhunderts z\u00e4hlt die Musik Estlands&#8230;zu empfehlen.\u201c<br \/><strong>FONO FORUM 10\/2002<\/strong><\/p>\n<p>\u201eDass Musizieren Spa\u00df machen darf, davon sind die estnischen Komponisten ebenso \u00fcberzeugt wie ihre exzellenten deutschen Interpreten, die ihnen mit dieser CD westw\u00e4rts eine Gasse schlagen.\u201c<br \/><strong>Lutz Lesle, Neue Zeitschrift f\u00fcr Musik 4\/02<\/strong><\/p>\n<p>&nbsp;<\/p>\n<p>Stimmen des Baltikums<br \/>\u201eDistant Voices\u201c pr\u00e4sentierten estnische Kammermusik<\/p>\n<p>\u201eWer den estnischen Klang erfassen und begreifen will, begibt sich auf eine spannende Entdeckungsfahrt: Estland ist bisweilen immer noch die ferne Unbekannte, eine musikalische Landschaft voller r\u00e4tselhafter Sch\u00f6nheiten, klingendes Neuland . . .\u201c Unter dem Motto \u201eDistant Voices\u201c, das den bemerkenswerten Abend mit neuer Kammermusik aus Estland wie ein roter Faden durchzog, lie\u00df sich ein gleicherma\u00dfen zahlreiches wie interessiertes Publikum zu den fernen Stimmen des Baltikums entf\u00fchren.<\/p>\n<p>Reizvoller Kontrast<br \/>In der Besetzung Fl\u00f6te, Gitarre und Violine interpretierten Elisabeth Rie\u00dfbeck, Klaus J\u00e4ckle und Alexander Janiczek hier im Rahmen von \u201eMusik in M\u00f6geldorf\u201c zeitgen\u00f6ssische estnische Kompositionen, zu denen Werke von Bach und Schubert einen reizvollen Kontrast lieferten.<br \/>Jan R\u00e4\u00e4ts\u2019 feuriges \u201eAllegro\u201c wie Erkki-Sven T\u00fc\u00fcrs schon durch den Titel charakterisiertes \u201eDrama\u201c zeichneten sich vor allem durch eine beinahe beklemmende Intensit\u00e4t aus, der die individuelle Klangsprache der Komponisten und nicht zuletzt das perfekte, temperamentvolle Spiel des Trios zu unmittelbarer Wirkung verhalfen.<br \/>In Ren\u00e9 Eesperes \u201eTrivium\u201c und Peeter V\u00e4his \u201eMystical Uniting\u201c kamen die lyrischen Qualit\u00e4ten des Ensembles besonders zur Geltung: weite Spannungsb\u00f6gen, sensible Tongebung und feinste dynamische Nuancen lie\u00dfen die ruhig flie\u00dfende und dabei fast schon meditative Musik zu einem ganz besonderen H\u00f6rerlebnis werden.<\/p>\n<p>Verinnerlicht gespielt<br \/>Einen weiteren H\u00f6hepunkt setzte Alexander Janiczek mit Bachs Ciaccona f\u00fcr Violine solo, die der Konzertmeister des Scottish Chamber Orchestra auf seiner Stradivarius von 1716 verinnerlicht und fesselnd interpretierte. Mitrei\u00dfend gelang auch die von Klaus J\u00e4ckle f\u00fcr Violine und Gitarre eingerichtete Fassung von Schuberts agiler Sonate in A-Dur. Begeisterter Applaus f\u00fcr Elisabeth Rie\u00dfbeck, Klaus J\u00e4ckle und Alexander Janiczek und zwei spannende Stunden mit Kammermusik auf h\u00f6chstem Niveau. e.b.<br \/>Die K\u00fcnstler dieses Konzerts haben diese Musik auch auf einer aktuellen CD ver\u00f6ffentlicht: \u201eVaistism \u2013 Neue Musik aus Estland\u201c, Elisabeth Rie\u00dfbeck, Alexander Janiczek, Klaus J\u00e4ckle, NCA, 60116-215<br \/><strong>N\u00fcrnberger Zeitung 27.02.2002<\/strong><\/p>\n<p>[\/et_pb_accordion_item][\/et_pb_accordion][\/et_pb_column][\/et_pb_row][\/et_pb_section][et_pb_section fb_built=&#8221;1&#8243; _builder_version=&#8221;4.16&#8243; background_color=&#8221;#fffddc&#8221; border_width_top=&#8221;1px&#8221; border_color_top=&#8221;#e7ab37&#8243; global_colors_info=&#8221;{}&#8221;][et_pb_row _builder_version=&#8221;4.16&#8243; background_size=&#8221;initial&#8221; background_position=&#8221;top_left&#8221; background_repeat=&#8221;repeat&#8221; global_colors_info=&#8221;{}&#8221; column_structure=&#8221;1_3,2_3&#8243;][et_pb_column type=&#8221;1_3&#8243; _builder_version=&#8221;4.16&#8243; custom_padding=&#8221;|||&#8221; global_colors_info=&#8221;{}&#8221; custom_padding__hover=&#8221;|||&#8221;][et_pb_image src=&#8221;http:\/\/www.classicalguitar.de\/wp-content\/uploads\/2018\/07\/13_Diabelli-250.jpg&#8221; align=&#8221;right&#8221; align_tablet=&#8221;center&#8221; align_last_edited=&#8221;on|desktop&#8221; _builder_version=&#8221;4.16&#8243; max_width_tablet=&#8221;100%&#8221; max_width_phone=&#8221;100%&#8221; max_width_last_edited=&#8221;on|phone&#8221; module_alignment=&#8221;right&#8221; custom_margin=&#8221;|||&#8221; border_width_all=&#8221;1px&#8221; border_color_all=&#8221;#e7ab37&#8243; global_colors_info=&#8221;{}&#8221; align_phone=&#8221;center&#8221;][\/et_pb_image][\/et_pb_column][et_pb_column type=&#8221;2_3&#8243; _builder_version=&#8221;4.16&#8243; custom_padding=&#8221;|||&#8221; global_colors_info=&#8221;{}&#8221; custom_padding__hover=&#8221;|||&#8221;][et_pb_text _builder_version=&#8221;4.16&#8243; custom_margin=&#8221;|||20px&#8221; global_colors_info=&#8221;{}&#8221;]<\/p>\n<h3 id=\"h14sjjnbbygn1742q86j7ldzv3vlpuo\">Anton Diabelli \u2013 Komponist und Verleger<\/h3>\n<p><span style=\"font-size: large; color: #333333;\">CD-Box mit 3 CDs<strong> | <\/strong><\/span>Profil-Verlag 671693 (2001)<\/p>\n<p>Sonatine f\u00fcr Gitarre und Hammerklavier A-Dur, op.68,<br \/>\nSonate f\u00fcr Gitarre C-Dur op.29\/1<br \/>\n3 St\u00fccke f\u00fcr Gitarre und Hammerklavier op.10<br \/>\nGrande Sonate brillante f\u00fcr Gitarre und Hammerklavier d-moll, op.102<br \/>\n\u201eTrauer-Marsch auf den Tod des Herrn Michael Haydn\u201c f\u00fcr Gitarre d-moll, op.20<br \/>\nFranz Schubert\/Arr. Anton Diabelli Ungeduld (aus \u201eDie sch\u00f6ne M\u00fcllerin&#8221;) f\u00fcr Tenor und Gitarre<br \/>\nFranz Schubert\/Arr. Anton Diabelli Nachtst\u00fcck (Mayrhofer) f\u00fcr Sopran und Gitarre<br \/>\nweitere Werke f\u00fcr Hammerklavier<br \/>\nLieder und Couplets, \u201eDie B\u00fcrgermeisterwahl\u201c<\/p>\n<p><b>Salzburger Hofmusik<\/b><br \/>\n<strong>Wolfgang Brunner<\/strong> Leitung und Hammerklavier<br \/>\n<strong>Klaus J\u00e4ckle<\/strong> Gitarre<br \/>\n[\/et_pb_text][et_pb_accordion open_toggle_text_color=&#8221;#e7ab37&#8243; closed_toggle_text_color=&#8221;#e7ab37&#8243; _builder_version=&#8221;4.16&#8243; toggle_font=&#8221;||||||||&#8221; body_font=&#8221;||||||||&#8221; body_text_align=&#8221;left&#8221; body_text_color=&#8221;#000000&#8243; background_color=&#8221;#fffddc&#8221; border_color_all=&#8221;#f5d6a0&#8243; global_colors_info=&#8221;{}&#8221;][et_pb_accordion_item title=&#8221;Presse&#8221; open=&#8221;on&#8221; icon_color=&#8221;#e7ab37&#8243; _builder_version=&#8221;4.16&#8243; background_color=&#8221;#fffddc&#8221; custom_margin=&#8221;-10px|||&#8221; border_radii=&#8221;on|5px|5px|5px|5px&#8221; global_colors_info=&#8221;{}&#8221;]\u201eAlles wunderbar musiziert vom Ensemble \u201eSalzburger Hofmusik\u201c unter der Leitung von Wolfgang Brunner. Ein wahrer Genu\u00df.\u201c<br \/>\n<strong>Neue Westf\u00e4lische<\/strong><br \/>\n[\/et_pb_accordion_item][\/et_pb_accordion][\/et_pb_column][\/et_pb_row][\/et_pb_section][et_pb_section fb_built=&#8221;1&#8243; _builder_version=&#8221;4.16&#8243; background_color=&#8221;#fffddc&#8221; border_width_top=&#8221;1px&#8221; border_color_top=&#8221;#e7ab37&#8243; global_colors_info=&#8221;{}&#8221;][et_pb_row _builder_version=&#8221;4.16&#8243; background_size=&#8221;initial&#8221; background_position=&#8221;top_left&#8221; background_repeat=&#8221;repeat&#8221; global_colors_info=&#8221;{}&#8221; column_structure=&#8221;1_3,2_3&#8243;][et_pb_column type=&#8221;1_3&#8243; _builder_version=&#8221;4.16&#8243; custom_padding=&#8221;|||&#8221; global_colors_info=&#8221;{}&#8221; custom_padding__hover=&#8221;|||&#8221;][et_pb_image src=&#8221;http:\/\/www.classicalguitar.de\/wp-content\/uploads\/2018\/07\/14_Recuerdos_de_la_Alh-250.jpg&#8221; align=&#8221;right&#8221; align_tablet=&#8221;center&#8221; align_last_edited=&#8221;on|desktop&#8221; _builder_version=&#8221;4.16&#8243; max_width_tablet=&#8221;100%&#8221; max_width_phone=&#8221;100%&#8221; max_width_last_edited=&#8221;on|phone&#8221; module_alignment=&#8221;right&#8221; custom_margin=&#8221;|||&#8221; border_width_all=&#8221;1px&#8221; border_color_all=&#8221;#e7ab37&#8243; global_colors_info=&#8221;{}&#8221; align_phone=&#8221;center&#8221;][\/et_pb_image][\/et_pb_column][et_pb_column type=&#8221;2_3&#8243; _builder_version=&#8221;4.16&#8243; custom_padding=&#8221;|||&#8221; global_colors_info=&#8221;{}&#8221; custom_padding__hover=&#8221;|||&#8221;][et_pb_text _builder_version=&#8221;4.16&#8243; custom_margin=&#8221;|||20px&#8221; global_colors_info=&#8221;{}&#8221;]<\/p>\n<h3 id=\"h14sjjnbbygn1742q86j7ldzv3vlpuo\">Recuerdos de la Alhambra<\/h3>\n<p>CD NCA 60113-215 (2001)<\/p>\n<p><b>Emilio Serrano<\/b> Narraciones de la Alhambra<br \/>\n<b>Isaac Alb\u00e9niz<\/b> En la Alhambra<br \/>\n<b>Ruperto Chapi<\/b> La ronda de los gnomos, La fiesta de los espiritus<br \/>\n<b>Francisco<\/b> T\u00e1rrega Recuerdos de la Alhambra<br \/>\n<b>Joaquin Turina<\/b> Generalife, Sacro-Monte<br \/>\n<b>Isaac Alb\u00e9niz<\/b> El Albaic\u00edn<br \/>\n<b>Jes\u00fas de Monasterio<\/b> Adios a la Alhambra<\/p>\n<p><b>Spanish Art Guitar Quartet:<\/b><br \/>\nArndt Werner Bethke<br \/>\nKlaus und Rainer Feldmann<br \/>\nKlaus J\u00e4ckle<br \/>\n[\/et_pb_text][et_pb_accordion open_toggle_text_color=&#8221;#e7ab37&#8243; closed_toggle_text_color=&#8221;#e7ab37&#8243; _builder_version=&#8221;4.19.5&#8243; toggle_font=&#8221;||||||||&#8221; body_font=&#8221;||||||||&#8221; body_text_align=&#8221;left&#8221; body_text_color=&#8221;#000000&#8243; background_color=&#8221;#fffddc&#8221; hover_enabled=&#8221;0&#8243; border_color_all=&#8221;#f5d6a0&#8243; global_colors_info=&#8221;{}&#8221; locked=&#8221;off&#8221; sticky_enabled=&#8221;0&#8243;][et_pb_accordion_item title=&#8221;Listening&#8221; open=&#8221;on&#8221; icon_color=&#8221;#e7ab37&#8243; _builder_version=&#8221;4.19.5&#8243; background_color=&#8221;#fffddc&#8221; custom_margin=&#8221;|||0px&#8221; hover_enabled=&#8221;0&#8243; border_radii=&#8221;on|5px|5px|5px|5px&#8221; global_colors_info=&#8221;{}&#8221; sticky_enabled=&#8221;0&#8243;][\/et_pb_accordion_item][et_pb_accordion_item title=&#8221;Reviews&#8221; icon_color=&#8221;#e7ab37&#8243; _builder_version=&#8221;4.19.5&#8243; background_color=&#8221;#fffddc&#8221; custom_margin=&#8221;-10px|||&#8221; hover_enabled=&#8221;0&#8243; border_radii=&#8221;on|5px|5px|5px|5px&#8221; global_colors_info=&#8221;{}&#8221; open=&#8221;off&#8221; sticky_enabled=&#8221;0&#8243;]<\/p>\n<p><strong>Berliner Philharmonie, 22.11.2001<\/strong><\/p>\n<p>Das Sehnen der Steine<br \/>\u201eRecuerdos de la Alhambra\u201c in der Berliner Philharmonie<\/p>\n<p>Als \u201eAlhambristen\u201c gelten jene romantischen Geister des ausgehenden 19. Jahrhunderts, die \u2013 als Reflex auf eine allzusehr von gewaltt\u00e4tiger Auseinandersetzung gepr\u00e4gten Realit\u00e4t \u2013 ihr ganzes Sehnen auf die sch\u00f6ne, \u00fcber den D\u00e4chern der s\u00fcdspanischen Stadt Granada gelegene \u201erote Burg\u201c der maurischen Herrscher warfen. Manche ihrer Werke wurden weltber\u00fchmt, die Kompositionen von Alb\u00e8niz oder Monasterio \u2013 \u201eEn la Alhambra\u201c und \u201eAdios al la Alhambra\u201c &#8211; oder in der Literaturgeschichte Irvings \u201eErz\u00e4hlungen aus der Alhambra\u201c. Anderes hingegen verstaubte in den Archiven, z.B. die an die Notizen des Amerikaners angelehnte Suite \u201eNarraciones de la Alhambra\u201c des selbst in Spanien vergessenen Komponisten Emilio Serrano. Vier deutsche Sologitarristen der Spitzenklasse haben den Alhambrismus als aktuelle Ausdrucksform f\u00fcr sich neu entdeckt, Bekanntes und Versch\u00fcttetes auf h\u00f6chstem Niveau zu Erinnerungen &#8211; \u201eRecuerdos de la Alhambra\u201c &#8211; versammelt und einem enthusiastischen Publikum in der ausverkauften Berliner Philharmonie vorgestellt.<\/p>\n<p>Hinter dem \u201eSpanish Art Guitar Quartet\u201c stecken der N\u00fcrnberger Klaus J\u00e4ckle, einer der besten deutschen Konzertgitarristen \u00fcberhaupt, sowie die Br\u00fcder Klaus und Rainer Feldmann, die als Topduo aus dem Osten bereits im Louvre oder mit Hermann Prey in New York auftraten. Bis auf den J\u00fcngsten im Bunde, den Berliner Arndt Werner Bethke, alles erfahrene Gitarrenhasen, deren Namen f\u00fcr die bei der Bearbeitung von Klavier- oder Orchesterst\u00fccken f\u00fcr Gitarre so unerl\u00e4ssliche Notentreue, kluge Arrangements, aber auch brilliante und vor allem h\u00f6chst emotionale Interpretation stehen. Anforderungen, die auch der unbekanntere Bethke m\u00fchelos erf\u00fcllt. Bei aller qualitativen Ausgewogenheit, die das stabile Fundament der Formation ausmacht, ist J\u00e4ckle zweifelsohne der \u201eFrontmann\u201c, der voller Esprit vorprescht und die spanische Haltung, den \u201eduende\u201c am klarsten nach au\u00dfen bringt. Die drei Musiker aus dem Osten und der \u201eWessi\u201c haben sich vor f\u00fcnf Jahren anl\u00e4sslich der Internationalen Brandenburger Gitarrentage zusammengefunden. \u201eGute Freunde\u201c waren sie bereits, seitdem sie zusammen bei Pepe Romeros Salzburger Sommerakademie die \u201eSchulbank\u201c dr\u00fcckten.<\/p>\n<p>Es heisst, dass Boabdil, der letzte maurische Herrscher weinte, als er den Palast seiner V\u00e4ter und M\u00fctter nach der Eroberung durch die katholischen K\u00f6nige im Jahr 1492 verlassen musste. Die Alhambra selbst ist bis heute eine zu Stein gewordene Zeugin f\u00fcr eine vergangene Hochkultur, die \u00fcber mehr als vierhundert Jahre hinweg im Land des Lichtes, Al Anda Luz, ein von heute aus betrachtet geradezu bemerkenswertes Zeichen f\u00fcr Toleranz und Frieden zwischen den Religionen setzte.<\/p>\n<p>Mit seinem Themenalbum hat das Spanish Art Guitar Quartet einen Schatz gehoben. Serranos Noten sind seit ihrer Anschaffung im Jahr 1939 im Berliner Iberoamerikanischen Institut nie ausgeliehen worden. Neben diesem sicher spektakul\u00e4ren Fund geben auch Ruperto Chap\u00eds \u201eLos Gnomos de la Alhambra\u201c, Turinas kurze Impressionen von \u201eGeneralife\u201c und \u201eSacro-Monte\u201c ein sprechendes Gegen\u00fcber ab f\u00fcr die vertrauten Ausz\u00fcge aus Alb\u00e9niz\u00b4 spanische Identit\u00e4t stiftendem Opus \u201eIberia\u201c, seinen Reiseeindr\u00fccken \u201eRecuerdos de Viaje\u201c, sowie Monasterios 1862 in Berlin welturaufgef\u00fchrtes \u201eAdios\u201c und die titelgebenden \u201eRecuerdos de la Alhambra\u201c von Francesco Tarrega. Dennoch ist es eine selektive Betrachtung spanischer Kultur, die allerdings spiegelscherbengleich doch Eindr\u00fccke eines Ganzen gibt und durch eine ungeahnte Aktualit\u00e4t erstaunt. Denn der in Berliner mit Verwunderung zur Kenntnis genommene \u00fcberraschende Erfolg des Abends als einem klassischen Musikereignis zeigt doch vor allem eines: das Sehnen des Publikums danach, wof\u00fcr der erst \u201ezu Stein\u201c und sp\u00e4ter zu Musik gewordene Traum heute stehen kann &#8211; ein cross-over von Macht und Sch\u00f6nheit, Politik und Poesie, Wissenschaft und Kunst mit einer bedingungslosen Hinwendung zum Leben.<br \/><strong>Caroline Vongries, Berlin<\/strong><\/p>\n<p>[\/et_pb_accordion_item][\/et_pb_accordion][\/et_pb_column][\/et_pb_row][\/et_pb_section][et_pb_section fb_built=&#8221;1&#8243; _builder_version=&#8221;4.16&#8243; background_color=&#8221;#fffddc&#8221; border_width_top=&#8221;1px&#8221; border_color_top=&#8221;#e7ab37&#8243; global_colors_info=&#8221;{}&#8221;][et_pb_row _builder_version=&#8221;4.16&#8243; background_size=&#8221;initial&#8221; background_position=&#8221;top_left&#8221; background_repeat=&#8221;repeat&#8221; global_colors_info=&#8221;{}&#8221; column_structure=&#8221;1_3,2_3&#8243;][et_pb_column type=&#8221;1_3&#8243; _builder_version=&#8221;4.16&#8243; custom_padding=&#8221;|||&#8221; global_colors_info=&#8221;{}&#8221; custom_padding__hover=&#8221;|||&#8221;][et_pb_image src=&#8221;http:\/\/www.classicalguitar.de\/wp-content\/uploads\/2018\/07\/15_Tango-250.jpg&#8221; align=&#8221;right&#8221; align_tablet=&#8221;center&#8221; align_last_edited=&#8221;on|desktop&#8221; _builder_version=&#8221;4.16&#8243; max_width_tablet=&#8221;100%&#8221; max_width_phone=&#8221;100%&#8221; max_width_last_edited=&#8221;on|phone&#8221; module_alignment=&#8221;right&#8221; custom_margin=&#8221;|||&#8221; border_width_all=&#8221;1px&#8221; border_color_all=&#8221;#e7ab37&#8243; global_colors_info=&#8221;{}&#8221; align_phone=&#8221;center&#8221;][\/et_pb_image][\/et_pb_column][et_pb_column type=&#8221;2_3&#8243; _builder_version=&#8221;4.16&#8243; custom_padding=&#8221;|||&#8221; global_colors_info=&#8221;{}&#8221; custom_padding__hover=&#8221;|||&#8221;][et_pb_text _builder_version=&#8221;4.16&#8243; custom_margin=&#8221;|||20px&#8221; global_colors_info=&#8221;{}&#8221;]<\/p>\n<h3 id=\"h14sjjnbbygn1742q86j7ldzv3vlpuo\">Tango<\/h3>\n<p>CD meta records 010 (2001)<\/p>\n<p><b>Astor Piazzolla<\/b> Libertango (vl\/git)<br \/>\n<b>Roland Dyens<\/b> Tango en Skay<br \/>\n<b>Mateo Rodriguez<\/b> La Cumparsita<br \/>\n<b>Astor Piazzolla<\/b> Verano Porteno<br \/>\n<b>Astor Piazzolla<\/b> Oblivion (vl\/git)<br \/>\n<b>Maximo Diego<\/b> Pujol Elegia por la Muerte de un Tanguero<br \/>\n<b>Astor Piazzolla<\/b> Adios Nonino<br \/>\n<b>Jorge Cardoso<\/b> Milonga<br \/>\n<b>Jaime Zenamon<\/b> Tango (vl\/git)<br \/>\n<b>Rafale Calleja<\/b> Gomez El Raton<br \/>\n<b>Sebastian de Iradier<\/b> La Paloma<br \/>\n<b>Eduardo di Capua<\/b> O Sole Mio<br \/>\n<b>Friedemann A.Treiber<\/b> In memoriam&#8230;Tango (vl\/git)<\/p>\n<p><strong>Klaus J\u00e4ckle<\/strong> Gitarre<br \/>\n<strong>Friedemann Amadeus Treiber<\/strong> Violine<br \/>\n[\/et_pb_text][et_pb_accordion open_toggle_text_color=&#8221;#e7ab37&#8243; closed_toggle_text_color=&#8221;#e7ab37&#8243; _builder_version=&#8221;4.19.5&#8243; toggle_font=&#8221;||||||||&#8221; body_font=&#8221;||||||||&#8221; body_text_align=&#8221;left&#8221; body_text_color=&#8221;#000000&#8243; background_color=&#8221;#fffddc&#8221; hover_enabled=&#8221;0&#8243; border_color_all=&#8221;#f5d6a0&#8243; global_colors_info=&#8221;{}&#8221; locked=&#8221;off&#8221; sticky_enabled=&#8221;0&#8243;][et_pb_accordion_item title=&#8221;Listening&#8221; open=&#8221;on&#8221; icon_color=&#8221;#e7ab37&#8243; _builder_version=&#8221;4.19.5&#8243; background_color=&#8221;#fffddc&#8221; custom_margin=&#8221;|||0px&#8221; hover_enabled=&#8221;0&#8243; border_radii=&#8221;on|5px|5px|5px|5px&#8221; global_colors_info=&#8221;{}&#8221; sticky_enabled=&#8221;0&#8243;]<\/p>\n<p><a href=\"https:\/\/youtu.be\/wOm6AXrq1yU\" target=\"_blank\" rel=\"noopener\" title=\"Piazzolla Libertango\">meta reords &gt;&gt;<\/a><\/p>\n<p>[\/et_pb_accordion_item][et_pb_accordion_item title=&#8221;Reviews&#8221; icon_color=&#8221;#e7ab37&#8243; _builder_version=&#8221;4.19.5&#8243; background_color=&#8221;#fffddc&#8221; custom_margin=&#8221;-10px|||&#8221; hover_enabled=&#8221;0&#8243; border_radii=&#8221;on|5px|5px|5px|5px&#8221; global_colors_info=&#8221;{}&#8221; open=&#8221;off&#8221; sticky_enabled=&#8221;0&#8243;]<\/p>\n<p>Klaus J\u00e4ckle ist ein gro\u00dfartiger akustischer Gitarrist, der gewiss sein Instrument nicht f\u00fcr Modem\u00e4tzchen hergibt. Was ihn freilich nicht hindert, auch \u201eTango&#8221; zu spielen! So geschehen auf seiner neuen CD, wo er mit dem Geiger Friedemann Amadeus Treiber musiziert. Schon die erste Nummer, der eigentlich sattsam bekannte \u201eLibertango&#8221; von Pizzolla, nimmt sofort gefangen: derart filigran und schwerelos musiziert das Duo seine ureigene Interpretation. Es folgen etliche Gitarrensoli, die deutlich machen, welch ausgepr\u00e4gten Sinn f\u00fcr dynamische Nuancen J\u00e4ckle hat. Eine exquisite, au\u00dfergew\u00f6hnlich transparente Klangtechnik machen diese CD zu einem Hochgenuss &#8211; St\u00fcck f\u00fcr St\u00fcck. Absolut empfehlenswert!<br \/><strong>J.S. pl\u00e4rrrer 1\/2002<\/strong><\/p>\n<p>[\/et_pb_accordion_item][\/et_pb_accordion][\/et_pb_column][\/et_pb_row][\/et_pb_section][et_pb_section fb_built=&#8221;1&#8243; _builder_version=&#8221;4.16&#8243; background_color=&#8221;#fffddc&#8221; border_width_top=&#8221;1px&#8221; border_color_top=&#8221;#e7ab37&#8243; global_colors_info=&#8221;{}&#8221;][et_pb_row _builder_version=&#8221;4.16&#8243; background_size=&#8221;initial&#8221; background_position=&#8221;top_left&#8221; background_repeat=&#8221;repeat&#8221; global_colors_info=&#8221;{}&#8221; column_structure=&#8221;1_3,2_3&#8243;][et_pb_column type=&#8221;1_3&#8243; _builder_version=&#8221;4.16&#8243; custom_padding=&#8221;|||&#8221; global_colors_info=&#8221;{}&#8221; custom_padding__hover=&#8221;|||&#8221;][et_pb_image src=&#8221;http:\/\/www.classicalguitar.de\/wp-content\/uploads\/2018\/07\/16_Bach_ItalKO.1-250.jpg&#8221; align=&#8221;right&#8221; align_tablet=&#8221;center&#8221; align_last_edited=&#8221;on|desktop&#8221; _builder_version=&#8221;4.16&#8243; max_width_tablet=&#8221;100%&#8221; max_width_phone=&#8221;100%&#8221; max_width_last_edited=&#8221;on|phone&#8221; module_alignment=&#8221;right&#8221; custom_margin=&#8221;|||&#8221; border_width_all=&#8221;1px&#8221; border_color_all=&#8221;#e7ab37&#8243; global_colors_info=&#8221;{}&#8221; align_phone=&#8221;center&#8221;][\/et_pb_image][\/et_pb_column][et_pb_column type=&#8221;2_3&#8243; _builder_version=&#8221;4.16&#8243; custom_padding=&#8221;|||&#8221; global_colors_info=&#8221;{}&#8221; custom_padding__hover=&#8221;|||&#8221;][et_pb_text _builder_version=&#8221;4.16&#8243; custom_margin=&#8221;|||20px&#8221; global_colors_info=&#8221;{}&#8221;]<\/p>\n<h3 id=\"h14sjjnbbygn1742q86j7ldzv3vlpuo\">Johann Sebastian Bach<\/h3>\n<p>CD Bayer Records 100 332 (2000)<\/p>\n<p>Italienisches Konzert BWV 971 (Fl\/Git)<br \/>\nCiaccona BWV 1004 (Git)<br \/>\nSuite Nr.3 BWV 1009 (Git)<br \/>\nSonate E-Dur BWV 1035 (Fl\/Git)<\/p>\n<p><strong>Elisabeth Riessbeck <\/strong>Fl\u00f6te<strong><br \/>\nKlaus J\u00e4ckle<\/strong> Gitarre<br \/>\n[\/et_pb_text][et_pb_accordion open_toggle_text_color=&#8221;#e7ab37&#8243; closed_toggle_text_color=&#8221;#e7ab37&#8243; _builder_version=&#8221;4.16&#8243; toggle_font=&#8221;||||||||&#8221; body_font=&#8221;||||||||&#8221; body_text_align=&#8221;left&#8221; body_text_color=&#8221;#000000&#8243; background_color=&#8221;#fffddc&#8221; border_color_all=&#8221;#f5d6a0&#8243; global_colors_info=&#8221;{}&#8221;][et_pb_accordion_item title=&#8221;Presse&#8221; open=&#8221;on&#8221; icon_color=&#8221;#e7ab37&#8243; _builder_version=&#8221;4.16&#8243; background_color=&#8221;#fffddc&#8221; custom_margin=&#8221;-10px|||&#8221; border_radii=&#8221;on|5px|5px|5px|5px&#8221; global_colors_info=&#8221;{}&#8221;]Altbekanntes zeigt ein neues Gesicht, mit eindrucksvoller Technik und musikalischem Gesp\u00fcr gehen die beiden Musiker bei ihrer Umdeutung zu Werke. Da ist selbst die ber\u00fchmte Ciaccona f\u00fcr Violine, die J\u00e4ckle von d- in e-moll wandelte, eine Neuentdeckung wert. Nicht nur im Bach-Jahr 2000.<br \/>\n<strong>CD-Tipp der N\u00fcrnberger Nachrichten, 21.12.00<\/strong><\/p>\n<p>\u201eWas sie darstellen, ist die architektonische Sch\u00f6nheit der Werke Bachs.\u201c<br \/>\n<strong>Akustik Gitarre 1\/01<\/strong><br \/>\n[\/et_pb_accordion_item][\/et_pb_accordion][\/et_pb_column][\/et_pb_row][\/et_pb_section][et_pb_section fb_built=&#8221;1&#8243; _builder_version=&#8221;4.16&#8243; background_color=&#8221;#fffddc&#8221; border_width_top=&#8221;1px&#8221; border_color_top=&#8221;#e7ab37&#8243; global_colors_info=&#8221;{}&#8221;][et_pb_row _builder_version=&#8221;4.16&#8243; background_size=&#8221;initial&#8221; background_position=&#8221;top_left&#8221; background_repeat=&#8221;repeat&#8221; global_colors_info=&#8221;{}&#8221; column_structure=&#8221;1_3,2_3&#8243;][et_pb_column type=&#8221;1_3&#8243; _builder_version=&#8221;4.16&#8243; custom_padding=&#8221;|||&#8221; global_colors_info=&#8221;{}&#8221; custom_padding__hover=&#8221;|||&#8221;][et_pb_image src=&#8221;http:\/\/www.classicalguitar.de\/wp-content\/uploads\/2018\/07\/17_Nuances-250.jpg&#8221; align=&#8221;right&#8221; align_tablet=&#8221;center&#8221; align_last_edited=&#8221;on|desktop&#8221; _builder_version=&#8221;4.16&#8243; max_width_tablet=&#8221;100%&#8221; max_width_phone=&#8221;100%&#8221; max_width_last_edited=&#8221;on|phone&#8221; module_alignment=&#8221;right&#8221; custom_margin=&#8221;|||&#8221; border_width_all=&#8221;1px&#8221; border_color_all=&#8221;#e7ab37&#8243; global_colors_info=&#8221;{}&#8221; align_phone=&#8221;center&#8221;][\/et_pb_image][\/et_pb_column][et_pb_column type=&#8221;2_3&#8243; _builder_version=&#8221;4.16&#8243; custom_padding=&#8221;|||&#8221; global_colors_info=&#8221;{}&#8221; custom_padding__hover=&#8221;|||&#8221;][et_pb_text _builder_version=&#8221;4.16&#8243; custom_margin=&#8221;|||20px&#8221; global_colors_info=&#8221;{}&#8221;]<\/p>\n<h3 id=\"h14sjjnbbygn1742q86j7ldzv3vlpuo\">Nuances<\/h3>\n<p><span style=\"font-size: large; color: #333333;\"><strong>Neue Musik f\u00fcr Fl\u00f6te und Gitarre<br \/>\n<\/strong><\/span><\/p>\n<p>CD NCA 9912847-215 (2000)<\/p>\n<p><b>Klemens Vereno<\/b> &#8230;schatten von sternen&#8230;(1998)<br \/>\n<b>Edward McGuire <\/b>Improvisations on Calderon (1981)<br \/>\n<b>Ulrich Schultheiss<\/b> nuances (1987)<br \/>\n<b>Werner Heider<\/b> Seligkeiten &#8211; F\u00fcnf Inventionen (1987-1999)<br \/>\n<b>Klaus Feldmann<\/b> Dodeka-Suite (1981)<br \/>\n<b>Lowell Lieberman<\/b> Sonata op.25 (1988)<\/p>\n<p><strong>Elisabeth Riessbeck <\/strong>Fl\u00f6te<strong><br \/>\nKlaus J\u00e4ckle<\/strong> Gitarre<br \/>\n[\/et_pb_text][et_pb_accordion open_toggle_text_color=&#8221;#e7ab37&#8243; closed_toggle_text_color=&#8221;#e7ab37&#8243; _builder_version=&#8221;4.16&#8243; toggle_font=&#8221;||||||||&#8221; body_font=&#8221;||||||||&#8221; body_text_align=&#8221;left&#8221; body_text_color=&#8221;#000000&#8243; background_color=&#8221;#fffddc&#8221; border_color_all=&#8221;#f5d6a0&#8243; global_colors_info=&#8221;{}&#8221;][et_pb_accordion_item title=&#8221;Presse&#8221; open=&#8221;on&#8221; icon_color=&#8221;#e7ab37&#8243; _builder_version=&#8221;4.16&#8243; background_color=&#8221;#fffddc&#8221; custom_margin=&#8221;-10px|||&#8221; border_radii=&#8221;on|5px|5px|5px|5px&#8221; global_colors_info=&#8221;{}&#8221;]Die unterschiedlichen St\u00fccke sind bei dem seit 12 Jahren gemeinsam musizierenden Duo Elisabeth Rie\u00dfbeck und Klaus J\u00e4ckle sehr gut aufgehoben. Beide Instrumentalisten spielen bestens aufeinander abgestimmt und mit gro\u00dfem Gesp\u00fcr f\u00fcr diese anspruchsvolle Musik. Als h\u00f6rfreundliche St\u00fccke fallen McGuires Improvisations on Calderon, Feldmanns Dodeka-Suite und Liebermanns verspielte Sonata op.25 auf.<br \/>\n<strong>Frank Gerdes, KLASSIK heute 11\/2000<\/strong><br \/>\n[\/et_pb_accordion_item][\/et_pb_accordion][\/et_pb_column][\/et_pb_row][\/et_pb_section][et_pb_section fb_built=&#8221;1&#8243; _builder_version=&#8221;4.16&#8243; background_color=&#8221;#fffddc&#8221; border_width_top=&#8221;1px&#8221; border_color_top=&#8221;#e7ab37&#8243; global_colors_info=&#8221;{}&#8221;][et_pb_row _builder_version=&#8221;4.16&#8243; background_size=&#8221;initial&#8221; background_position=&#8221;top_left&#8221; background_repeat=&#8221;repeat&#8221; global_colors_info=&#8221;{}&#8221; column_structure=&#8221;1_3,2_3&#8243;][et_pb_column type=&#8221;1_3&#8243; _builder_version=&#8221;4.16&#8243; custom_padding=&#8221;|||&#8221; global_colors_info=&#8221;{}&#8221; custom_padding__hover=&#8221;|||&#8221;][et_pb_image src=&#8221;http:\/\/www.classicalguitar.de\/wp-content\/uploads\/2018\/07\/18_Rodrigo-250.jpg&#8221; align=&#8221;right&#8221; align_tablet=&#8221;center&#8221; align_last_edited=&#8221;on|desktop&#8221; _builder_version=&#8221;4.16&#8243; max_width_tablet=&#8221;100%&#8221; max_width_phone=&#8221;100%&#8221; max_width_last_edited=&#8221;on|phone&#8221; module_alignment=&#8221;right&#8221; custom_margin=&#8221;|||&#8221; border_width_all=&#8221;1px&#8221; border_color_all=&#8221;#e7ab37&#8243; global_colors_info=&#8221;{}&#8221; align_phone=&#8221;center&#8221;][\/et_pb_image][\/et_pb_column][et_pb_column type=&#8221;2_3&#8243; _builder_version=&#8221;4.16&#8243; custom_padding=&#8221;|||&#8221; global_colors_info=&#8221;{}&#8221; custom_padding__hover=&#8221;|||&#8221;][et_pb_text _builder_version=&#8221;4.16&#8243; custom_margin=&#8221;|||20px&#8221; global_colors_info=&#8221;{}&#8221;]<\/p>\n<h3 id=\"h14sjjnbbygn1742q86j7ldzv3vlpuo\">Joaquin Rodrigo \u2013 Elogio de la Guitarra<\/h3>\n<p>CD Bayer Records 100 279 (1999)<\/p>\n<p><strong>S\u00e4mtliche Lieder und Kammermusik mit Gitarre<\/strong><br \/>\nAria antigua (Fl\/Git)<br \/>\nVillancicos (Sopr\/Git)<br \/>\nRomance de Durandarte (Sopr\/AltFl\/Git)<br \/>\nUn tiempo fue It\u00e1lica famosa (Git)<br \/>\nTres Canciones Espa\u00f1olas (Sopr\/Git)<br \/>\nDos poemas de Juan Ram\u00f3n Jimenez (Sopr\/Fl)<br \/>\nSerenata al Alba del Dia (Fl\/Git)<br \/>\nFolias Canarias (Sopr\/Git)<br \/>\nElogio de la Guitarra (Git)<br \/>\nCoplas del Pastor enamorado (Sopr\/Git)<br \/>\nAranjuez ma pens\u00e9e (Sopr\/Git)<br \/>\nPastoral (Fl\/Git)<\/p>\n<p><strong>Renate Bergmann <\/strong>Sopran<strong><br \/>\n<\/strong><strong>Elisabeth Riessbeck <\/strong>Fl\u00f6te<strong><br \/>\nKlaus J\u00e4ckle<\/strong> Gitarre<br \/>\n[\/et_pb_text][et_pb_accordion open_toggle_text_color=&#8221;#e7ab37&#8243; closed_toggle_text_color=&#8221;#e7ab37&#8243; _builder_version=&#8221;4.16&#8243; toggle_font=&#8221;||||||||&#8221; body_font=&#8221;||||||||&#8221; body_text_align=&#8221;left&#8221; body_text_color=&#8221;#000000&#8243; background_color=&#8221;#fffddc&#8221; border_color_all=&#8221;#f5d6a0&#8243; global_colors_info=&#8221;{}&#8221;][et_pb_accordion_item title=&#8221;Presse&#8221; open=&#8221;on&#8221; icon_color=&#8221;#e7ab37&#8243; _builder_version=&#8221;4.16&#8243; background_color=&#8221;#fffddc&#8221; custom_margin=&#8221;-10px|||&#8221; border_radii=&#8221;on|5px|5px|5px|5px&#8221; global_colors_info=&#8221;{}&#8221;]Was Rodrigos Kammermusik betrifft, so kennt man hingegen gerade mal seine effektvolle Hommage an die Gitarre (Elogia de la Guitarra). Die spielt der Gitarrist Klaus J\u00e4ckle auch hier: hochvirtuos und sehr klangsch\u00f6n. Der besondere Reiz dieser Einspielung liegt allerdings nicht in diesem St\u00fcck, sondern in den kostbaren Rarit\u00e4ten drumherum. Gerade Rodrigos Lieder&#8230;.sind n\u00e4mlich sch\u00f6ne St\u00fccke aus dem (in Spanien) sehr fruchtbarem Grenzland zwischen Folklore und \u201eKlassik\u201c&#8230;.<br \/>\n<strong>Susanne Benda, KLASSIK heute 12\/99<\/strong><\/p>\n<p>Die Hommage an den in diesem Jahr verstorbenen spanischen Altmeister h\u00e4tte subtiler, klangsch\u00f6ner und sinnlicher nicht ausfallen k\u00f6nnen: Das Trio macht sich auf urmusikalische Weise zum Anwalt fantasiereicher Miniaturen, erweckt deren poetische Kraft und kleinr\u00e4umige Ideenwelt apart zum Leben.<br \/>\nCD-Tipp der N\u00fcrnberger Nachrichten 14.12.99<br \/>\nKurz: eine hervorragende CD.<br \/>\n<strong>AKUSTIK-GITARRE 1\/2000<\/strong><br \/>\n[\/et_pb_accordion_item][\/et_pb_accordion][\/et_pb_column][\/et_pb_row][\/et_pb_section][et_pb_section fb_built=&#8221;1&#8243; _builder_version=&#8221;4.16&#8243; background_color=&#8221;#fffddc&#8221; border_width_top=&#8221;1px&#8221; border_color_top=&#8221;#e7ab37&#8243; global_colors_info=&#8221;{}&#8221;][et_pb_row _builder_version=&#8221;4.16&#8243; background_size=&#8221;initial&#8221; background_position=&#8221;top_left&#8221; background_repeat=&#8221;repeat&#8221; global_colors_info=&#8221;{}&#8221; column_structure=&#8221;1_3,2_3&#8243;][et_pb_column type=&#8221;1_3&#8243; _builder_version=&#8221;4.16&#8243; custom_padding=&#8221;|||&#8221; global_colors_info=&#8221;{}&#8221; custom_padding__hover=&#8221;|||&#8221;][et_pb_image src=&#8221;http:\/\/www.classicalguitar.de\/wp-content\/uploads\/2018\/07\/19_Estampas_Espanolas-250.jpg&#8221; align=&#8221;right&#8221; align_tablet=&#8221;center&#8221; align_last_edited=&#8221;on|desktop&#8221; _builder_version=&#8221;4.16&#8243; max_width_tablet=&#8221;100%&#8221; max_width_phone=&#8221;100%&#8221; max_width_last_edited=&#8221;on|phone&#8221; module_alignment=&#8221;right&#8221; custom_margin=&#8221;|||&#8221; border_width_all=&#8221;1px&#8221; border_color_all=&#8221;#e7ab37&#8243; global_colors_info=&#8221;{}&#8221; align_phone=&#8221;center&#8221;][\/et_pb_image][\/et_pb_column][et_pb_column type=&#8221;2_3&#8243; _builder_version=&#8221;4.16&#8243; custom_padding=&#8221;|||&#8221; global_colors_info=&#8221;{}&#8221; custom_padding__hover=&#8221;|||&#8221;][et_pb_text _builder_version=&#8221;4.16&#8243; custom_margin=&#8221;|||20px&#8221; global_colors_info=&#8221;{}&#8221;]<\/p>\n<h3 id=\"h14sjjnbbygn1742q86j7ldzv3vlpuo\">Estampas Espa\u00f1olas<\/h3>\n<p>CD NCA MA98 09 837 (1998)<\/p>\n<p><b>Ruperto Chapi<\/b> Preludio de la Revoltosa<\/p>\n<p><b>Federico Moreno<\/b> Torroba Estampas<br \/>\n<b>Tom\u00e1s Bret\u00f3n<\/b> Jota de La Dolorosa, Preludio de La Verbena de La Paloma<br \/>\n<b>Manuel de Falla<\/b> Danza del Molinero, Danza de los Vecinos, Danza de la Molinera<br \/>\n<b>Ger\u00f3nimo Gim\u00e9nez<\/b> Intermedio de El Baile de Luis Alonso, Intermedio de La Boda de Luis Alonso<\/p>\n<p><b>Spanish Art Guitar Quartet:<\/b><br \/>\nArndt Werner Bethke<br \/>\nKlaus und Rainer Feldmann<br \/>\nKlaus J\u00e4ckle<br \/>\n[\/et_pb_text][\/et_pb_column][\/et_pb_row][\/et_pb_section][et_pb_section fb_built=&#8221;1&#8243; _builder_version=&#8221;4.16&#8243; background_color=&#8221;#fffddc&#8221; border_width_top=&#8221;1px&#8221; border_color_top=&#8221;#e7ab37&#8243; global_colors_info=&#8221;{}&#8221;][et_pb_row _builder_version=&#8221;4.16&#8243; background_size=&#8221;initial&#8221; background_position=&#8221;top_left&#8221; background_repeat=&#8221;repeat&#8221; global_colors_info=&#8221;{}&#8221; column_structure=&#8221;1_3,2_3&#8243;][et_pb_column type=&#8221;1_3&#8243; _builder_version=&#8221;4.16&#8243; custom_padding=&#8221;|||&#8221; global_colors_info=&#8221;{}&#8221; custom_padding__hover=&#8221;|||&#8221;][et_pb_image src=&#8221;http:\/\/www.classicalguitar.de\/wp-content\/uploads\/2018\/07\/20_Zauber_der_Floete-250.jpg&#8221; align=&#8221;right&#8221; align_tablet=&#8221;center&#8221; align_last_edited=&#8221;on|desktop&#8221; _builder_version=&#8221;4.16&#8243; max_width_tablet=&#8221;100%&#8221; max_width_phone=&#8221;100%&#8221; max_width_last_edited=&#8221;on|phone&#8221; module_alignment=&#8221;right&#8221; custom_margin=&#8221;|||&#8221; border_width_all=&#8221;1px&#8221; border_color_all=&#8221;#e7ab37&#8243; global_colors_info=&#8221;{}&#8221; align_phone=&#8221;center&#8221;][\/et_pb_image][\/et_pb_column][et_pb_column type=&#8221;2_3&#8243; _builder_version=&#8221;4.16&#8243; custom_padding=&#8221;|||&#8221; global_colors_info=&#8221;{}&#8221; custom_padding__hover=&#8221;|||&#8221;][et_pb_text _builder_version=&#8221;4.16&#8243; custom_margin=&#8221;|||20px&#8221; global_colors_info=&#8221;{}&#8221;]<\/p>\n<h3 id=\"h14sjjnbbygn1742q86j7ldzv3vlpuo\">Zauber der Fl\u00f6te<\/h3>\n<p>CD Bayer Records BR 150 019 (1997)<\/p>\n<p><b>Carl Philipp Emanuel Bach<\/b> Hamburger Sonate G-Dur<br \/>\n<b>Wolfgang Amadeus Mozart<\/b> Sonata facile C-Dur KV 545<br \/>\n<b>Gerhard Winkler<\/b> Scampolo<br \/>\n<b>B\u00e9la B\u00e1rtok<\/b> Aus den ungarischen Bauernliedern<br \/>\n<b>Jacques Ibert<\/b> Paraboles, Entr\u2019acte<br \/>\n<b>Astor Piazzolla<\/b> Histoire du Tango, Libertango<\/p>\n<p><strong>Elisabeth Riessbeck<\/strong> Fl\u00f6te<br \/>\n<strong>Klaus J\u00e4ckle<\/strong> Gitarre<br \/>\n[\/et_pb_text][et_pb_accordion open_toggle_text_color=&#8221;#e7ab37&#8243; closed_toggle_text_color=&#8221;#e7ab37&#8243; _builder_version=&#8221;4.16&#8243; toggle_font=&#8221;||||||||&#8221; body_font=&#8221;||||||||&#8221; body_text_align=&#8221;left&#8221; body_text_color=&#8221;#000000&#8243; background_color=&#8221;#fffddc&#8221; border_color_all=&#8221;#f5d6a0&#8243; global_colors_info=&#8221;{}&#8221;][et_pb_accordion_item title=&#8221;Presse&#8221; open=&#8221;on&#8221; icon_color=&#8221;#e7ab37&#8243; _builder_version=&#8221;4.16&#8243; background_color=&#8221;#fffddc&#8221; custom_margin=&#8221;-10px|||&#8221; border_radii=&#8221;on|5px|5px|5px|5px&#8221; global_colors_info=&#8221;{}&#8221;]Kurzweilige Unterhaltung bieten Klaus J\u00e4ckle und Elisabeth Riessbeck auf ihrer neuen, bislang vierten Compact Disc&#8230;J\u00e4ckles gutklingende und auf die Gitarre ma\u00dfgeschneiderte Transktiptionen sind als Noten erh\u00e4ltlich. Das Duo J\u00e4ckle\/Riessbeck zeichnet sich durch wohlbalanciertes Zusammenspiel, Frische und Eleganz im Vortrag sowie einen vollen Ton aus.<br \/>\n<strong>AKUSTIK GITARRE 4\/98<\/strong><\/p>\n<p>Z\u00e4rtlichkeit, Hingabe und ein mitrei\u00dfender, urmusikantischer Witz pr\u00e4gen das Duospiel. Es ber\u00fchren sich die sozialen Welten, Bordell, Caf\u00e9, Nightclub und Konzertsaal.<br \/>\n<strong>N\u00fcrnberger Nachrichten 20.7.98<\/strong><br \/>\n[\/et_pb_accordion_item][\/et_pb_accordion][\/et_pb_column][\/et_pb_row][\/et_pb_section][et_pb_section fb_built=&#8221;1&#8243; _builder_version=&#8221;4.16&#8243; background_color=&#8221;#fffddc&#8221; border_width_top=&#8221;1px&#8221; border_color_top=&#8221;#e7ab37&#8243; global_colors_info=&#8221;{}&#8221;][et_pb_row _builder_version=&#8221;4.16&#8243; background_size=&#8221;initial&#8221; background_position=&#8221;top_left&#8221; background_repeat=&#8221;repeat&#8221; global_colors_info=&#8221;{}&#8221; column_structure=&#8221;1_3,2_3&#8243;][et_pb_column type=&#8221;1_3&#8243; _builder_version=&#8221;4.16&#8243; custom_padding=&#8221;|||&#8221; global_colors_info=&#8221;{}&#8221; custom_padding__hover=&#8221;|||&#8221;][et_pb_image src=&#8221;http:\/\/www.classicalguitar.de\/wp-content\/uploads\/2018\/07\/21Villa_Lobos-250.jpg&#8221; align=&#8221;right&#8221; align_tablet=&#8221;center&#8221; align_last_edited=&#8221;on|desktop&#8221; _builder_version=&#8221;4.16&#8243; max_width_tablet=&#8221;100%&#8221; max_width_phone=&#8221;100%&#8221; max_width_last_edited=&#8221;on|phone&#8221; module_alignment=&#8221;right&#8221; custom_margin=&#8221;|||&#8221; border_width_all=&#8221;1px&#8221; border_color_all=&#8221;#e7ab37&#8243; global_colors_info=&#8221;{}&#8221; align_phone=&#8221;center&#8221;][\/et_pb_image][\/et_pb_column][et_pb_column type=&#8221;2_3&#8243; _builder_version=&#8221;4.16&#8243; custom_padding=&#8221;|||&#8221; global_colors_info=&#8221;{}&#8221; custom_padding__hover=&#8221;|||&#8221;][et_pb_text _builder_version=&#8221;4.16&#8243; custom_margin=&#8221;|||20px&#8221; global_colors_info=&#8221;{}&#8221;]<\/p>\n<h3 id=\"h14sjjnbbygn1742q86j7ldzv3vlpuo\">Heitor Villa-Lobos<\/h3>\n<p>CD Bayer Rec. BR 100 291 (1997)<\/p>\n<p>Suite populaire br\u00e9silienne (Git)<br \/>\nCh\u00f4ro Nr.1 (Git)<br \/>\nCinq Pr\u00e9ludes (Git)<br \/>\nDistribu\u00e7ao de Flores (Fl\/Git)<br \/>\nModinha (Sopr\/Git)<br \/>\nAria (aus Bachianas Brasileiras Nr.5) (Sopr\/Fl\/Git)<\/p>\n<p><strong>Klaus J\u00e4ckle<\/strong> Gitarre<br \/>\n<strong>Elisabeth Kainz<\/strong> Sopran<br \/>\n<strong>Elisabeth Riessbeck<\/strong> Fl\u00f6te<br \/>\n[\/et_pb_text][et_pb_accordion open_toggle_text_color=&#8221;#e7ab37&#8243; closed_toggle_text_color=&#8221;#e7ab37&#8243; _builder_version=&#8221;4.16&#8243; toggle_font=&#8221;||||||||&#8221; body_font=&#8221;||||||||&#8221; body_text_align=&#8221;left&#8221; body_text_color=&#8221;#000000&#8243; background_color=&#8221;#fffddc&#8221; border_color_all=&#8221;#f5d6a0&#8243; global_colors_info=&#8221;{}&#8221;][et_pb_accordion_item title=&#8221;Presse&#8221; open=&#8221;on&#8221; icon_color=&#8221;#e7ab37&#8243; _builder_version=&#8221;4.16&#8243; background_color=&#8221;#fffddc&#8221; custom_margin=&#8221;-10px|||&#8221; border_radii=&#8221;on|5px|5px|5px|5px&#8221; global_colors_info=&#8221;{}&#8221;]Klaus J\u00e4ckle hat sich l\u00e4ngst einen festen Platz in der Elitegruppe klassischer Gitarristen gesichert. Wie perfekt er sein Instrument beherrscht und welch ausgesprochen feinsinnige Musikalit\u00e4t ihn auszeichnet, beweist auch seine neue CD mit Werken f\u00fcr und mit Gitarre von Heitor Villa-Lobos (1887-1959). J\u00e4ckles Affinit\u00e4t zu dem brasilianischen Komponisten ist jederzeit sp\u00fcrbar. Sensibel entwickelt er den exotischen Zauber dieser Musik, die romantisch-europ\u00e4ische Trditionen mit s\u00fcdamerikanischer Folklore verschmilzt. Neben der Suite populaire br\u00e9silienne und den Cinq Pr\u00e9ludes f\u00fcr Gitarre solo wei\u00df J\u00e4ckle auch als Kammermusiker zu gl\u00e4nzen. Die bew\u00e4hrte Partnerschaft mit Fl\u00f6tistin Elisabeth Riessbeck steht auch f\u00fcr blindes Verst\u00e4ndnis und homogenes Zusammenspiel.<br \/>\n<strong>Alexander Werner, live-Magazin, Baden 5\/6, 1998<\/strong><br \/>\n[\/et_pb_accordion_item][\/et_pb_accordion][\/et_pb_column][\/et_pb_row][\/et_pb_section][et_pb_section fb_built=&#8221;1&#8243; _builder_version=&#8221;4.16&#8243; background_color=&#8221;#fffddc&#8221; border_width_top=&#8221;1px&#8221; border_color_top=&#8221;#e7ab37&#8243; global_colors_info=&#8221;{}&#8221;][et_pb_row module_id=&#8221;romanzacd&#8221; _builder_version=&#8221;4.16&#8243; background_size=&#8221;initial&#8221; background_position=&#8221;top_left&#8221; background_repeat=&#8221;repeat&#8221; global_colors_info=&#8221;{}&#8221; column_structure=&#8221;1_3,2_3&#8243;][et_pb_column type=&#8221;1_3&#8243; _builder_version=&#8221;4.16&#8243; custom_padding=&#8221;|||&#8221; global_colors_info=&#8221;{}&#8221; custom_padding__hover=&#8221;|||&#8221;][et_pb_image src=&#8221;http:\/\/www.classicalguitar.de\/wp-content\/uploads\/2018\/07\/22_Romanza_Espanola-250.jpg&#8221; align=&#8221;right&#8221; align_tablet=&#8221;center&#8221; align_last_edited=&#8221;on|desktop&#8221; _builder_version=&#8221;4.16&#8243; max_width_tablet=&#8221;100%&#8221; max_width_phone=&#8221;100%&#8221; max_width_last_edited=&#8221;on|phone&#8221; module_alignment=&#8221;right&#8221; custom_margin=&#8221;|||&#8221; border_width_all=&#8221;1px&#8221; border_color_all=&#8221;#e7ab37&#8243; global_colors_info=&#8221;{}&#8221; align_phone=&#8221;center&#8221;][\/et_pb_image][\/et_pb_column][et_pb_column type=&#8221;2_3&#8243; _builder_version=&#8221;4.16&#8243; custom_padding=&#8221;|||&#8221; global_colors_info=&#8221;{}&#8221; custom_padding__hover=&#8221;|||&#8221;][et_pb_text _builder_version=&#8221;4.16&#8243; custom_margin=&#8221;|||20px&#8221; global_colors_info=&#8221;{}&#8221;]<\/p>\n<h3 id=\"h14sjjnbbygn1742q86j7ldzv3vlpuo\">Romanza Espa\u00f1ola<\/h3>\n<p>CD Bayer Rec. BR 100 186 (1995)<\/p>\n<p><b>Joaquin Malats<\/b> Serenata Espa\u00f1ola<br \/>\n<b>Federico Moreno-T\u00f3rroba<\/b> Jerigonza, Romance de los Pi\u00f1os, La Seguidilla<br \/>\n<b>Isaac Alb\u00e9niz<\/b> Asturias<br \/>\n<b>Fernando Sor<\/b> Andante Largo op.5, Nr.5<br \/>\n<b>Manuel de Falla<\/b> Homenaje pour le Tombeau de Claude Debussy<br \/>\n<b>Franz Schubert<\/b> Moment musical D 780 Nr.3<br \/>\n<b>Francisco T\u00e1rrega<\/b> Sue\u00f1o, Adelita, L\u00e1grima, Rosita<br \/>\n<b>Joaquin Rodrigo<\/b> Tiento Antiguo, En tierras de Jerez<br \/>\n<b>Isaac Alb\u00e9niz<\/b> Sevilla<br \/>\n<b>Agustin Barrios<\/b> La Catedral<\/p>\n<p><strong>Klaus J\u00e4ckle<\/strong> Gitarre<br \/>\n[\/et_pb_text][et_pb_accordion open_toggle_text_color=&#8221;#e7ab37&#8243; closed_toggle_text_color=&#8221;#e7ab37&#8243; _builder_version=&#8221;4.16&#8243; toggle_font=&#8221;||||||||&#8221; body_font=&#8221;||||||||&#8221; body_text_align=&#8221;left&#8221; body_text_color=&#8221;#000000&#8243; background_color=&#8221;#fffddc&#8221; border_color_all=&#8221;#f5d6a0&#8243; global_colors_info=&#8221;{}&#8221;][et_pb_accordion_item title=&#8221;Presse&#8221; open=&#8221;on&#8221; icon_color=&#8221;#e7ab37&#8243; _builder_version=&#8221;4.16&#8243; background_color=&#8221;#fffddc&#8221; custom_margin=&#8221;-10px|||&#8221; border_radii=&#8221;on|5px|5px|5px|5px&#8221; global_colors_info=&#8221;{}&#8221;]&#8230;Bei diesem St\u00fcck wie auch bei Malats Serenata Espanola, den Alb\u00e9niz-Hits Asturias und bei Sevilla wurde J\u00e4ckle selbst als Arrangeur t\u00e4tig, was sicherlich den Kompositionen einen neuen Reiz verleiht. Ebenso stilsicher wie musikalisch bewegt sich Klaus J\u00e4ckle durch das restliche Repertoire, welches recht unterschiedliche Anforderungen stellt. Sehr angenehm f\u00fcr das Ohr ist meiner Meinung nach die hier vorliegende Studioaufnahme, die im Gegensatz zu manchen Kirchenaufnahmen nicht so extrem verhallt ist.<br \/>\n<strong>AKUSTIK GITARRE 2\/96<\/strong><\/p>\n<p>In teils eigenen Arrangements erweckt er das herb-erotische Kolorit kleinerer Serenadenst\u00fccke zu stimmungsdichtem Leben. Ausgefallenes findet sich neben Popul\u00e4rem. Bei J\u00e4ckle lohnt es sich genau zuzuh\u00f6ren: Er ist der Mann f\u00fcr feine Schattierungen, der f\u00fcr jede Motivwiederholung eine eigene dynamische Farbe findet. &#8230;Perfektion und Sentiment gehen hier eine sch\u00f6ne Verbindung ein. Mit diesem Recital bereitet man ein erlesenes, geschmackvolles Geschenk.<br \/>\n<strong>N\u00fcrnberger Nachrichten, 2.7.1996<\/strong><\/p>\n<p><strong>\u00a0<\/strong><br \/>\n[\/et_pb_accordion_item][\/et_pb_accordion][\/et_pb_column][\/et_pb_row][\/et_pb_section][et_pb_section fb_built=&#8221;1&#8243; _builder_version=&#8221;4.16&#8243; background_color=&#8221;#fffddc&#8221; border_width_top=&#8221;1px&#8221; border_color_top=&#8221;#e7ab37&#8243; global_colors_info=&#8221;{}&#8221;][et_pb_row _builder_version=&#8221;4.16&#8243; background_size=&#8221;initial&#8221; background_position=&#8221;top_left&#8221; background_repeat=&#8221;repeat&#8221; global_colors_info=&#8221;{}&#8221; column_structure=&#8221;1_3,2_3&#8243;][et_pb_column type=&#8221;1_3&#8243; _builder_version=&#8221;4.16&#8243; custom_padding=&#8221;|||&#8221; global_colors_info=&#8221;{}&#8221; custom_padding__hover=&#8221;|||&#8221;][et_pb_image src=&#8221;http:\/\/www.classicalguitar.de\/wp-content\/uploads\/2018\/07\/23_Concierto_para-250.jpg&#8221; align=&#8221;right&#8221; align_tablet=&#8221;center&#8221; align_last_edited=&#8221;on|desktop&#8221; _builder_version=&#8221;4.16&#8243; max_width_tablet=&#8221;100%&#8221; max_width_phone=&#8221;100%&#8221; max_width_last_edited=&#8221;on|phone&#8221; module_alignment=&#8221;right&#8221; custom_margin=&#8221;|||&#8221; border_width_all=&#8221;1px&#8221; border_color_all=&#8221;#e7ab37&#8243; global_colors_info=&#8221;{}&#8221; align_phone=&#8221;center&#8221;][\/et_pb_image][\/et_pb_column][et_pb_column type=&#8221;2_3&#8243; _builder_version=&#8221;4.16&#8243; custom_padding=&#8221;|||&#8221; global_colors_info=&#8221;{}&#8221; custom_padding__hover=&#8221;|||&#8221;][et_pb_text _builder_version=&#8221;4.16&#8243; custom_margin=&#8221;|||20px&#8221; global_colors_info=&#8221;{}&#8221;]<\/p>\n<h3 id=\"h14sjjnbbygn1742q86j7ldzv3vlpuo\">Concierto para una Fiesta<\/h3>\n<p>CD Bayer Rec. BR 100 122 (1994)<\/p>\n<p><b>Isaac Alb\u00e9niz<\/b> Rumores de la Caleta, C\u00f3rdoba<br \/>\n<b>Francisco T\u00e1rrega<\/b> Capricho Arabe, Recuerdos de la Alhambra<br \/>\n<b>Dionisio Aguado<\/b> Rondo brillant N\u00b0 2, a-moll<br \/>\n<b>Alonso Mudarra<\/b> Fantasia X<br \/>\n<b>Joaquin Rodrigo<\/b> Concierto para una Fiesta f\u00fcr Gitarre und Kammertrio (vom Komponisten autorisierte Version)<\/p>\n<p><strong>Klaus J\u00e4ckle<\/strong> Gitarre<br \/>\n<strong>Elisabeth Riessbeck<\/strong> Fl\u00f6te<br \/>\n<strong>Stefan Hummel<\/strong> Viola<br \/>\n<strong>Eva B\u00f6cker<\/strong> Violoncello<br \/>\n[\/et_pb_text][\/et_pb_column][\/et_pb_row][\/et_pb_section][et_pb_section fb_built=&#8221;1&#8243; _builder_version=&#8221;4.16&#8243; background_color=&#8221;#fffddc&#8221; border_width_top=&#8221;1px&#8221; border_color_top=&#8221;#e7ab37&#8243; global_colors_info=&#8221;{}&#8221;][et_pb_row _builder_version=&#8221;4.16&#8243; background_size=&#8221;initial&#8221; background_position=&#8221;top_left&#8221; background_repeat=&#8221;repeat&#8221; global_colors_info=&#8221;{}&#8221; column_structure=&#8221;1_3,2_3&#8243;][et_pb_column type=&#8221;1_3&#8243; _builder_version=&#8221;4.16&#8243; custom_padding=&#8221;|||&#8221; global_colors_info=&#8221;{}&#8221; custom_padding__hover=&#8221;|||&#8221;][et_pb_image src=&#8221;http:\/\/www.classicalguitar.de\/wp-content\/uploads\/2018\/07\/24_Jardin_de_Dolly-250.jpg&#8221; align=&#8221;right&#8221; align_tablet=&#8221;center&#8221; align_last_edited=&#8221;on|desktop&#8221; _builder_version=&#8221;4.16&#8243; max_width_tablet=&#8221;100%&#8221; max_width_phone=&#8221;100%&#8221; max_width_last_edited=&#8221;on|phone&#8221; module_alignment=&#8221;right&#8221; custom_margin=&#8221;|||&#8221; border_width_all=&#8221;1px&#8221; border_color_all=&#8221;#e7ab37&#8243; global_colors_info=&#8221;{}&#8221; align_phone=&#8221;center&#8221;][\/et_pb_image][\/et_pb_column][et_pb_column type=&#8221;2_3&#8243; _builder_version=&#8221;4.16&#8243; custom_padding=&#8221;|||&#8221; global_colors_info=&#8221;{}&#8221; custom_padding__hover=&#8221;|||&#8221;][et_pb_text _builder_version=&#8221;4.16&#8243; custom_margin=&#8221;|||20px&#8221; global_colors_info=&#8221;{}&#8221;]<\/p>\n<h3 id=\"h14sjjnbbygn1742q86j7ldzv3vlpuo\">Jardin de Dolly<\/h3>\n<p>CD Aurophon AU 31347 (1991)<\/p>\n<p><b>Carl Philipp Emanuel Bach<\/b> Sonate e-moll f\u00fcr Fl\u00f6te und Gitarre<br \/>\n<b>Johann Sebastian Bach<\/b> Fuge a-moll (BWV 1000) f\u00fcr Gitarre, Sonate C-Dur (BWV 1033) f\u00fcr Fl\u00f6te und Gitarre<br \/>\n<b>Klaus J\u00e4ckle<\/b> \u00bbHerbst\u00ab f\u00fcr Gitarre<br \/>\n<b>Gabriel Faur\u00e9<\/b> Aus \u00bbDolly\u00ab, op.56 f\u00fcr Fl\u00f6te und Gitarre<\/p>\n<p><strong>Elisabeth Riessbeck <\/strong>Fl\u00f6te<strong><br \/>\nKlaus J\u00e4ckle<\/strong> Gitarre<br \/>\n[\/et_pb_text][et_pb_accordion open_toggle_text_color=&#8221;#e7ab37&#8243; closed_toggle_text_color=&#8221;#e7ab37&#8243; _builder_version=&#8221;4.19.5&#8243; toggle_font=&#8221;||||||||&#8221; body_font=&#8221;||||||||&#8221; body_text_align=&#8221;left&#8221; body_text_color=&#8221;#000000&#8243; background_color=&#8221;#fffddc&#8221; hover_enabled=&#8221;0&#8243; border_color_all=&#8221;#f5d6a0&#8243; global_colors_info=&#8221;{}&#8221; locked=&#8221;off&#8221; sticky_enabled=&#8221;0&#8243;][et_pb_accordion_item title=&#8221;Listening&#8221; open=&#8221;on&#8221; icon_color=&#8221;#e7ab37&#8243; _builder_version=&#8221;4.19.5&#8243; background_color=&#8221;#fffddc&#8221; custom_margin=&#8221;|||0px&#8221; hover_enabled=&#8221;0&#8243; border_radii=&#8221;on|5px|5px|5px|5px&#8221; global_colors_info=&#8221;{}&#8221; sticky_enabled=&#8221;0&#8243;]<\/p>\n<p><a href=\"https:\/\/open.spotify.com\/track\/6rE5XXHwFxtdSAybeiOOvy?si=67ad3dfaae134aac\" title=\"Faur\u00e9 Dolly\">spotify &gt;&gt;<\/a><\/p>\n<p>[\/et_pb_accordion_item][et_pb_accordion_item title=&#8221;Reviews&#8221; icon_color=&#8221;#e7ab37&#8243; _builder_version=&#8221;4.19.5&#8243; background_color=&#8221;#fffddc&#8221; custom_margin=&#8221;-10px|||&#8221; hover_enabled=&#8221;0&#8243; border_radii=&#8221;on|5px|5px|5px|5px&#8221; global_colors_info=&#8221;{}&#8221; open=&#8221;off&#8221; sticky_enabled=&#8221;0&#8243;][\/et_pb_accordion_item][\/et_pb_accordion][\/et_pb_column][\/et_pb_row][\/et_pb_section][et_pb_section fb_built=&#8221;1&#8243; _builder_version=&#8221;4.16&#8243; background_color=&#8221;#fffddc&#8221; border_width_top=&#8221;1px&#8221; border_color_top=&#8221;#e7ab37&#8243; global_colors_info=&#8221;{}&#8221;][et_pb_row _builder_version=&#8221;4.16&#8243; background_size=&#8221;initial&#8221; background_position=&#8221;top_left&#8221; background_repeat=&#8221;repeat&#8221; global_colors_info=&#8221;{}&#8221; column_structure=&#8221;1_3,2_3&#8243;][et_pb_column type=&#8221;1_3&#8243; _builder_version=&#8221;4.16&#8243; custom_padding=&#8221;|||&#8221; global_colors_info=&#8221;{}&#8221; custom_padding__hover=&#8221;|||&#8221;][et_pb_image src=&#8221;http:\/\/www.classicalguitar.de\/wp-content\/uploads\/2018\/07\/25_ROS_Card-250.jpg&#8221; align=&#8221;right&#8221; align_tablet=&#8221;center&#8221; align_last_edited=&#8221;on|desktop&#8221; _builder_version=&#8221;4.16&#8243; max_width_tablet=&#8221;100%&#8221; max_width_phone=&#8221;100%&#8221; max_width_last_edited=&#8221;on|phone&#8221; module_alignment=&#8221;right&#8221; custom_margin=&#8221;|||&#8221; border_width_all=&#8221;1px&#8221; border_color_all=&#8221;#e7ab37&#8243; global_colors_info=&#8221;{}&#8221; align_phone=&#8221;center&#8221;][\/et_pb_image][\/et_pb_column][et_pb_column type=&#8221;2_3&#8243; _builder_version=&#8221;4.16&#8243; custom_padding=&#8221;|||&#8221; global_colors_info=&#8221;{}&#8221; custom_padding__hover=&#8221;|||&#8221;][et_pb_text _builder_version=&#8221;4.16&#8243; custom_margin=&#8221;|||20px&#8221; global_colors_info=&#8221;{}&#8221;]<\/p>\n<h3 id=\"h14sjjnbbygn1742q86j7ldzv3vlpuo\">Klaus J\u00e4ckle<\/h3>\n<p>ROS-Card PONTIS 1998<strong><br \/>\n<\/strong><\/p>\n<p><strong>Anonymus <\/strong>Romanza d&#8217;Amore<strong><br \/>\nTrad. Flamenco (Arr. Klaus J\u00e4ckle)<\/strong> Rumbas<br \/>\n<strong>Francisco T\u00e1rrega <\/strong>Endecha (Preludio), Maria (Tango)<\/p>\n<p><strong>Klaus J\u00e4ckle<\/strong> Gitarre<br \/>\n[\/et_pb_text][\/et_pb_column][\/et_pb_row][\/et_pb_section][et_pb_section fb_built=&#8221;1&#8243; fullwidth=&#8221;on&#8221; _builder_version=&#8221;4.16&#8243; global_colors_info=&#8221;{}&#8221;][et_pb_fullwidth_image src=&#8221;http:\/\/www.classicalguitar.de\/wp-content\/uploads\/2018\/07\/als-gastmusiker-1.png&#8221; _builder_version=&#8221;4.16&#8243; global_colors_info=&#8221;{}&#8221;][\/et_pb_fullwidth_image][\/et_pb_section][et_pb_section fb_built=&#8221;1&#8243; _builder_version=&#8221;4.16&#8243; background_color=&#8221;#fffddc&#8221; border_color_top=&#8221;#e7ab37&#8243; global_colors_info=&#8221;{}&#8221;][et_pb_row _builder_version=&#8221;4.16&#8243; background_size=&#8221;initial&#8221; background_position=&#8221;top_left&#8221; background_repeat=&#8221;repeat&#8221; global_colors_info=&#8221;{}&#8221; column_structure=&#8221;1_3,2_3&#8243;][et_pb_column type=&#8221;1_3&#8243; _builder_version=&#8221;4.16&#8243; custom_padding=&#8221;|||&#8221; global_colors_info=&#8221;{}&#8221; custom_padding__hover=&#8221;|||&#8221;][et_pb_image src=&#8221;http:\/\/www.classicalguitar.de\/wp-content\/uploads\/2018\/07\/M01_Purpura-250.jpg&#8221; align=&#8221;right&#8221; align_tablet=&#8221;center&#8221; align_last_edited=&#8221;on|desktop&#8221; _builder_version=&#8221;4.16&#8243; max_width_tablet=&#8221;100%&#8221; max_width_phone=&#8221;100%&#8221; max_width_last_edited=&#8221;on|phone&#8221; module_alignment=&#8221;right&#8221; custom_margin=&#8221;|||&#8221; border_width_all=&#8221;1px&#8221; border_color_all=&#8221;#e7ab37&#8243; global_colors_info=&#8221;{}&#8221; align_phone=&#8221;center&#8221;][\/et_pb_image][\/et_pb_column][et_pb_column type=&#8221;2_3&#8243; _builder_version=&#8221;4.16&#8243; custom_padding=&#8221;|||&#8221; global_colors_info=&#8221;{}&#8221; custom_padding__hover=&#8221;|||&#8221;][et_pb_text _builder_version=&#8221;4.16&#8243; custom_margin=&#8221;|||20px&#8221; global_colors_info=&#8221;{}&#8221;]<\/p>\n<h3 id=\"h14sjjnbbygn1742q86j7ldzv3vlpuo\">Pocket Opera Company<\/h3>\n<p><strong>La Purpura dell Rosa<\/strong><br \/>\n[\/et_pb_text][\/et_pb_column][\/et_pb_row][\/et_pb_section][et_pb_section fb_built=&#8221;1&#8243; _builder_version=&#8221;4.16&#8243; background_color=&#8221;#fffddc&#8221; border_width_top=&#8221;1px&#8221; border_color_top=&#8221;#e7ab37&#8243; global_colors_info=&#8221;{}&#8221;][et_pb_row _builder_version=&#8221;4.16&#8243; background_size=&#8221;initial&#8221; background_position=&#8221;top_left&#8221; background_repeat=&#8221;repeat&#8221; global_colors_info=&#8221;{}&#8221; column_structure=&#8221;1_3,2_3&#8243;][et_pb_column type=&#8221;1_3&#8243; _builder_version=&#8221;4.16&#8243; custom_padding=&#8221;|||&#8221; global_colors_info=&#8221;{}&#8221; custom_padding__hover=&#8221;|||&#8221;][et_pb_image src=&#8221;http:\/\/www.classicalguitar.de\/wp-content\/uploads\/2018\/07\/M02_Verdichtungen2014-250.jpg&#8221; align=&#8221;right&#8221; align_tablet=&#8221;center&#8221; align_last_edited=&#8221;on|desktop&#8221; _builder_version=&#8221;4.16&#8243; max_width_tablet=&#8221;100%&#8221; max_width_phone=&#8221;100%&#8221; max_width_last_edited=&#8221;on|phone&#8221; module_alignment=&#8221;right&#8221; custom_margin=&#8221;|||&#8221; border_width_all=&#8221;1px&#8221; border_color_all=&#8221;#e7ab37&#8243; global_colors_info=&#8221;{}&#8221; align_phone=&#8221;center&#8221;][\/et_pb_image][\/et_pb_column][et_pb_column type=&#8221;2_3&#8243; _builder_version=&#8221;4.16&#8243; custom_padding=&#8221;|||&#8221; global_colors_info=&#8221;{}&#8221; custom_padding__hover=&#8221;|||&#8221;][et_pb_text _builder_version=&#8221;4.16&#8243; custom_margin=&#8221;|||20px&#8221; global_colors_info=&#8221;{}&#8221;]<\/p>\n<h3 id=\"h14sjjnbbygn1742q86j7ldzv3vlpuo\">Doris Trendel<\/h3>\n<p><strong>Innenwelten Verdichtungen<br \/>\n<\/strong><br \/>\n[\/et_pb_text][et_pb_accordion open_toggle_text_color=&#8221;#e7ab37&#8243; closed_toggle_text_color=&#8221;#e7ab37&#8243; _builder_version=&#8221;4.19.5&#8243; toggle_font=&#8221;||||||||&#8221; body_font=&#8221;||||||||&#8221; body_text_align=&#8221;left&#8221; body_text_color=&#8221;#000000&#8243; background_color=&#8221;#fffddc&#8221; hover_enabled=&#8221;0&#8243; border_color_all=&#8221;#f5d6a0&#8243; global_colors_info=&#8221;{}&#8221; locked=&#8221;off&#8221; sticky_enabled=&#8221;0&#8243;][et_pb_accordion_item title=&#8221;Listening&#8221; open=&#8221;on&#8221; icon_color=&#8221;#e7ab37&#8243; _builder_version=&#8221;4.19.5&#8243; background_color=&#8221;#fffddc&#8221; custom_margin=&#8221;|||0px&#8221; hover_enabled=&#8221;0&#8243; border_radii=&#8221;on|5px|5px|5px|5px&#8221; global_colors_info=&#8221;{}&#8221; sticky_enabled=&#8221;0&#8243;]<\/p>\n<p><a href=\"https:\/\/timezone-records.com\/products\/innenwelten-verdichtungen\" target=\"_blank\" rel=\"noopener\" title=\"Innenwelten\">timezone records &gt;&gt;<\/a><\/p>\n<p>[\/et_pb_accordion_item][et_pb_accordion_item title=&#8221;Reviews&#8221; icon_color=&#8221;#e7ab37&#8243; _builder_version=&#8221;4.19.5&#8243; background_color=&#8221;#fffddc&#8221; custom_margin=&#8221;-10px|||&#8221; hover_enabled=&#8221;0&#8243; border_radii=&#8221;on|5px|5px|5px|5px&#8221; global_colors_info=&#8221;{}&#8221; open=&#8221;off&#8221; sticky_enabled=&#8221;0&#8243;]<\/p>\n<p>Das Projekt Innenwelten hat seinen Ursprung in der Idee, lyrische Texte instrumental und dramaturgisch zu \u201everdichten\u201c. Diese Verdichtung mag beim Zuh\u00f6rer das Bed\u00fcrfnis wecken, Text und Musik zun\u00e4chst selektiv zu erschlie\u00dfen. F\u00fcr Menschen, deren H\u00f6rschwerpunkt vorzugsweise auf dem Erfassen von Textinhalten beruht, kann die Dramaturgie der Musik die Wirkung der Worte vertiefen.<br \/>Umgekehrt k\u00f6nnen Menschen mit H\u00f6rgewohnheiten, die vornehmlich auf Klangqualit\u00e4t ausgerichtet sind, das treffende Wort als Bereicherung erleben. Der Zuh\u00f6rer ist eingeladen, an einem beispielhaften Selbstfindungs- und Reifungsprozess teilzunehmen.<br \/>In der Auseinandersetzung mit dem \u201eDrama\u201c werden tiefgr\u00fcndige Lebensthemen ber\u00fchrt, die Menschen in sensiblen Lebensphasen begegnen -, und zur inneren Auseinandersetzung bewegen k\u00f6nnen. Die Abfolge der Lieder f\u00fchrt den H\u00f6rer durch einen Prozess, der \u00fcber Verdichtung zur L\u00f6sung gedeiht, um schlie\u00dflich in den feinen Klangakzenten der Ballade \u201eStille\u201c den Ruhepol zu finden. Die musikalische Gestaltung beabsichtigt, diesen Vorgang mithilfe sorgf\u00e4ltig ausgew\u00e4hlten Instrumentalakzenten, expressiv hervorzuheben, mit dem Ziel die Textinhalte auf einer weiteren Wahrnehmungsebene fassbar zu machen. Zu beachten! Die Kombination von Poesie und Musik, kann in der Regel erst nach wiederholtem H\u00f6ren, weitr\u00e4umig erfasst werden und Wirkung zeigen.<\/p>\n<p>[\/et_pb_accordion_item][\/et_pb_accordion][\/et_pb_column][\/et_pb_row][\/et_pb_section][et_pb_section fb_built=&#8221;1&#8243; _builder_version=&#8221;4.16&#8243; background_color=&#8221;#fffddc&#8221; border_width_top=&#8221;1px&#8221; border_color_top=&#8221;#e7ab37&#8243; global_colors_info=&#8221;{}&#8221;][et_pb_row _builder_version=&#8221;4.16&#8243; background_size=&#8221;initial&#8221; background_position=&#8221;top_left&#8221; background_repeat=&#8221;repeat&#8221; global_colors_info=&#8221;{}&#8221; column_structure=&#8221;1_3,2_3&#8243;][et_pb_column type=&#8221;1_3&#8243; _builder_version=&#8221;4.16&#8243; custom_padding=&#8221;|||&#8221; global_colors_info=&#8221;{}&#8221; custom_padding__hover=&#8221;|||&#8221;][et_pb_image src=&#8221;http:\/\/www.classicalguitar.de\/wp-content\/uploads\/2018\/07\/M03_Geh_aus2015-250.jpg&#8221; align=&#8221;right&#8221; align_tablet=&#8221;center&#8221; align_last_edited=&#8221;on|desktop&#8221; _builder_version=&#8221;4.16&#8243; max_width_tablet=&#8221;100%&#8221; max_width_phone=&#8221;100%&#8221; max_width_last_edited=&#8221;on|phone&#8221; module_alignment=&#8221;right&#8221; custom_margin=&#8221;|||&#8221; border_width_all=&#8221;1px&#8221; border_color_all=&#8221;#e7ab37&#8243; global_colors_info=&#8221;{}&#8221; align_phone=&#8221;center&#8221;][\/et_pb_image][\/et_pb_column][et_pb_column type=&#8221;2_3&#8243; _builder_version=&#8221;4.16&#8243; custom_padding=&#8221;|||&#8221; global_colors_info=&#8221;{}&#8221; custom_padding__hover=&#8221;|||&#8221;][et_pb_text _builder_version=&#8221;4.16&#8243; custom_margin=&#8221;|||20px&#8221; global_colors_info=&#8221;{}&#8221;]<\/p>\n<h3 id=\"h14sjjnbbygn1742q86j7ldzv3vlpuo\">Jay Alexander<\/h3>\n<p><strong>Geh aus, mein Herz<br \/>\n<\/strong><br \/>\n[\/et_pb_text][\/et_pb_column][\/et_pb_row][\/et_pb_section][et_pb_section fb_built=&#8221;1&#8243; _builder_version=&#8221;4.16&#8243; background_color=&#8221;#fffddc&#8221; border_width_top=&#8221;1px&#8221; border_color_top=&#8221;#e7ab37&#8243; global_colors_info=&#8221;{}&#8221;][et_pb_row _builder_version=&#8221;4.16&#8243; background_size=&#8221;initial&#8221; background_position=&#8221;top_left&#8221; background_repeat=&#8221;repeat&#8221; global_colors_info=&#8221;{}&#8221; column_structure=&#8221;1_3,2_3&#8243;][et_pb_column type=&#8221;1_3&#8243; _builder_version=&#8221;4.16&#8243; custom_padding=&#8221;|||&#8221; global_colors_info=&#8221;{}&#8221; custom_padding__hover=&#8221;|||&#8221;][et_pb_image src=&#8221;http:\/\/www.classicalguitar.de\/wp-content\/uploads\/2018\/07\/M04_Paradisum-250.jpg&#8221; align=&#8221;right&#8221; align_tablet=&#8221;center&#8221; align_last_edited=&#8221;on|desktop&#8221; _builder_version=&#8221;4.16&#8243; max_width_tablet=&#8221;100%&#8221; max_width_phone=&#8221;100%&#8221; max_width_last_edited=&#8221;on|phone&#8221; module_alignment=&#8221;right&#8221; custom_margin=&#8221;|||&#8221; border_width_all=&#8221;1px&#8221; border_color_all=&#8221;#e7ab37&#8243; global_colors_info=&#8221;{}&#8221; align_phone=&#8221;center&#8221;][\/et_pb_image][\/et_pb_column][et_pb_column type=&#8221;2_3&#8243; _builder_version=&#8221;4.16&#8243; custom_padding=&#8221;|||&#8221; global_colors_info=&#8221;{}&#8221; custom_padding__hover=&#8221;|||&#8221;][et_pb_text _builder_version=&#8221;4.16&#8243; custom_margin=&#8221;|||20px&#8221; global_colors_info=&#8221;{}&#8221;]<\/p>\n<h3 id=\"h14sjjnbbygn1742q86j7ldzv3vlpuo\">Marshall &amp; Alexander<\/h3>\n<p><strong>Paradisum<br \/>\n<\/strong><br \/>\n[\/et_pb_text][\/et_pb_column][\/et_pb_row][\/et_pb_section][et_pb_section fb_built=&#8221;1&#8243; _builder_version=&#8221;4.16&#8243; background_color=&#8221;#fffddc&#8221; border_width_top=&#8221;1px&#8221; border_color_top=&#8221;#e7ab37&#8243; global_colors_info=&#8221;{}&#8221;][et_pb_row _builder_version=&#8221;4.16&#8243; background_size=&#8221;initial&#8221; background_position=&#8221;top_left&#8221; background_repeat=&#8221;repeat&#8221; global_colors_info=&#8221;{}&#8221; column_structure=&#8221;1_3,2_3&#8243;][et_pb_column type=&#8221;1_3&#8243; _builder_version=&#8221;4.16&#8243; custom_padding=&#8221;|||&#8221; global_colors_info=&#8221;{}&#8221; custom_padding__hover=&#8221;|||&#8221;][et_pb_image src=&#8221;http:\/\/www.classicalguitar.de\/wp-content\/uploads\/2018\/07\/M05_Heimat2008-250.jpg&#8221; align=&#8221;right&#8221; align_tablet=&#8221;center&#8221; align_last_edited=&#8221;on|desktop&#8221; _builder_version=&#8221;4.16&#8243; max_width_tablet=&#8221;100%&#8221; max_width_phone=&#8221;100%&#8221; max_width_last_edited=&#8221;on|phone&#8221; module_alignment=&#8221;right&#8221; custom_margin=&#8221;|||&#8221; border_width_all=&#8221;1px&#8221; border_color_all=&#8221;#e7ab37&#8243; global_colors_info=&#8221;{}&#8221; align_phone=&#8221;center&#8221;][\/et_pb_image][\/et_pb_column][et_pb_column type=&#8221;2_3&#8243; _builder_version=&#8221;4.16&#8243; custom_padding=&#8221;|||&#8221; global_colors_info=&#8221;{}&#8221; custom_padding__hover=&#8221;|||&#8221;][et_pb_text _builder_version=&#8221;4.16&#8243; custom_margin=&#8221;|||20px&#8221; global_colors_info=&#8221;{}&#8221;]<\/p>\n<h3 id=\"h14sjjnbbygn1742q86j7ldzv3vlpuo\">Jay Alexander<\/h3>\n<p><strong>Heimat<br \/>\n<\/strong><br \/>\n[\/et_pb_text][\/et_pb_column][\/et_pb_row][\/et_pb_section][et_pb_section fb_built=&#8221;1&#8243; _builder_version=&#8221;4.16&#8243; background_color=&#8221;#fffddc&#8221; border_width_top=&#8221;1px&#8221; border_color_top=&#8221;#e7ab37&#8243; global_colors_info=&#8221;{}&#8221;][et_pb_row _builder_version=&#8221;4.16&#8243; background_size=&#8221;initial&#8221; background_position=&#8221;top_left&#8221; background_repeat=&#8221;repeat&#8221; global_colors_info=&#8221;{}&#8221; column_structure=&#8221;1_3,2_3&#8243;][et_pb_column type=&#8221;1_3&#8243; _builder_version=&#8221;4.16&#8243; custom_padding=&#8221;|||&#8221; global_colors_info=&#8221;{}&#8221; custom_padding__hover=&#8221;|||&#8221;][et_pb_image src=&#8221;http:\/\/www.classicalguitar.de\/wp-content\/uploads\/2018\/07\/M06_Gi\u00a6e\u0301tterfunken2007-250.jpg&#8221; align=&#8221;right&#8221; align_tablet=&#8221;center&#8221; align_last_edited=&#8221;on|desktop&#8221; _builder_version=&#8221;4.16&#8243; max_width_tablet=&#8221;100%&#8221; max_width_phone=&#8221;100%&#8221; max_width_last_edited=&#8221;on|phone&#8221; module_alignment=&#8221;right&#8221; custom_margin=&#8221;|||&#8221; border_width_all=&#8221;1px&#8221; border_color_all=&#8221;#e7ab37&#8243; global_colors_info=&#8221;{}&#8221; align_phone=&#8221;center&#8221;][\/et_pb_image][\/et_pb_column][et_pb_column type=&#8221;2_3&#8243; _builder_version=&#8221;4.16&#8243; custom_padding=&#8221;|||&#8221; global_colors_info=&#8221;{}&#8221; custom_padding__hover=&#8221;|||&#8221;][et_pb_text _builder_version=&#8221;4.16&#8243; custom_margin=&#8221;|||20px&#8221; global_colors_info=&#8221;{}&#8221;]<\/p>\n<h3 id=\"h14sjjnbbygn1742q86j7ldzv3vlpuo\">Marshall &amp; Alexander<\/h3>\n<p><strong>G\u00f6tterfunken<br \/>\n<\/strong><br \/>\n[\/et_pb_text][\/et_pb_column][\/et_pb_row][\/et_pb_section][et_pb_section fb_built=&#8221;1&#8243; _builder_version=&#8221;4.16&#8243; background_color=&#8221;#fffddc&#8221; border_width_top=&#8221;1px&#8221; border_color_top=&#8221;#e7ab37&#8243; global_colors_info=&#8221;{}&#8221;][et_pb_row _builder_version=&#8221;4.16&#8243; background_size=&#8221;initial&#8221; background_position=&#8221;top_left&#8221; background_repeat=&#8221;repeat&#8221; global_colors_info=&#8221;{}&#8221; column_structure=&#8221;1_3,2_3&#8243;][et_pb_column type=&#8221;1_3&#8243; _builder_version=&#8221;4.16&#8243; custom_padding=&#8221;|||&#8221; global_colors_info=&#8221;{}&#8221; custom_padding__hover=&#8221;|||&#8221;][et_pb_image src=&#8221;http:\/\/www.classicalguitar.de\/wp-content\/uploads\/2018\/07\/M07_Tony2008-250.jpg&#8221; align=&#8221;right&#8221; align_tablet=&#8221;center&#8221; align_last_edited=&#8221;on|desktop&#8221; _builder_version=&#8221;4.16&#8243; max_width_tablet=&#8221;100%&#8221; max_width_phone=&#8221;100%&#8221; max_width_last_edited=&#8221;on|phone&#8221; module_alignment=&#8221;right&#8221; custom_margin=&#8221;|||&#8221; border_width_all=&#8221;1px&#8221; border_color_all=&#8221;#e7ab37&#8243; global_colors_info=&#8221;{}&#8221; align_phone=&#8221;center&#8221;][\/et_pb_image][\/et_pb_column][et_pb_column type=&#8221;2_3&#8243; _builder_version=&#8221;4.16&#8243; custom_padding=&#8221;|||&#8221; global_colors_info=&#8221;{}&#8221; custom_padding__hover=&#8221;|||&#8221;][et_pb_text _builder_version=&#8221;4.16&#8243; custom_margin=&#8221;|||20px&#8221; global_colors_info=&#8221;{}&#8221;]<\/p>\n<h3 id=\"h14sjjnbbygn1742q86j7ldzv3vlpuo\">Tony Marshall<\/h3>\n<p><strong>wie nie<br \/>\n<\/strong><br \/>\n[\/et_pb_text][\/et_pb_column][\/et_pb_row][\/et_pb_section][et_pb_section fb_built=&#8221;1&#8243; _builder_version=&#8221;4.16&#8243; background_color=&#8221;#fffddc&#8221; border_width_top=&#8221;1px&#8221; border_color_top=&#8221;#e7ab37&#8243; global_colors_info=&#8221;{}&#8221;][et_pb_row _builder_version=&#8221;4.16&#8243; background_size=&#8221;initial&#8221; background_position=&#8221;top_left&#8221; background_repeat=&#8221;repeat&#8221; global_colors_info=&#8221;{}&#8221; column_structure=&#8221;1_3,2_3&#8243;][et_pb_column type=&#8221;1_3&#8243; _builder_version=&#8221;4.16&#8243; custom_padding=&#8221;|||&#8221; global_colors_info=&#8221;{}&#8221; custom_padding__hover=&#8221;|||&#8221;][et_pb_image src=&#8221;http:\/\/www.classicalguitar.de\/wp-content\/uploads\/2018\/07\/M08_La_Stella2007-250.jpg&#8221; align=&#8221;right&#8221; align_tablet=&#8221;center&#8221; align_last_edited=&#8221;on|desktop&#8221; _builder_version=&#8221;4.16&#8243; max_width_tablet=&#8221;100%&#8221; max_width_phone=&#8221;100%&#8221; max_width_last_edited=&#8221;on|phone&#8221; module_alignment=&#8221;right&#8221; custom_margin=&#8221;|||&#8221; border_width_all=&#8221;1px&#8221; border_color_all=&#8221;#e7ab37&#8243; global_colors_info=&#8221;{}&#8221; align_phone=&#8221;center&#8221;][\/et_pb_image][\/et_pb_column][et_pb_column type=&#8221;2_3&#8243; _builder_version=&#8221;4.16&#8243; custom_padding=&#8221;|||&#8221; global_colors_info=&#8221;{}&#8221; custom_padding__hover=&#8221;|||&#8221;][et_pb_text _builder_version=&#8221;4.16&#8243; custom_margin=&#8221;|||20px&#8221; global_colors_info=&#8221;{}&#8221;]<\/p>\n<h3 id=\"h14sjjnbbygn1742q86j7ldzv3vlpuo\">Marshall &amp; Alexander<\/h3>\n<p><strong>La stella<br \/>\n<\/strong><br \/>\n[\/et_pb_text][\/et_pb_column][\/et_pb_row][\/et_pb_section][et_pb_section fb_built=&#8221;1&#8243; _builder_version=&#8221;4.16&#8243; background_color=&#8221;#fffddc&#8221; border_width_top=&#8221;1px&#8221; border_color_top=&#8221;#e7ab37&#8243; global_colors_info=&#8221;{}&#8221;][et_pb_row _builder_version=&#8221;4.16&#8243; background_size=&#8221;initial&#8221; background_position=&#8221;top_left&#8221; background_repeat=&#8221;repeat&#8221; global_colors_info=&#8221;{}&#8221; column_structure=&#8221;1_3,2_3&#8243;][et_pb_column type=&#8221;1_3&#8243; _builder_version=&#8221;4.16&#8243; custom_padding=&#8221;|||&#8221; global_colors_info=&#8221;{}&#8221; custom_padding__hover=&#8221;|||&#8221;][et_pb_image src=&#8221;http:\/\/www.classicalguitar.de\/wp-content\/uploads\/2018\/07\/M09_Krosigk2007-250.jpg&#8221; align=&#8221;right&#8221; align_tablet=&#8221;center&#8221; align_last_edited=&#8221;on|desktop&#8221; _builder_version=&#8221;4.16&#8243; max_width_tablet=&#8221;100%&#8221; max_width_phone=&#8221;100%&#8221; max_width_last_edited=&#8221;on|phone&#8221; module_alignment=&#8221;right&#8221; custom_margin=&#8221;|||&#8221; border_width_all=&#8221;1px&#8221; border_color_all=&#8221;#e7ab37&#8243; global_colors_info=&#8221;{}&#8221; align_phone=&#8221;center&#8221;][\/et_pb_image][\/et_pb_column][et_pb_column type=&#8221;2_3&#8243; _builder_version=&#8221;4.16&#8243; custom_padding=&#8221;|||&#8221; global_colors_info=&#8221;{}&#8221; custom_padding__hover=&#8221;|||&#8221;][et_pb_text _builder_version=&#8221;4.16&#8243; custom_margin=&#8221;|||20px&#8221; global_colors_info=&#8221;{}&#8221;]<\/p>\n<h3 id=\"h14sjjnbbygn1742q86j7ldzv3vlpuo\">Friederike von Krosigk<\/h3>\n<p><strong>Coraz\u00f3n al Viento<\/strong><br \/>\n[\/et_pb_text][\/et_pb_column][\/et_pb_row][\/et_pb_section][et_pb_section fb_built=&#8221;1&#8243; _builder_version=&#8221;4.16&#8243; background_color=&#8221;#fffddc&#8221; border_width_top=&#8221;1px&#8221; border_color_top=&#8221;#e7ab37&#8243; global_colors_info=&#8221;{}&#8221;][et_pb_row _builder_version=&#8221;4.16&#8243; background_size=&#8221;initial&#8221; background_position=&#8221;top_left&#8221; background_repeat=&#8221;repeat&#8221; global_colors_info=&#8221;{}&#8221; column_structure=&#8221;1_3,2_3&#8243;][et_pb_column type=&#8221;1_3&#8243; _builder_version=&#8221;4.16&#8243; custom_padding=&#8221;|||&#8221; global_colors_info=&#8221;{}&#8221; custom_padding__hover=&#8221;|||&#8221;][et_pb_image src=&#8221;http:\/\/www.classicalguitar.de\/wp-content\/uploads\/2018\/07\/M10_Hummel2002-250.jpg&#8221; align=&#8221;right&#8221; align_tablet=&#8221;center&#8221; align_last_edited=&#8221;on|desktop&#8221; _builder_version=&#8221;4.16&#8243; max_width_tablet=&#8221;100%&#8221; max_width_phone=&#8221;100%&#8221; max_width_last_edited=&#8221;on|phone&#8221; module_alignment=&#8221;right&#8221; custom_margin=&#8221;|||&#8221; border_width_all=&#8221;1px&#8221; border_color_all=&#8221;#e7ab37&#8243; global_colors_info=&#8221;{}&#8221; align_phone=&#8221;center&#8221;][\/et_pb_image][\/et_pb_column][et_pb_column type=&#8221;2_3&#8243; _builder_version=&#8221;4.16&#8243; custom_padding=&#8221;|||&#8221; global_colors_info=&#8221;{}&#8221; custom_padding__hover=&#8221;|||&#8221;][et_pb_text _builder_version=&#8221;4.16&#8243; custom_margin=&#8221;|||20px&#8221; global_colors_info=&#8221;{}&#8221;]<\/p>\n<h3 id=\"h14sjjnbbygn1742q86j7ldzv3vlpuo\">Stefan David Hummel<\/h3>\n<p><strong>Visions<\/strong><br \/>\n[\/et_pb_text][\/et_pb_column][\/et_pb_row][\/et_pb_section][et_pb_section fb_built=&#8221;1&#8243; _builder_version=&#8221;4.16&#8243; background_color=&#8221;#fffddc&#8221; border_width_top=&#8221;1px&#8221; border_color_top=&#8221;#e7ab37&#8243; global_colors_info=&#8221;{}&#8221;][et_pb_row _builder_version=&#8221;4.16&#8243; background_size=&#8221;initial&#8221; background_position=&#8221;top_left&#8221; background_repeat=&#8221;repeat&#8221; global_colors_info=&#8221;{}&#8221; column_structure=&#8221;1_3,2_3&#8243;][et_pb_column type=&#8221;1_3&#8243; _builder_version=&#8221;4.16&#8243; custom_padding=&#8221;|||&#8221; global_colors_info=&#8221;{}&#8221; custom_padding__hover=&#8221;|||&#8221;][et_pb_image src=&#8221;http:\/\/www.classicalguitar.de\/wp-content\/uploads\/2018\/07\/M11_MarshallAlexander1998-250.jpg&#8221; align=&#8221;right&#8221; align_tablet=&#8221;center&#8221; align_last_edited=&#8221;on|desktop&#8221; _builder_version=&#8221;4.16&#8243; max_width_tablet=&#8221;100%&#8221; max_width_phone=&#8221;100%&#8221; max_width_last_edited=&#8221;on|phone&#8221; module_alignment=&#8221;right&#8221; custom_margin=&#8221;|||&#8221; border_width_all=&#8221;1px&#8221; border_color_all=&#8221;#e7ab37&#8243; global_colors_info=&#8221;{}&#8221; align_phone=&#8221;center&#8221;][\/et_pb_image][\/et_pb_column][et_pb_column type=&#8221;2_3&#8243; _builder_version=&#8221;4.16&#8243; custom_padding=&#8221;|||&#8221; global_colors_info=&#8221;{}&#8221; custom_padding__hover=&#8221;|||&#8221;][et_pb_text _builder_version=&#8221;4.16&#8243; custom_margin=&#8221;|||20px&#8221; global_colors_info=&#8221;{}&#8221;]<\/p>\n<h3 id=\"h14sjjnbbygn1742q86j7ldzv3vlpuo\">Marshall &amp; Alexander<\/h3>\n<p>[\/et_pb_text][\/et_pb_column][\/et_pb_row][\/et_pb_section]<\/p>\n","protected":false},"excerpt":{"rendered":"<p>Between Rembetiko and Modernism CD edition 49 \/ Ebertsch 2020 Stefan Ebertsch 30 miniatures for guitar solo Klaus J\u00e4ckle guitarAt Stefan Ebertsch &gt;&gt;\u201cThe miniatures are very refreshing and open up completely new sound architectures. They are particularly suitable for young musicians who want to open up new dimensions of sound.\u201d Johannes Monno (Professor of Guitar [&hellip;]<\/p>\n","protected":false},"author":1,"featured_media":0,"parent":1596,"menu_order":0,"comment_status":"closed","ping_status":"closed","template":"","meta":{"_et_pb_use_builder":"on","_et_pb_old_content":"","_et_gb_content_width":"","footnotes":""},"_links":{"self":[{"href":"https:\/\/www.classicalguitar.de\/en\/wp-json\/wp\/v2\/pages\/1598"}],"collection":[{"href":"https:\/\/www.classicalguitar.de\/en\/wp-json\/wp\/v2\/pages"}],"about":[{"href":"https:\/\/www.classicalguitar.de\/en\/wp-json\/wp\/v2\/types\/page"}],"author":[{"embeddable":true,"href":"https:\/\/www.classicalguitar.de\/en\/wp-json\/wp\/v2\/users\/1"}],"replies":[{"embeddable":true,"href":"https:\/\/www.classicalguitar.de\/en\/wp-json\/wp\/v2\/comments?post=1598"}],"version-history":[{"count":8,"href":"https:\/\/www.classicalguitar.de\/en\/wp-json\/wp\/v2\/pages\/1598\/revisions"}],"predecessor-version":[{"id":2227,"href":"https:\/\/www.classicalguitar.de\/en\/wp-json\/wp\/v2\/pages\/1598\/revisions\/2227"}],"up":[{"embeddable":true,"href":"https:\/\/www.classicalguitar.de\/en\/wp-json\/wp\/v2\/pages\/1596"}],"wp:attachment":[{"href":"https:\/\/www.classicalguitar.de\/en\/wp-json\/wp\/v2\/media?parent=1598"}],"curies":[{"name":"wp","href":"https:\/\/api.w.org\/{rel}","templated":true}]}}