{"id":1615,"date":"2019-06-05T14:31:20","date_gmt":"2019-06-05T12:31:20","guid":{"rendered":"http:\/\/www.classicalguitar.de\/?page_id=1615"},"modified":"2024-03-29T20:41:00","modified_gmt":"2024-03-29T19:41:00","slug":"sheet-music","status":"publish","type":"page","link":"https:\/\/www.classicalguitar.de\/en\/for-guitarists\/sheet-music\/","title":{"rendered":"Sheet Music"},"content":{"rendered":"<p>[et_pb_section fb_built=&#8221;1&#8243; _builder_version=&#8221;4.16&#8243; background_color=&#8221;#fffddc&#8221; border_width_top=&#8221;1px&#8221; border_color_top=&#8221;#e7ab37&#8243; global_colors_info=&#8221;{}&#8221;][et_pb_row column_structure=&#8221;1_3,2_3&#8243; _builder_version=&#8221;4.16&#8243; background_size=&#8221;initial&#8221; background_position=&#8221;top_left&#8221; background_repeat=&#8221;repeat&#8221; global_colors_info=&#8221;{}&#8221;][et_pb_column type=&#8221;1_3&#8243; _builder_version=&#8221;4.16&#8243; custom_padding=&#8221;|||&#8221; global_colors_info=&#8221;{}&#8221; custom_padding__hover=&#8221;|||&#8221;][et_pb_image src=&#8221;http:\/\/www.classicalguitar.de\/wp-content\/uploads\/2018\/05\/transparent.png&#8221; align_tablet=&#8221;center&#8221; align_phone=&#8221;center&#8221; align_last_edited=&#8221;on|desktop&#8221; _builder_version=&#8221;4.16&#8243; global_colors_info=&#8221;{}&#8221;][\/et_pb_image][\/et_pb_column][et_pb_column type=&#8221;2_3&#8243; _builder_version=&#8221;4.16&#8243; custom_padding=&#8221;|||&#8221; global_colors_info=&#8221;{}&#8221; custom_padding__hover=&#8221;|||&#8221;][et_pb_text _builder_version=&#8221;4.19.5&#8243; global_colors_info=&#8221;{}&#8221;]<\/p>\n<p><b><a href=\"#gitarresolo\">Guitar solo &gt;&gt;<\/a> <\/b> <b><a href=\"#floete\">Flute (Violin, Clarinet, Violoncello) and Guitare &gt;&gt;<\/a>\u00a0<\/b><b><a href=\"#gesang\">Voice and Guitare &gt;&gt;<\/a> <\/b> <b><a href=\"#quartett\">Guitare quartet &gt;&gt;<\/a> <\/b>you can view most of the music, please contact me for any questions via <a href=\"mailto:info@classicalguitar.de\"><strong>E-mail<\/strong><\/a><\/p>\n<p>[\/et_pb_text][\/et_pb_column][\/et_pb_row][\/et_pb_section][et_pb_section fb_built=&#8221;1&#8243; module_id=&#8221;gitarresolo&#8221; _builder_version=&#8221;4.16&#8243; background_color=&#8221;#e7ab37&#8243; border_width_top=&#8221;1px&#8221; border_color_top=&#8221;#e7ab37&#8243; global_colors_info=&#8221;{}&#8221;][et_pb_row column_structure=&#8221;1_3,2_3&#8243; _builder_version=&#8221;4.16&#8243; background_size=&#8221;initial&#8221; background_position=&#8221;top_left&#8221; background_repeat=&#8221;repeat&#8221; global_colors_info=&#8221;{}&#8221;][et_pb_column type=&#8221;1_3&#8243; _builder_version=&#8221;4.16&#8243; custom_padding=&#8221;|||&#8221; global_colors_info=&#8221;{}&#8221; custom_padding__hover=&#8221;|||&#8221;][et_pb_image src=&#8221;http:\/\/www.classicalguitar.de\/wp-content\/uploads\/2018\/05\/transparent.png&#8221; align=&#8221;right&#8221; align_tablet=&#8221;center&#8221; align_phone=&#8221;center&#8221; align_last_edited=&#8221;on|desktop&#8221; _builder_version=&#8221;4.16&#8243; max_width_tablet=&#8221;80%&#8221; max_width_phone=&#8221;&#8221; max_width_last_edited=&#8221;on|tablet&#8221; module_alignment=&#8221;right&#8221; custom_margin=&#8221;0px|||&#8221; border_color_all=&#8221;#e7ab37&#8243; global_colors_info=&#8221;{}&#8221;][\/et_pb_image][\/et_pb_column][et_pb_column type=&#8221;2_3&#8243; _builder_version=&#8221;4.16&#8243; custom_padding=&#8221;|||&#8221; global_colors_info=&#8221;{}&#8221; custom_padding__hover=&#8221;|||&#8221;][et_pb_text _builder_version=&#8221;4.19.5&#8243; global_colors_info=&#8221;{}&#8221;]<\/p>\n<h3>Guitar solo<\/h3>\n<p>[\/et_pb_text][\/et_pb_column][\/et_pb_row][\/et_pb_section][et_pb_section fb_built=&#8221;1&#8243; _builder_version=&#8221;4.16&#8243; background_color=&#8221;#fffddc&#8221; border_width_top=&#8221;1px&#8221; border_color_top=&#8221;#e7ab37&#8243; global_colors_info=&#8221;{}&#8221;][et_pb_row column_structure=&#8221;1_3,2_3&#8243; _builder_version=&#8221;4.16&#8243; background_size=&#8221;initial&#8221; background_position=&#8221;top_left&#8221; background_repeat=&#8221;repeat&#8221; global_colors_info=&#8221;{}&#8221;][et_pb_column type=&#8221;1_3&#8243; _builder_version=&#8221;4.16&#8243; custom_padding=&#8221;|||&#8221; global_colors_info=&#8221;{}&#8221; custom_padding__hover=&#8221;|||&#8221;][et_pb_image src=&#8221;http:\/\/www.classicalguitar.de\/wp-content\/uploads\/2018\/08\/albeniz.png&#8221; align=&#8221;right&#8221; align_tablet=&#8221;center&#8221; align_phone=&#8221;center&#8221; align_last_edited=&#8221;on|desktop&#8221; _builder_version=&#8221;4.16&#8243; max_width_tablet=&#8221;80%&#8221; max_width_phone=&#8221;&#8221; max_width_last_edited=&#8221;on|tablet&#8221; module_alignment=&#8221;right&#8221; custom_margin=&#8221;0px|||&#8221; border_color_all=&#8221;#e7ab37&#8243; global_colors_info=&#8221;{}&#8221;][\/et_pb_image][\/et_pb_column][et_pb_column type=&#8221;2_3&#8243; _builder_version=&#8221;4.16&#8243; custom_padding=&#8221;|||&#8221; global_colors_info=&#8221;{}&#8221; custom_padding__hover=&#8221;|||&#8221;][et_pb_text _builder_version=&#8221;4.16&#8243; global_colors_info=&#8221;{}&#8221; custom_padding=&#8221;||0px|||&#8221;]<\/p>\n<h3><\/h3>\n<h3>Isaac Alb\u00e9niz<\/h3>\n<p>(Transcription: Klaus J\u00e4ckle)<\/p>\n<p><strong>Rumores de la Caleta<\/strong>, edition hage, N\u00fcrnberg, eh 4001 <strong><a href=\"http:\/\/www.classicalguitar.de\/noten\/Albeniz_Rumores_1.pdf\" target=\"_blank\" rel=\"noopener noreferrer\">(pdf)<\/a><\/strong><\/p>\n<p><strong>Asturias (version in a minor) <a href=\"https:\/\/www.scoreexchange.com\/scores\/561104.html\">view and print online<\/a><br \/><\/strong><\/p>\n<p><strong>Sevilla (version in A major) <\/strong><a href=\"https:\/\/www.scoreexchange.com\/scores\/597832.html\"><strong>view and print online<\/strong><\/a><strong><br \/><\/strong><\/p>\n<p><strong>C\u00f3rdoba <a href=\"https:\/\/www.scoreexchange.com\/scores\/34211.html\">view and print online<\/a><br \/><\/strong><\/p>\n<p><strong>Granada (version in D major) <a href=\"https:\/\/www.scoreexchange.com\/scores\/10081.html\">view and print online<\/a><br \/><\/strong><\/p>\n<p><strong>Mallorca (Barcarola) op. 202 <a href=\"https:\/\/www.scoreexchange.com\/scores\/albeniz-mallorca-op-202-for-guitar-solo-621518.html\">view and print online<\/a><\/strong><\/p>\n<p>[\/et_pb_text][\/et_pb_column][\/et_pb_row][\/et_pb_section][et_pb_section fb_built=&#8221;1&#8243; _builder_version=&#8221;4.16&#8243; background_color=&#8221;#fffddc&#8221; border_width_top=&#8221;1px&#8221; border_color_top=&#8221;#e7ab37&#8243; global_colors_info=&#8221;{}&#8221;][et_pb_row column_structure=&#8221;1_3,2_3&#8243; _builder_version=&#8221;4.16&#8243; background_size=&#8221;initial&#8221; background_position=&#8221;top_left&#8221; background_repeat=&#8221;repeat&#8221; global_colors_info=&#8221;{}&#8221;][et_pb_column type=&#8221;1_3&#8243; _builder_version=&#8221;4.16&#8243; custom_padding=&#8221;|||&#8221; global_colors_info=&#8221;{}&#8221; custom_padding__hover=&#8221;|||&#8221;][et_pb_image src=&#8221;http:\/\/www.classicalguitar.de\/wp-content\/uploads\/2023\/04\/Screenshot-10.png&#8221; title_text=&#8221;Screenshot (10)&#8221; align=&#8221;right&#8221; align_tablet=&#8221;center&#8221; align_phone=&#8221;center&#8221; align_last_edited=&#8221;on|desktop&#8221; _builder_version=&#8221;4.19.5&#8243; max_width_tablet=&#8221;80%&#8221; max_width_phone=&#8221;&#8221; max_width_last_edited=&#8221;on|tablet&#8221; module_alignment=&#8221;right&#8221; custom_margin=&#8221;|||&#8221; border_color_all=&#8221;#e7ab37&#8243; global_colors_info=&#8221;{}&#8221;][\/et_pb_image][\/et_pb_column][et_pb_column type=&#8221;2_3&#8243; _builder_version=&#8221;4.16&#8243; custom_padding=&#8221;|||&#8221; global_colors_info=&#8221;{}&#8221; custom_padding__hover=&#8221;|||&#8221;][et_pb_text _builder_version=&#8221;4.16&#8243; global_colors_info=&#8221;{}&#8221;]<\/p>\n<h3>Johann Sebastian Bach<\/h3>\n<p>(Transcr.: Klaus J\u00e4ckle) <strong>Ciaccona from BWV 1004 <a href=\"http:\/\/www.classicalguitar.de\/noten\/Bach_Ciaccona_1.pdf\" target=\"_blank\" rel=\"noopener noreferrer\">(pdf)<\/a><\/strong> see also<strong><a href=\"http:\/\/www.classicalguitar.de\/wp2\/musik\/cds\/\"> CD Bach<\/a><\/strong><\/p>\n<p><em>Version in e-minor, much more suitable to guitar in my opinion \ud83d\ude42<br \/><\/em><\/p>\n<p>[\/et_pb_text][\/et_pb_column][\/et_pb_row][\/et_pb_section][et_pb_section fb_built=&#8221;1&#8243; _builder_version=&#8221;4.16&#8243; background_color=&#8221;#fffddc&#8221; border_width_top=&#8221;1px&#8221; border_color_top=&#8221;#e7ab37&#8243; global_colors_info=&#8221;{}&#8221;][et_pb_row column_structure=&#8221;1_3,2_3&#8243; _builder_version=&#8221;4.16&#8243; background_size=&#8221;initial&#8221; background_position=&#8221;top_left&#8221; background_repeat=&#8221;repeat&#8221; global_colors_info=&#8221;{}&#8221;][et_pb_column type=&#8221;1_3&#8243; _builder_version=&#8221;4.16&#8243; custom_padding=&#8221;|||&#8221; global_colors_info=&#8221;{}&#8221; custom_padding__hover=&#8221;|||&#8221;][et_pb_image src=&#8221;http:\/\/www.classicalguitar.de\/wp-content\/uploads\/2018\/05\/transparent.png&#8221; align=&#8221;right&#8221; align_tablet=&#8221;center&#8221; align_phone=&#8221;center&#8221; align_last_edited=&#8221;on|desktop&#8221; _builder_version=&#8221;4.16&#8243; max_width_tablet=&#8221;80%&#8221; max_width_phone=&#8221;&#8221; max_width_last_edited=&#8221;on|tablet&#8221; module_alignment=&#8221;right&#8221; custom_margin=&#8221;|||&#8221; border_color_all=&#8221;#e7ab37&#8243; global_colors_info=&#8221;{}&#8221;][\/et_pb_image][\/et_pb_column][et_pb_column type=&#8221;2_3&#8243; _builder_version=&#8221;4.16&#8243; custom_padding=&#8221;|||&#8221; global_colors_info=&#8221;{}&#8221; custom_padding__hover=&#8221;|||&#8221;][et_pb_text _builder_version=&#8221;4.16&#8243; global_colors_info=&#8221;{}&#8221;]<\/p>\n<h3>Johannes Brahms<\/h3>\n<p>(Bearb.: Klaus J\u00e4ckle) <strong>Walzer op. 39 Nr. 15<\/strong> <strong><a href=\"https:\/\/www.scoreexchange.com\/scores\/1593.html\" target=\"_blank\" rel=\"noopener noreferrer\">view and print online<\/a><\/strong> <\/p>\n<p>[\/et_pb_text][\/et_pb_column][\/et_pb_row][\/et_pb_section][et_pb_section fb_built=&#8221;1&#8243; _builder_version=&#8221;4.16&#8243; background_color=&#8221;#fffddc&#8221; border_width_top=&#8221;1px&#8221; border_color_top=&#8221;#e7ab37&#8243; global_colors_info=&#8221;{}&#8221;][et_pb_row column_structure=&#8221;1_3,2_3&#8243; _builder_version=&#8221;4.16&#8243; background_size=&#8221;initial&#8221; background_position=&#8221;top_left&#8221; background_repeat=&#8221;repeat&#8221; global_colors_info=&#8221;{}&#8221;][et_pb_column type=&#8221;1_3&#8243; _builder_version=&#8221;4.16&#8243; custom_padding=&#8221;|||&#8221; global_colors_info=&#8221;{}&#8221; custom_padding__hover=&#8221;|||&#8221;][et_pb_image src=&#8221;http:\/\/www.classicalguitar.de\/wp-content\/uploads\/2023\/04\/2022-11-21Foto2mit-Text.jpg&#8221; title_text=&#8221;2022-11-21Foto2mit Text&#8221; url=&#8221;https:\/\/youtu.be\/fyEPda_PYO8&#8243; url_new_window=&#8221;on&#8221; align=&#8221;right&#8221; align_tablet=&#8221;center&#8221; align_phone=&#8221;center&#8221; align_last_edited=&#8221;on|desktop&#8221; _builder_version=&#8221;4.19.5&#8243; max_width_tablet=&#8221;80%&#8221; max_width_phone=&#8221;&#8221; max_width_last_edited=&#8221;on|tablet&#8221; module_alignment=&#8221;right&#8221; custom_margin=&#8221;|||&#8221; border_color_all=&#8221;#e7ab37&#8243; global_colors_info=&#8221;{}&#8221;][\/et_pb_image][\/et_pb_column][et_pb_column type=&#8221;2_3&#8243; _builder_version=&#8221;4.16&#8243; custom_padding=&#8221;|||&#8221; global_colors_info=&#8221;{}&#8221; custom_padding__hover=&#8221;|||&#8221;][et_pb_text _builder_version=&#8221;4.23.1&#8243; link_option_url_new_window=&#8221;on&#8221; global_colors_info=&#8221;{}&#8221;]<\/p>\n<h3>Fr\u00e9d\u00e9ric Chopin<\/h3>\n<p>(Transcr.: Klaus J\u00e4ckle)<\/p>\n<p><strong>Pr\u00e9lude Nr. 15 &#8220;Regentropfen&#8221;<\/strong> <a href=\"https:\/\/www.scoreexchange.com\/scores\/200571.html\" target=\"_blank\" rel=\"noopener\"><strong>(pdf)<\/strong><\/a><\/p>\n<p><strong>Etude op.10 Nr.3 &#8220;Tristesse&#8221; <a href=\"https:\/\/www.scoreexchange.com\/scores\/202228.html\" target=\"_blank\" rel=\"noopener\">(pdf)<\/a><br \/>\n<\/strong><\/p>\n<p><strong>Etude op.25 Nr. 1 &#8220;Aeolian Harp&#8221; <a href=\"https:\/\/www.scoreexchange.com\/scores\/frederic-chopin-etude-op-25-1-sternenregen-guitar-solo-618522.html\" target=\"_blank\" rel=\"noopener\">(pdf)<\/a><\/strong><\/p>\n<p><strong>Nocturne op.9 Nr.2 <a href=\"https:\/\/www.scoreexchange.com\/scores\/555045.html\" target=\"_blank\" rel=\"noopener\">(pdf)<\/a><\/strong><\/p>\n<p><strong>Vals op.34 Nr.2 <a href=\"https:\/\/www.scoreexchange.com\/scores\/555044.html\" target=\"_blank\" rel=\"noopener\">(pdf)<\/a><\/strong>[\/et_pb_text][\/et_pb_column][\/et_pb_row][\/et_pb_section][et_pb_section fb_built=&#8221;1&#8243; _builder_version=&#8221;4.16&#8243; background_color=&#8221;#fffddc&#8221; border_width_top=&#8221;1px&#8221; border_color_top=&#8221;#e7ab37&#8243; global_colors_info=&#8221;{}&#8221;][et_pb_row column_structure=&#8221;1_3,2_3&#8243; _builder_version=&#8221;4.16&#8243; background_size=&#8221;initial&#8221; background_position=&#8221;top_left&#8221; background_repeat=&#8221;repeat&#8221; global_colors_info=&#8221;{}&#8221;][et_pb_column type=&#8221;1_3&#8243; _builder_version=&#8221;4.16&#8243; custom_padding=&#8221;|||&#8221; global_colors_info=&#8221;{}&#8221; custom_padding__hover=&#8221;|||&#8221;][et_pb_image src=&#8221;http:\/\/www.classicalguitar.de\/wp-content\/uploads\/2023\/04\/Eespere-Motus-212&#215;300.jpg&#8221; title_text=&#8221;Eespere Motus&#8221; url=&#8221;https:\/\/www.edition49shop.de\/instrumentalmusik\/gitarre\/168\/motus&#8221; url_new_window=&#8221;on&#8221; align=&#8221;right&#8221; align_tablet=&#8221;center&#8221; align_phone=&#8221;center&#8221; align_last_edited=&#8221;on|desktop&#8221; _builder_version=&#8221;4.19.5&#8243; max_width_tablet=&#8221;80%&#8221; max_width_phone=&#8221;&#8221; max_width_last_edited=&#8221;on|tablet&#8221; module_alignment=&#8221;right&#8221; custom_margin=&#8221;|||&#8221; border_color_all=&#8221;#e7ab37&#8243; global_colors_info=&#8221;{}&#8221;][\/et_pb_image][\/et_pb_column][et_pb_column type=&#8221;2_3&#8243; _builder_version=&#8221;4.16&#8243; custom_padding=&#8221;|||&#8221; global_colors_info=&#8221;{}&#8221; custom_padding__hover=&#8221;|||&#8221;][et_pb_text _builder_version=&#8221;4.19.5&#8243; global_colors_info=&#8221;{}&#8221;]<\/p>\n<h3>Ren\u00e9 Eespere<\/h3>\n<p>b. 1953 (Hrsg.: Klaus J\u00e4ckle) <strong>Motus (2003) <\/strong>dedicated to Klaus J\u00e4ckle, Edition 49, e49 02046-00<strong> <a href=\"https:\/\/www.edition49shop.de\/instrumentalmusik\/gitarre\/168\/motus\" target=\"_blank\" rel=\"noopener noreferrer\">Ansehen, Anh\u00f6ren<\/a><\/strong><\/p>\n<p>[\/et_pb_text][\/et_pb_column][\/et_pb_row][\/et_pb_section][et_pb_section fb_built=&#8221;1&#8243; _builder_version=&#8221;4.16&#8243; background_color=&#8221;#fffddc&#8221; border_width_top=&#8221;1px&#8221; border_color_top=&#8221;#e7ab37&#8243; global_colors_info=&#8221;{}&#8221;][et_pb_row column_structure=&#8221;1_3,2_3&#8243; _builder_version=&#8221;4.16&#8243; background_size=&#8221;initial&#8221; background_position=&#8221;top_left&#8221; background_repeat=&#8221;repeat&#8221; global_colors_info=&#8221;{}&#8221;][et_pb_column type=&#8221;1_3&#8243; _builder_version=&#8221;4.16&#8243; custom_padding=&#8221;|||&#8221; global_colors_info=&#8221;{}&#8221; custom_padding__hover=&#8221;|||&#8221;][et_pb_image src=&#8221;http:\/\/www.classicalguitar.de\/wp-content\/uploads\/2018\/05\/transparent.png&#8221; align=&#8221;right&#8221; align_tablet=&#8221;center&#8221; align_phone=&#8221;center&#8221; align_last_edited=&#8221;on|desktop&#8221; _builder_version=&#8221;4.16&#8243; max_width_tablet=&#8221;80%&#8221; max_width_phone=&#8221;&#8221; max_width_last_edited=&#8221;on|tablet&#8221; module_alignment=&#8221;right&#8221; custom_margin=&#8221;|||&#8221; border_color_all=&#8221;#e7ab37&#8243; global_colors_info=&#8221;{}&#8221;][\/et_pb_image][\/et_pb_column][et_pb_column type=&#8221;2_3&#8243; _builder_version=&#8221;4.16&#8243; custom_padding=&#8221;|||&#8221; global_colors_info=&#8221;{}&#8221; custom_padding__hover=&#8221;|||&#8221;][et_pb_text _builder_version=&#8221;4.19.5&#8243; global_colors_info=&#8221;{}&#8221;]<\/p>\n<h3><\/h3>\n<h3>Heinrich Hartl<\/h3>\n<p>b. 1953 (Hrsg.: Klaus J\u00e4ckle) <strong>Sonatina quasi una Fantasia op.13 (1985) <\/strong><\/p>\n<p><strong>Rasgueado del viento op.118 (2002) <\/strong>dedicated to Klaus J\u00e4ckle<\/p>\n<p>[\/et_pb_text][\/et_pb_column][\/et_pb_row][\/et_pb_section][et_pb_section fb_built=&#8221;1&#8243; _builder_version=&#8221;4.16&#8243; background_color=&#8221;#fffddc&#8221; border_width_top=&#8221;1px&#8221; border_color_top=&#8221;#e7ab37&#8243; global_colors_info=&#8221;{}&#8221;][et_pb_row column_structure=&#8221;1_3,2_3&#8243; _builder_version=&#8221;4.16&#8243; background_size=&#8221;initial&#8221; background_position=&#8221;top_left&#8221; background_repeat=&#8221;repeat&#8221; global_colors_info=&#8221;{}&#8221;][et_pb_column type=&#8221;1_3&#8243; _builder_version=&#8221;4.16&#8243; custom_padding=&#8221;|||&#8221; global_colors_info=&#8221;{}&#8221; custom_padding__hover=&#8221;|||&#8221;][et_pb_image src=&#8221;http:\/\/www.classicalguitar.de\/wp-content\/uploads\/2023\/04\/HeiderW-sw.jpg&#8221; title_text=&#8221;HeiderW-sw&#8221; align=&#8221;right&#8221; align_tablet=&#8221;center&#8221; align_phone=&#8221;center&#8221; align_last_edited=&#8221;on|desktop&#8221; _builder_version=&#8221;4.19.5&#8243; max_width_tablet=&#8221;80%&#8221; max_width_phone=&#8221;&#8221; max_width_last_edited=&#8221;on|tablet&#8221; module_alignment=&#8221;right&#8221; custom_margin=&#8221;|||&#8221; border_color_all=&#8221;#e7ab37&#8243; global_colors_info=&#8221;{}&#8221;][\/et_pb_image][\/et_pb_column][et_pb_column type=&#8221;2_3&#8243; _builder_version=&#8221;4.16&#8243; custom_padding=&#8221;|||&#8221; global_colors_info=&#8221;{}&#8221; custom_padding__hover=&#8221;|||&#8221;][et_pb_text _builder_version=&#8221;4.16&#8243; global_colors_info=&#8221;{}&#8221;]<\/p>\n<h3>Werner Heider<\/h3>\n<p>b. 1930 <strong>Ausdruck (1997) <\/strong>dedicated to Klaus J\u00e4ckle <strong><a href=\"https:\/\/www.editiongravis.de\/verlag\/product_info.php?info=p1441_Ausdruck.html\">Edition Gravis EG 626 <\/a><\/strong><\/p>\n<p>[\/et_pb_text][\/et_pb_column][\/et_pb_row][\/et_pb_section][et_pb_section fb_built=&#8221;1&#8243; _builder_version=&#8221;4.16&#8243; background_color=&#8221;#fffddc&#8221; border_width_top=&#8221;1px&#8221; border_color_top=&#8221;#e7ab37&#8243; global_colors_info=&#8221;{}&#8221;][et_pb_row column_structure=&#8221;1_3,2_3&#8243; _builder_version=&#8221;4.16&#8243; background_size=&#8221;initial&#8221; background_position=&#8221;top_left&#8221; background_repeat=&#8221;repeat&#8221; global_colors_info=&#8221;{}&#8221;][et_pb_column type=&#8221;1_3&#8243; _builder_version=&#8221;4.16&#8243; custom_padding=&#8221;|||&#8221; global_colors_info=&#8221;{}&#8221; custom_padding__hover=&#8221;|||&#8221;][et_pb_image src=&#8221;http:\/\/www.classicalguitar.de\/wp-content\/uploads\/2018\/05\/transparent.png&#8221; align=&#8221;right&#8221; align_tablet=&#8221;center&#8221; align_phone=&#8221;center&#8221; align_last_edited=&#8221;on|desktop&#8221; _builder_version=&#8221;4.16&#8243; max_width_tablet=&#8221;80%&#8221; max_width_phone=&#8221;&#8221; max_width_last_edited=&#8221;on|tablet&#8221; module_alignment=&#8221;right&#8221; custom_margin=&#8221;|||&#8221; border_color_all=&#8221;#e7ab37&#8243; global_colors_info=&#8221;{}&#8221;][\/et_pb_image][\/et_pb_column][et_pb_column type=&#8221;2_3&#8243; _builder_version=&#8221;4.16&#8243; custom_padding=&#8221;|||&#8221; global_colors_info=&#8221;{}&#8221; custom_padding__hover=&#8221;|||&#8221;][et_pb_text _builder_version=&#8221;4.16&#8243; global_colors_info=&#8221;{}&#8221;]<\/p>\n<h3>Stefan Hippe<\/h3>\n<p>geb. 1966 <strong>Dies Irae (2003) <\/strong>Klaus J\u00e4ckle gewidmet Manuskript Stefan Hippe [\/et_pb_text][\/et_pb_column][\/et_pb_row][\/et_pb_section][et_pb_section fb_built=&#8221;1&#8243; _builder_version=&#8221;4.16&#8243; background_color=&#8221;#fffddc&#8221; border_width_top=&#8221;1px&#8221; border_color_top=&#8221;#e7ab37&#8243; global_colors_info=&#8221;{}&#8221;][et_pb_row column_structure=&#8221;1_3,2_3&#8243; _builder_version=&#8221;4.16&#8243; background_size=&#8221;initial&#8221; background_position=&#8221;top_left&#8221; background_repeat=&#8221;repeat&#8221; global_colors_info=&#8221;{}&#8221;][et_pb_column type=&#8221;1_3&#8243; _builder_version=&#8221;4.16&#8243; custom_padding=&#8221;|||&#8221; global_colors_info=&#8221;{}&#8221; custom_padding__hover=&#8221;|||&#8221;][et_pb_image src=&#8221;http:\/\/www.classicalguitar.de\/wp-content\/uploads\/2018\/05\/transparent.png&#8221; align=&#8221;right&#8221; align_tablet=&#8221;center&#8221; align_phone=&#8221;center&#8221; align_last_edited=&#8221;on|desktop&#8221; _builder_version=&#8221;4.16&#8243; max_width_tablet=&#8221;80%&#8221; max_width_phone=&#8221;&#8221; max_width_last_edited=&#8221;on|tablet&#8221; module_alignment=&#8221;right&#8221; custom_margin=&#8221;|||&#8221; border_color_all=&#8221;#e7ab37&#8243; global_colors_info=&#8221;{}&#8221;][\/et_pb_image][\/et_pb_column][et_pb_column type=&#8221;2_3&#8243; _builder_version=&#8221;4.16&#8243; custom_padding=&#8221;|||&#8221; global_colors_info=&#8221;{}&#8221; custom_padding__hover=&#8221;|||&#8221;][et_pb_text _builder_version=&#8221;4.16&#8243; global_colors_info=&#8221;{}&#8221;]<\/p>\n<h3>Stefan David Hummel<\/h3>\n<p>geb. 1968 <strong>Strukturen (1990) <\/strong>Klaus J\u00e4ckle gewidmet Eigenverlag S.D. Hummel [\/et_pb_text][\/et_pb_column][\/et_pb_row][\/et_pb_section][et_pb_section fb_built=&#8221;1&#8243; _builder_version=&#8221;4.16&#8243; background_color=&#8221;#fffddc&#8221; border_width_top=&#8221;1px&#8221; border_color_top=&#8221;#e7ab37&#8243; global_colors_info=&#8221;{}&#8221;][et_pb_row column_structure=&#8221;1_3,2_3&#8243; _builder_version=&#8221;4.16&#8243; background_size=&#8221;initial&#8221; background_position=&#8221;top_left&#8221; background_repeat=&#8221;repeat&#8221; global_colors_info=&#8221;{}&#8221;][et_pb_column type=&#8221;1_3&#8243; _builder_version=&#8221;4.16&#8243; custom_padding=&#8221;|||&#8221; global_colors_info=&#8221;{}&#8221; custom_padding__hover=&#8221;|||&#8221;][et_pb_image src=&#8221;http:\/\/www.classicalguitar.de\/wp-content\/uploads\/2018\/08\/Leicht-250-2.png&#8221; align=&#8221;right&#8221; align_tablet=&#8221;center&#8221; align_phone=&#8221;center&#8221; align_last_edited=&#8221;on|desktop&#8221; _builder_version=&#8221;4.16&#8243; max_width_tablet=&#8221;80%&#8221; max_width_phone=&#8221;&#8221; max_width_last_edited=&#8221;on|tablet&#8221; module_alignment=&#8221;right&#8221; custom_margin=&#8221;|||&#8221; border_color_all=&#8221;#e7ab37&#8243; global_colors_info=&#8221;{}&#8221;][\/et_pb_image][et_pb_image src=&#8221;http:\/\/www.classicalguitar.de\/wp-content\/uploads\/2018\/08\/GuitarGuitarVorderseite1-212&#215;300.jpg&#8221; title_text=&#8221;GuitarGuitarVorderseite%911%93&#8243; url=&#8221;https:\/\/www.cascha.com\/296\/guitar_guitar_mit_2_cds&#8221; url_new_window=&#8221;on&#8221; align=&#8221;right&#8221; align_tablet=&#8221;center&#8221; align_phone=&#8221;center&#8221; align_last_edited=&#8221;on|desktop&#8221; _builder_version=&#8221;4.19.5&#8243; max_width_tablet=&#8221;80%&#8221; max_width_phone=&#8221;&#8221; max_width_last_edited=&#8221;on|tablet&#8221; module_alignment=&#8221;right&#8221; custom_margin=&#8221;|||&#8221; border_color_all=&#8221;#e7ab37&#8243; global_colors_info=&#8221;{}&#8221;][\/et_pb_image][et_pb_image src=&#8221;http:\/\/www.classicalguitar.de\/wp-content\/uploads\/2018\/05\/transparent.png&#8221; align_tablet=&#8221;center&#8221; align_phone=&#8221;center&#8221; align_last_edited=&#8221;on|desktop&#8221; _builder_version=&#8221;4.16&#8243; max_width=&#8221;40%&#8221; module_alignment=&#8221;right&#8221; global_colors_info=&#8221;{}&#8221;][\/et_pb_image][\/et_pb_column][et_pb_column type=&#8221;2_3&#8243; _builder_version=&#8221;4.16&#8243; custom_padding=&#8221;|||&#8221; global_colors_info=&#8221;{}&#8221; custom_padding__hover=&#8221;|||&#8221;][et_pb_text _builder_version=&#8221;4.16&#8243; global_colors_info=&#8221;{}&#8221;]<\/p>\n<h3>Klaus J\u00e4ckle \/ Krzisztof Borkowski<\/h3>\n<p><strong>Leichte Spielst\u00fccke f\u00fcr Gitarre, Band 1 <\/strong>edition hage, N\u00fcrnberg, eh 4010 <strong>Leichte Spielst\u00fccke f\u00fcr Gitarre, Band 2 <\/strong>edition hage, N\u00fcrnberg, eh 4011 \u00a0 \u00a0 \u00a0 <strong>GuitarGuitar <\/strong>Die 100 sch\u00f6nsten Melodien von Klassik bis Pop f\u00fcr Gitarre Leicht bis mittelschwer arrangiert von Klaus J\u00e4ckle und Krzysztof Borkowski edition hage, N\u00fcrnberg, <strong><a href=\"https:\/\/www.hageshop.de\/catalog\/guitar-guitar-hage-musikverlag-noten-p-81314_40.html\" target=\"_blank\" rel=\"noopener noreferrer\">edition hage shop<\/a><\/strong><\/p>\n<p><strong><\/strong><\/p>\n<p><strong><\/strong><\/p>\n<p><strong><\/strong><\/p>\n<p><strong><\/strong><\/p>\n<p><strong><\/strong><\/p>\n<p><strong><\/strong><\/p>\n<p><strong><\/strong><\/p>\n<p><strong>GuitarGuitar<br \/><\/strong>Die 100 sch\u00f6nsten Melodien von Klassik bis Pop f\u00fcr Gitarre<br \/>Leicht bis mittelschwer arrangiert von Klaus J\u00e4ckle und Krzysztof Borkowski<\/p>\n<p>Mit 2 CDs, eingespielt von Klaus J\u00e4ckle<br \/>edition hage, N\u00fcrnberg, <a href=\"https:\/\/www.cascha.com\/296\/guitar_guitar_mit_2_cds\" target=\"_blank\" rel=\"noopener\"><strong>edition hage shop<\/strong><\/a><\/p>\n<p>[\/et_pb_text][\/et_pb_column][\/et_pb_row][\/et_pb_section][et_pb_section fb_built=&#8221;1&#8243; _builder_version=&#8221;4.16&#8243; background_color=&#8221;#fffddc&#8221; border_width_top=&#8221;1px&#8221; border_color_top=&#8221;#e7ab37&#8243; global_colors_info=&#8221;{}&#8221;][et_pb_row column_structure=&#8221;1_3,2_3&#8243; _builder_version=&#8221;4.16&#8243; background_size=&#8221;initial&#8221; background_position=&#8221;top_left&#8221; background_repeat=&#8221;repeat&#8221; global_colors_info=&#8221;{}&#8221;][et_pb_column type=&#8221;1_3&#8243; _builder_version=&#8221;4.16&#8243; custom_padding=&#8221;|||&#8221; global_colors_info=&#8221;{}&#8221; custom_padding__hover=&#8221;|||&#8221;][et_pb_image src=&#8221;http:\/\/www.classicalguitar.de\/wp-content\/uploads\/2022\/07\/1-213&#215;300.png&#8221; title_text=&#8221;1&#8243; url=&#8221;https:\/\/www.scoreexchange.com\/scores\/580790.html&#8221; url_new_window=&#8221;on&#8221; align=&#8221;right&#8221; align_tablet=&#8221;center&#8221; align_phone=&#8221;center&#8221; align_last_edited=&#8221;on|desktop&#8221; _builder_version=&#8221;4.19.5&#8243; transform_rotate=&#8221;0deg|0deg|342deg&#8221; max_width_tablet=&#8221;80%&#8221; max_width_phone=&#8221;&#8221; max_width_last_edited=&#8221;on|tablet&#8221; module_alignment=&#8221;right&#8221; custom_margin=&#8221;|||&#8221; border_color_all=&#8221;#e7ab37&#8243; global_colors_info=&#8221;{}&#8221;][\/et_pb_image][\/et_pb_column][et_pb_column type=&#8221;2_3&#8243; _builder_version=&#8221;4.16&#8243; custom_padding=&#8221;|||&#8221; global_colors_info=&#8221;{}&#8221; custom_padding__hover=&#8221;|||&#8221;][et_pb_text _builder_version=&#8221;4.19.5&#8243; global_colors_info=&#8221;{}&#8221;]<\/p>\n<h3><\/h3>\n<h3>Domenico Scarlatti<\/h3>\n<p>(Transcr.: Klaus J\u00e4ckle)<\/p>\n<p><strong>Sonata A major, K.208<\/strong> Andante Cantabile <strong><\/strong><strong><a href=\"https:\/\/www.scoreexchange.com\/scores\/22018.html\" target=\"_blank\" rel=\"noopener noreferrer\">view and print<\/a><\/strong><\/p>\n<p><strong>Sonata A major, K.209\u00a0<\/strong><strong> <a href=\"https:\/\/www.scoreexchange.com\/scores\/22199.html\" target=\"_blank\" rel=\"noopener noreferrer\">view and print<\/a><\/strong><\/p>\n<p><strong>Sonata e minor, K 87 <a href=\"https:\/\/www.scoreexchange.com\/scores\/580790.html\">view and print<\/a><\/strong><\/p>\n<p>[\/et_pb_text][\/et_pb_column][\/et_pb_row][\/et_pb_section][et_pb_section fb_built=&#8221;1&#8243; _builder_version=&#8221;4.16&#8243; background_color=&#8221;#fffddc&#8221; border_width_top=&#8221;1px&#8221; border_color_top=&#8221;#e7ab37&#8243; global_colors_info=&#8221;{}&#8221;][et_pb_row column_structure=&#8221;1_3,2_3&#8243; _builder_version=&#8221;4.16&#8243; background_size=&#8221;initial&#8221; background_position=&#8221;top_left&#8221; background_repeat=&#8221;repeat&#8221; global_colors_info=&#8221;{}&#8221;][et_pb_column type=&#8221;1_3&#8243; _builder_version=&#8221;4.16&#8243; custom_padding=&#8221;|||&#8221; global_colors_info=&#8221;{}&#8221; custom_padding__hover=&#8221;|||&#8221;][et_pb_image src=&#8221;http:\/\/www.classicalguitar.de\/wp-content\/uploads\/2023\/04\/Screenshot-8.png&#8221; title_text=&#8221;Screenshot (8)&#8221; url=&#8221;https:\/\/youtu.be\/WNrO77BMJ-c&#8221; url_new_window=&#8221;on&#8221; align=&#8221;right&#8221; align_tablet=&#8221;center&#8221; align_phone=&#8221;center&#8221; align_last_edited=&#8221;on|desktop&#8221; _builder_version=&#8221;4.19.5&#8243; max_width_tablet=&#8221;80%&#8221; max_width_phone=&#8221;&#8221; max_width_last_edited=&#8221;on|tablet&#8221; module_alignment=&#8221;right&#8221; custom_margin=&#8221;|||&#8221; border_color_all=&#8221;#e7ab37&#8243; global_colors_info=&#8221;{}&#8221;][\/et_pb_image][\/et_pb_column][et_pb_column type=&#8221;2_3&#8243; _builder_version=&#8221;4.16&#8243; custom_padding=&#8221;|||&#8221; global_colors_info=&#8221;{}&#8221; custom_padding__hover=&#8221;|||&#8221;][et_pb_text _builder_version=&#8221;4.16&#8243; global_colors_info=&#8221;{}&#8221;]<\/p>\n<h3>Robert Schumann<\/h3>\n<p>(Transcr.: Klaus J\u00e4ckle) <strong>Tr\u00e4umerei aus Kinderszenen op.15\/7 <a href=\"http:\/\/www.classicalguitar.de\/noten\/SchumannTraeumerei.pdf\" target=\"_blank\" rel=\"noopener noreferrer\">(pdf)<\/a><\/strong><\/p>\n<p>[\/et_pb_text][\/et_pb_column][\/et_pb_row][\/et_pb_section][et_pb_section fb_built=&#8221;1&#8243; module_id=&#8221;floete&#8221; _builder_version=&#8221;4.16&#8243; background_color=&#8221;#e7ab37&#8243; border_width_top=&#8221;1px&#8221; border_color_top=&#8221;#e7ab37&#8243; global_colors_info=&#8221;{}&#8221;][et_pb_row column_structure=&#8221;1_3,2_3&#8243; _builder_version=&#8221;4.16&#8243; background_size=&#8221;initial&#8221; background_position=&#8221;top_left&#8221; background_repeat=&#8221;repeat&#8221; global_colors_info=&#8221;{}&#8221;][et_pb_column type=&#8221;1_3&#8243; _builder_version=&#8221;4.16&#8243; custom_padding=&#8221;|||&#8221; global_colors_info=&#8221;{}&#8221; custom_padding__hover=&#8221;|||&#8221;][et_pb_image src=&#8221;http:\/\/www.classicalguitar.de\/wp-content\/uploads\/2018\/05\/transparent.png&#8221; align=&#8221;right&#8221; align_tablet=&#8221;center&#8221; align_phone=&#8221;center&#8221; align_last_edited=&#8221;on|desktop&#8221; _builder_version=&#8221;4.16&#8243; max_width_tablet=&#8221;80%&#8221; max_width_phone=&#8221;&#8221; max_width_last_edited=&#8221;on|tablet&#8221; module_alignment=&#8221;right&#8221; custom_margin=&#8221;|||&#8221; border_color_all=&#8221;#e7ab37&#8243; global_colors_info=&#8221;{}&#8221;][\/et_pb_image][\/et_pb_column][et_pb_column type=&#8221;2_3&#8243; _builder_version=&#8221;4.16&#8243; custom_padding=&#8221;|||&#8221; global_colors_info=&#8221;{}&#8221; custom_padding__hover=&#8221;|||&#8221;][et_pb_text _builder_version=&#8221;4.19.5&#8243; global_colors_info=&#8221;{}&#8221;]<\/p>\n<h3>Flute (Violin, Clarinet, Violoncello) and Guitare<\/h3>\n<p>[\/et_pb_text][\/et_pb_column][\/et_pb_row][\/et_pb_section][et_pb_section fb_built=&#8221;1&#8243; _builder_version=&#8221;4.16&#8243; background_color=&#8221;#fffddc&#8221; border_width_top=&#8221;1px&#8221; border_color_top=&#8221;#e7ab37&#8243; global_colors_info=&#8221;{}&#8221;][et_pb_row column_structure=&#8221;1_3,2_3&#8243; _builder_version=&#8221;4.16&#8243; background_size=&#8221;initial&#8221; background_position=&#8221;top_left&#8221; background_repeat=&#8221;repeat&#8221; custom_padding=&#8221;27px|0px|27px|0px|false|false&#8221; global_colors_info=&#8221;{}&#8221;][et_pb_column type=&#8221;1_3&#8243; _builder_version=&#8221;4.16&#8243; custom_padding=&#8221;|||&#8221; global_colors_info=&#8221;{}&#8221; custom_padding__hover=&#8221;|||&#8221;][et_pb_image src=&#8221;http:\/\/www.classicalguitar.de\/wp-content\/uploads\/2018\/05\/transparent.png&#8221; align=&#8221;right&#8221; align_tablet=&#8221;center&#8221; align_phone=&#8221;center&#8221; align_last_edited=&#8221;on|desktop&#8221; _builder_version=&#8221;4.16&#8243; max_width_tablet=&#8221;80%&#8221; max_width_phone=&#8221;&#8221; max_width_last_edited=&#8221;on|tablet&#8221; module_alignment=&#8221;right&#8221; custom_margin=&#8221;|||&#8221; border_color_all=&#8221;#e7ab37&#8243; global_colors_info=&#8221;{}&#8221;][\/et_pb_image][\/et_pb_column][et_pb_column type=&#8221;2_3&#8243; _builder_version=&#8221;4.16&#8243; custom_padding=&#8221;|||&#8221; global_colors_info=&#8221;{}&#8221; custom_padding__hover=&#8221;|||&#8221;][et_pb_text _builder_version=&#8221;4.16&#8243; global_colors_info=&#8221;{}&#8221;]<\/p>\n<h3>Isaac Alb\u00e9niz<\/h3>\n<p>(Bearb.: Klaus J\u00e4ckle) <strong>Capricho Catalan<\/strong> f\u00fcr Fl\u00f6te (Violine) und Gitarre<a href=\"http:\/\/www.classicalguitar.de\/noten\/AlbenizCaprichoCatalan_1.pdf\" target=\"_blank\" rel=\"noopener noreferrer\"><strong> (pdf)<\/strong><\/a> [\/et_pb_text][\/et_pb_column][\/et_pb_row][\/et_pb_section][et_pb_section fb_built=&#8221;1&#8243; _builder_version=&#8221;4.16&#8243; background_color=&#8221;#fffddc&#8221; border_width_top=&#8221;1px&#8221; border_color_top=&#8221;#e7ab37&#8243; global_colors_info=&#8221;{}&#8221;][et_pb_row column_structure=&#8221;1_3,2_3&#8243; _builder_version=&#8221;4.16&#8243; background_size=&#8221;initial&#8221; background_position=&#8221;top_left&#8221; background_repeat=&#8221;repeat&#8221; global_colors_info=&#8221;{}&#8221;][et_pb_column type=&#8221;1_3&#8243; _builder_version=&#8221;4.16&#8243; custom_padding=&#8221;|||&#8221; global_colors_info=&#8221;{}&#8221; custom_padding__hover=&#8221;|||&#8221;][et_pb_image src=&#8221;http:\/\/www.classicalguitar.de\/wp-content\/uploads\/2018\/08\/Noten.12.jpg&#8221; align=&#8221;right&#8221; align_tablet=&#8221;center&#8221; align_phone=&#8221;center&#8221; align_last_edited=&#8221;on|desktop&#8221; _builder_version=&#8221;4.16&#8243; max_width=&#8221;44%&#8221; max_width_tablet=&#8221;80%&#8221; max_width_phone=&#8221;&#8221; max_width_last_edited=&#8221;on|tablet&#8221; module_alignment=&#8221;right&#8221; custom_margin=&#8221;|||&#8221; border_color_all=&#8221;#e7ab37&#8243; global_colors_info=&#8221;{}&#8221;][\/et_pb_image][et_pb_image src=&#8221;http:\/\/www.classicalguitar.de\/wp-content\/uploads\/2018\/05\/transparent.png&#8221; align=&#8221;right&#8221; align_tablet=&#8221;center&#8221; align_phone=&#8221;center&#8221; align_last_edited=&#8221;on|desktop&#8221; _builder_version=&#8221;4.16&#8243; max_width=&#8221;51%&#8221; global_colors_info=&#8221;{}&#8221;][\/et_pb_image][\/et_pb_column][et_pb_column type=&#8221;2_3&#8243; _builder_version=&#8221;4.16&#8243; custom_padding=&#8221;|||&#8221; global_colors_info=&#8221;{}&#8221; custom_padding__hover=&#8221;|||&#8221;][et_pb_text _builder_version=&#8221;4.16&#8243; global_colors_info=&#8221;{}&#8221;]<\/p>\n<h3>Johann Sebastian Bach<\/h3>\n<p>(Bearb.: Klaus J\u00e4ckle)<\/p>\n<p><strong>Italienisches Konzert BWV 971, F-Dur<\/strong>\u00a0f\u00fcr Fl\u00f6te (Violine) und Gitarre<strong><a href=\"http:\/\/www.classicalguitar.de\/noten\/BachItalKonz_1.pdf\" target=\"_blank\" rel=\"noopener noreferrer\"> (pdf)<\/a><\/strong>on<a href=\"http:\/\/www.classicalguitar.de\/wp2\/musik\/cds\/\"> <\/a><strong><a href=\"http:\/\/www.classicalguitar.de\/wp2\/musik\/cds\/\">CD Bach<\/a><\/strong><\/p>\n<p><strong>Sonata C-Dur, BWV 1033<\/strong> f\u00fcr Fl\u00f6te und Gitarre<strong><a href=\"http:\/\/www.classicalguitar.de\/noten\/Bach_C-Dur_1.pdf\" target=\"_blank\" rel=\"noopener noreferrer\"> (pdf)<\/a><\/strong> <strong><a href=\"http:\/\/www.edition49.de\/shop\/index.php?uid=f8719b9abb7304f00efaeab97da23178&amp;action=detail&amp;BestNr=e49+90033-01\" target=\"_blank\" rel=\"noopener noreferrer\">edition 49 shop<\/a><\/strong> on CD <strong><a href=\"http:\/\/www.classicalguitar.de\/wp2\/musik\/cds\/\">Jardin de Dolly<\/a><\/strong><\/p>\n<p><strong>Sonata E-Dur, BWV 1035<\/strong> f\u00fcr Fl\u00f6te und Gitarre <strong><a href=\"http:\/\/www.classicalguitar.de\/noten\/Bach_E-Dur_1.pdf\">(pdf)<\/a><\/strong> <strong><a href=\"http:\/\/www.edition49.de\/shop\/index.php?uid=133762090f82968738169f6e675ccc55&amp;action=detail&amp;BestNr=e49+90034-01\" target=\"_blank\" rel=\"noopener noreferrer\">edition 49 shop<\/a><\/strong> on<a href=\"http:\/\/www.classicalguitar.de\/wp2\/musik\/cds\/\"> <\/a><a href=\"http:\/\/www.classicalguitar.de\/wp2\/musik\/cds\/\"><\/a><strong><a href=\"http:\/\/www.classicalguitar.de\/wp2\/musik\/cds\/\">CD Bach<\/a><\/strong><\/p>\n<p>[\/et_pb_text][\/et_pb_column][\/et_pb_row][\/et_pb_section][et_pb_section fb_built=&#8221;1&#8243; _builder_version=&#8221;4.16&#8243; background_color=&#8221;#fffddc&#8221; border_width_top=&#8221;1px&#8221; border_color_top=&#8221;#e7ab37&#8243; global_colors_info=&#8221;{}&#8221;][et_pb_row column_structure=&#8221;1_3,2_3&#8243; _builder_version=&#8221;4.16&#8243; background_size=&#8221;initial&#8221; background_position=&#8221;top_left&#8221; background_repeat=&#8221;repeat&#8221; global_colors_info=&#8221;{}&#8221;][et_pb_column type=&#8221;1_3&#8243; _builder_version=&#8221;4.16&#8243; custom_padding=&#8221;|||&#8221; global_colors_info=&#8221;{}&#8221; custom_padding__hover=&#8221;|||&#8221;][et_pb_image src=&#8221;http:\/\/www.classicalguitar.de\/wp-content\/uploads\/2018\/08\/Noten.10.jpg&#8221; align=&#8221;right&#8221; align_tablet=&#8221;center&#8221; align_phone=&#8221;center&#8221; align_last_edited=&#8221;on|desktop&#8221; _builder_version=&#8221;4.16&#8243; max_width=&#8221;45%&#8221; max_width_tablet=&#8221;80%&#8221; max_width_phone=&#8221;&#8221; max_width_last_edited=&#8221;on|tablet&#8221; module_alignment=&#8221;right&#8221; custom_margin=&#8221;|||&#8221; border_color_all=&#8221;#e7ab37&#8243; global_colors_info=&#8221;{}&#8221;][\/et_pb_image][\/et_pb_column][et_pb_column type=&#8221;2_3&#8243; _builder_version=&#8221;4.16&#8243; custom_padding=&#8221;|||&#8221; global_colors_info=&#8221;{}&#8221; custom_padding__hover=&#8221;|||&#8221;][et_pb_text _builder_version=&#8221;4.16&#8243; global_colors_info=&#8221;{}&#8221;]<\/p>\n<h3>Carl Philipp Emanuel Bach<\/h3>\n<p>(Bearb.: Klaus J\u00e4ckle)<\/p>\n<p><strong>Sonata e-moll<\/strong> f\u00fcr Fl\u00f6te und Gitarre<strong><a href=\"http:\/\/www.classicalguitar.de\/noten\/CPEBach_e_1.pdf\" target=\"_blank\" rel=\"noopener noreferrer\">\u00a0(pdf)<\/a><\/strong> <strong><a href=\"http:\/\/www.edition49.de\/shop\/index.php?uid=f8719b9abb7304f00efaeab97da23178&amp;action=detail&amp;BestNr=e49+90027-01\" target=\"_blank\" rel=\"noopener noreferrer\">edition 49 shop<\/a><\/strong><\/p>\n<p><strong>Sonata G-Dur, \u00bbHamburger Sonate\u00ab<\/strong> f\u00fcr Fl\u00f6te und Gitarre <a href=\"http:\/\/www.classicalguitar.de\/noten\/CPEBach_G_1.pdf\" target=\"_blank\" rel=\"noopener noreferrer\"><strong>(pdf)<\/strong><\/a> <strong><a href=\"http:\/\/www.edition49.de\/shop\/index.php?uid=f8719b9abb7304f00efaeab97da23178&amp;action=detail&amp;BestNr=e49+90028-01\" target=\"_blank\" rel=\"noopener noreferrer\">edition 49 shop<\/a><\/strong> Siehe<strong><a href=\"http:\/\/www.classicalguitar.de\/wp2\/musik\/cds\/\"> CD Zauber der Fl\u00f6te<\/a><\/strong><\/p>\n<p>[\/et_pb_text][\/et_pb_column][\/et_pb_row][\/et_pb_section][et_pb_section fb_built=&#8221;1&#8243; _builder_version=&#8221;4.16&#8243; background_color=&#8221;#fffddc&#8221; border_width_top=&#8221;1px&#8221; border_color_top=&#8221;#e7ab37&#8243; global_colors_info=&#8221;{}&#8221;][et_pb_row column_structure=&#8221;1_3,2_3&#8243; _builder_version=&#8221;4.16&#8243; background_size=&#8221;initial&#8221; background_position=&#8221;top_left&#8221; background_repeat=&#8221;repeat&#8221; global_colors_info=&#8221;{}&#8221;][et_pb_column type=&#8221;1_3&#8243; _builder_version=&#8221;4.16&#8243; custom_padding=&#8221;|||&#8221; global_colors_info=&#8221;{}&#8221; custom_padding__hover=&#8221;|||&#8221;][et_pb_image src=&#8221;http:\/\/www.classicalguitar.de\/wp-content\/uploads\/2023\/08\/Screenshot-2023-08-31-143654.png&#8221; title_text=&#8221;Screenshot 2023-08-31 143654&#8243; url=&#8221;https:\/\/youtu.be\/gTIGu4d6X8g?si=opwA1cuvzEBMCw-P&#8221; url_new_window=&#8221;on&#8221; align=&#8221;right&#8221; align_tablet=&#8221;center&#8221; align_phone=&#8221;center&#8221; align_last_edited=&#8221;on|desktop&#8221; _builder_version=&#8221;4.19.5&#8243; max_width_tablet=&#8221;80%&#8221; max_width_phone=&#8221;&#8221; max_width_last_edited=&#8221;on|tablet&#8221; module_alignment=&#8221;right&#8221; custom_margin=&#8221;|||&#8221; border_color_all=&#8221;#e7ab37&#8243; global_colors_info=&#8221;{}&#8221;][\/et_pb_image][\/et_pb_column][et_pb_column type=&#8221;2_3&#8243; _builder_version=&#8221;4.16&#8243; custom_padding=&#8221;|||&#8221; global_colors_info=&#8221;{}&#8221; custom_padding__hover=&#8221;|||&#8221;][et_pb_text _builder_version=&#8221;4.16&#8243; global_colors_info=&#8221;{}&#8221;]<\/p>\n<h3>Enrique Granados<\/h3>\n<p>(Bearb.: Klaus J\u00e4ckle)<\/p>\n<p><strong>Andaluza<\/strong> f\u00fcr Fl\u00f6te (Violine) und Gitarre <strong><a href=\"http:\/\/www.classicalguitar.de\/noten\/Granados%20Andaluza_1.pdf\" target=\"_blank\" rel=\"noopener noreferrer\">(pdf) <\/a><\/strong><a href=\"https:\/\/youtu.be\/gTIGu4d6X8g?si=opwA1cuvzEBMCw-P\"><em>Listen by clicking the photo<\/em><\/a><\/p>\n<p><strong>Oriental<\/strong> f\u00fcr Fl\u00f6te (Violine) und Gitarre <strong><a href=\"http:\/\/www.classicalguitar.de\/noten\/Granados%20Oriental_1.pdf\" target=\"_blank\" rel=\"noopener noreferrer\">(pdf)<\/a><\/strong><\/p>\n<p><strong>Sardana<\/strong> f\u00fcr Violoncello und Gitarre <strong><a href=\"http:\/\/www.classicalguitar.de\/noten\/GranadosSardana_1.pdf\" target=\"_blank\" rel=\"noopener noreferrer\">(pdf)<\/a><\/strong><\/p>\n<p>[\/et_pb_text][\/et_pb_column][\/et_pb_row][\/et_pb_section][et_pb_section fb_built=&#8221;1&#8243; _builder_version=&#8221;4.16&#8243; background_color=&#8221;#fffddc&#8221; border_width_top=&#8221;1px&#8221; border_color_top=&#8221;#e7ab37&#8243; global_colors_info=&#8221;{}&#8221;][et_pb_row column_structure=&#8221;1_3,2_3&#8243; _builder_version=&#8221;4.16&#8243; background_size=&#8221;initial&#8221; background_position=&#8221;top_left&#8221; background_repeat=&#8221;repeat&#8221; global_colors_info=&#8221;{}&#8221;][et_pb_column type=&#8221;1_3&#8243; _builder_version=&#8221;4.16&#8243; custom_padding=&#8221;|||&#8221; global_colors_info=&#8221;{}&#8221; custom_padding__hover=&#8221;|||&#8221;][et_pb_image src=&#8221;http:\/\/www.classicalguitar.de\/wp-content\/uploads\/2018\/05\/transparent.png&#8221; align=&#8221;right&#8221; align_tablet=&#8221;center&#8221; align_phone=&#8221;center&#8221; align_last_edited=&#8221;on|desktop&#8221; _builder_version=&#8221;4.16&#8243; max_width_tablet=&#8221;80%&#8221; max_width_phone=&#8221;&#8221; max_width_last_edited=&#8221;on|tablet&#8221; module_alignment=&#8221;right&#8221; custom_margin=&#8221;|||&#8221; border_color_all=&#8221;#e7ab37&#8243; global_colors_info=&#8221;{}&#8221;][\/et_pb_image][\/et_pb_column][et_pb_column type=&#8221;2_3&#8243; _builder_version=&#8221;4.16&#8243; custom_padding=&#8221;|||&#8221; global_colors_info=&#8221;{}&#8221; custom_padding__hover=&#8221;|||&#8221;][et_pb_text _builder_version=&#8221;4.16&#8243; global_colors_info=&#8221;{}&#8221;]<\/p>\n<h3>Heinrich Hartl<\/h3>\n<p>b. 1953 <strong>Stimmungen op.57 (1992) <\/strong>f\u00fcr Fl\u00f6te und Gitarre Dem Duo Rie\u00dfbeck \/ J\u00e4ckle gewidmet<\/p>\n<p>[\/et_pb_text][\/et_pb_column][\/et_pb_row][\/et_pb_section][et_pb_section fb_built=&#8221;1&#8243; _builder_version=&#8221;4.16&#8243; background_color=&#8221;#fffddc&#8221; border_width_top=&#8221;1px&#8221; border_color_top=&#8221;#e7ab37&#8243; global_colors_info=&#8221;{}&#8221;][et_pb_row column_structure=&#8221;1_3,2_3&#8243; _builder_version=&#8221;4.16&#8243; background_size=&#8221;initial&#8221; background_position=&#8221;top_left&#8221; background_repeat=&#8221;repeat&#8221; global_colors_info=&#8221;{}&#8221;][et_pb_column type=&#8221;1_3&#8243; _builder_version=&#8221;4.16&#8243; custom_padding=&#8221;|||&#8221; global_colors_info=&#8221;{}&#8221; custom_padding__hover=&#8221;|||&#8221;][et_pb_image src=&#8221;http:\/\/www.classicalguitar.de\/wp-content\/uploads\/2018\/05\/transparent.png&#8221; align=&#8221;right&#8221; align_tablet=&#8221;center&#8221; align_phone=&#8221;center&#8221; align_last_edited=&#8221;on|desktop&#8221; _builder_version=&#8221;4.16&#8243; max_width_tablet=&#8221;80%&#8221; max_width_phone=&#8221;&#8221; max_width_last_edited=&#8221;on|tablet&#8221; module_alignment=&#8221;right&#8221; custom_margin=&#8221;|||&#8221; border_color_all=&#8221;#e7ab37&#8243; global_colors_info=&#8221;{}&#8221;][\/et_pb_image][\/et_pb_column][et_pb_column type=&#8221;2_3&#8243; _builder_version=&#8221;4.16&#8243; custom_padding=&#8221;|||&#8221; global_colors_info=&#8221;{}&#8221; custom_padding__hover=&#8221;|||&#8221;][et_pb_text _builder_version=&#8221;4.16&#8243; global_colors_info=&#8221;{}&#8221;]<\/p>\n<h3>Werner Heider<\/h3>\n<p>b. 1930 <strong>Seligkeiten \u2013 F\u00fcnf Inventionen f\u00fcr Fl\u00f6te und Gitarre (1987\/1998) <\/strong>Dedicated to Duo Rie\u00dfbeck \/ J\u00e4ckle gewidmet <strong><a href=\"https:\/\/www.editiongravis.de\/verlag\/product_info.php?info=p1443_Seligkeiten-Blisses.html\">Edition Gravis EG 711<\/a><\/strong> on<strong><a href=\"http:\/\/www.classicalguitar.de\/wp2\/musik\/cds\/\"> CD Nuances<\/a><\/strong><\/p>\n<p>[\/et_pb_text][\/et_pb_column][\/et_pb_row][\/et_pb_section][et_pb_section fb_built=&#8221;1&#8243; _builder_version=&#8221;4.16&#8243; background_color=&#8221;#fffddc&#8221; border_width_top=&#8221;1px&#8221; border_color_top=&#8221;#e7ab37&#8243; global_colors_info=&#8221;{}&#8221;][et_pb_row column_structure=&#8221;1_3,2_3&#8243; _builder_version=&#8221;4.16&#8243; background_size=&#8221;initial&#8221; background_position=&#8221;top_left&#8221; background_repeat=&#8221;repeat&#8221; global_colors_info=&#8221;{}&#8221;][et_pb_column type=&#8221;1_3&#8243; _builder_version=&#8221;4.16&#8243; custom_padding=&#8221;|||&#8221; global_colors_info=&#8221;{}&#8221; custom_padding__hover=&#8221;|||&#8221;][et_pb_image src=&#8221;http:\/\/www.classicalguitar.de\/wp-content\/uploads\/2018\/05\/transparent.png&#8221; align=&#8221;right&#8221; align_tablet=&#8221;center&#8221; align_phone=&#8221;center&#8221; align_last_edited=&#8221;on|desktop&#8221; _builder_version=&#8221;4.16&#8243; max_width_tablet=&#8221;80%&#8221; max_width_phone=&#8221;&#8221; max_width_last_edited=&#8221;on|tablet&#8221; module_alignment=&#8221;right&#8221; custom_margin=&#8221;|||&#8221; border_color_all=&#8221;#e7ab37&#8243; global_colors_info=&#8221;{}&#8221;][\/et_pb_image][\/et_pb_column][et_pb_column type=&#8221;2_3&#8243; _builder_version=&#8221;4.16&#8243; custom_padding=&#8221;|||&#8221; global_colors_info=&#8221;{}&#8221; custom_padding__hover=&#8221;|||&#8221;][et_pb_text _builder_version=&#8221;4.16&#8243; global_colors_info=&#8221;{}&#8221;]<\/p>\n<h3>Jules Massenet<\/h3>\n<p>(Bearb.: Klaus J\u00e4ckle) <strong>Thais \u2013 Meditation<\/strong>\u00a0f\u00fcr Fl\u00f6te (Violine) und Gitarre <strong><a href=\"http:\/\/www.classicalguitar.de\/noten\/MassenetThaisMeditation_1.pdf\" target=\"_blank\" rel=\"noopener noreferrer\">(pdf)<\/a><\/strong> [\/et_pb_text][\/et_pb_column][\/et_pb_row][\/et_pb_section][et_pb_section fb_built=&#8221;1&#8243; _builder_version=&#8221;4.16&#8243; background_color=&#8221;#fffddc&#8221; border_width_top=&#8221;1px&#8221; border_color_top=&#8221;#e7ab37&#8243; global_colors_info=&#8221;{}&#8221;][et_pb_row column_structure=&#8221;1_3,2_3&#8243; _builder_version=&#8221;4.16&#8243; background_size=&#8221;initial&#8221; background_position=&#8221;top_left&#8221; background_repeat=&#8221;repeat&#8221; global_colors_info=&#8221;{}&#8221;][et_pb_column type=&#8221;1_3&#8243; _builder_version=&#8221;4.16&#8243; custom_padding=&#8221;|||&#8221; global_colors_info=&#8221;{}&#8221; custom_padding__hover=&#8221;|||&#8221;][et_pb_image src=&#8221;http:\/\/www.classicalguitar.de\/wp-content\/uploads\/2023\/04\/e49-cover-default-212&#215;300.jpg&#8221; title_text=&#8221;e49-cover-default&#8221; align=&#8221;right&#8221; align_tablet=&#8221;center&#8221; align_phone=&#8221;center&#8221; align_last_edited=&#8221;on|desktop&#8221; _builder_version=&#8221;4.19.5&#8243; max_width_tablet=&#8221;80%&#8221; max_width_phone=&#8221;&#8221; max_width_last_edited=&#8221;on|tablet&#8221; module_alignment=&#8221;right&#8221; custom_margin=&#8221;|||&#8221; border_color_all=&#8221;#e7ab37&#8243; global_colors_info=&#8221;{}&#8221;][\/et_pb_image][\/et_pb_column][et_pb_column type=&#8221;2_3&#8243; _builder_version=&#8221;4.16&#8243; custom_padding=&#8221;|||&#8221; global_colors_info=&#8221;{}&#8221; custom_padding__hover=&#8221;|||&#8221;][et_pb_text _builder_version=&#8221;4.16&#8243; global_colors_info=&#8221;{}&#8221;]<\/p>\n<h3>Felix Mendelssohn-Bartholdy<\/h3>\n<p>(Transcr.: Klaus J\u00e4ckle)<\/p>\n<p><strong>Lieder ohne Worte <\/strong>f\u00fcr Fl\u00f6te (Violine, Klarinette, Violoncello) und Gitarre<\/p>\n<p><strong>op.19 Nr.4, G-Dur <a href=\"http:\/\/www.classicalguitar.de\/noten\/LoWop19Nr4_1.pdf\" target=\"_blank\" rel=\"noopener noreferrer\">(pdf)<\/a> <a href=\"http:\/\/www.edition49.de\/shop\/index.php?uid=f8719b9abb7304f00efaeab97da23178&amp;action=detail&amp;BestNr=e49+05046-01\" target=\"_blank\" rel=\"noopener noreferrer\">edition 49 shop<\/a><\/strong><\/p>\n<p><strong>op.30 Nr.6, g-moll, Gondellied <a href=\"http:\/\/www.classicalguitar.de\/noten\/LoWop30Nr6Gondellied_1.pdf\" target=\"_blank\" rel=\"noopener noreferrer\">(pdf)<\/a> <a href=\"http:\/\/www.edition49.de\/shop\/index.php?uid=f8719b9abb7304f00efaeab97da23178&amp;action=detail&amp;BestNr=e49+05047-01\" target=\"_blank\" rel=\"noopener noreferrer\">edition 49 shop<\/a><\/strong><\/p>\n<p><strong>op.38 Nr.2, h-moll <a href=\"http:\/\/www.classicalguitar.de\/noten\/LoWop38Nr2_1.pdf\" target=\"_blank\" rel=\"noopener noreferrer\">(pdf)<\/a> <a href=\"http:\/\/www.edition49.de\/shop\/index.php?uid=f8719b9abb7304f00efaeab97da23178&amp;action=detail&amp;BestNr=e49+05048-011\" target=\"_blank\" rel=\"noopener noreferrer\">edition 49 shop<\/a><\/strong><\/p>\n<p><strong>op.62 Nr.6, A-Dur, Fr\u00fchlingslied <a href=\"http:\/\/www.classicalguitar.de\/noten\/LoWop62Nr6_1.pdf\">(pdf)<\/a> <a href=\"http:\/\/www.edition49.de\/shop\/index.php?uid=f8719b9abb7304f00efaeab97da23178&amp;action=detail&amp;BestNr=e49+05049-01\" target=\"_blank\" rel=\"noopener noreferrer\">edition 49 shop<\/a><\/strong><\/p>\n<p><strong>op.67 Nr.2, a-moll <a href=\"http:\/\/www.classicalguitar.de\/noten\/LoWop67Nr2_1.pdf\" target=\"_blank\" rel=\"noopener noreferrer\">(pdf)<\/a> <a href=\"http:\/\/www.edition49.de\/shop\/index.php?uid=f8719b9abb7304f00efaeab97da23178&amp;action=detail&amp;BestNr=e49+05050-01\" target=\"_blank\" rel=\"noopener noreferrer\">edition 49 shop<\/a><\/strong><\/p>\n<p><strong>op.67 Nr.3, B-Dur <a href=\"http:\/\/www.classicalguitar.de\/noten\/LoWop67Nr3_1.pdf\" target=\"_blank\" rel=\"noopener noreferrer\">(pdf)<\/a> <a href=\"http:\/\/www.edition49.de\/shop\/index.php?uid=f8719b9abb7304f00efaeab97da23178&amp;action=detail&amp;BestNr=e49+05051-01\" target=\"_blank\" rel=\"noopener noreferrer\">edition 49 shop<\/a><\/strong><\/p>\n<p><strong>op.106, D-Dur <a href=\"http:\/\/www.classicalguitar.de\/noten\/LoWop67Nr3_1.pdf\" target=\"_blank\" rel=\"noopener noreferrer\">(pdf)<\/a> <a href=\"http:\/\/www.edition49.de\/shop\/index.php?uid=f8719b9abb7304f00efaeab97da23178&amp;action=detail&amp;BestNr=e49+05052-01\" target=\"_blank\" rel=\"noopener noreferrer\">edition 49 shop<\/a><\/strong><\/p>\n<p>[\/et_pb_text][\/et_pb_column][\/et_pb_row][\/et_pb_section][et_pb_section fb_built=&#8221;1&#8243; _builder_version=&#8221;4.16&#8243; background_color=&#8221;#fffddc&#8221; border_width_top=&#8221;1px&#8221; border_color_top=&#8221;#e7ab37&#8243; global_colors_info=&#8221;{}&#8221;][et_pb_row column_structure=&#8221;1_3,2_3&#8243; _builder_version=&#8221;4.16&#8243; background_size=&#8221;initial&#8221; background_position=&#8221;top_left&#8221; background_repeat=&#8221;repeat&#8221; global_colors_info=&#8221;{}&#8221;][et_pb_column type=&#8221;1_3&#8243; _builder_version=&#8221;4.16&#8243; custom_padding=&#8221;|||&#8221; global_colors_info=&#8221;{}&#8221; custom_padding__hover=&#8221;|||&#8221;][et_pb_image src=&#8221;http:\/\/www.classicalguitar.de\/wp-content\/uploads\/2023\/04\/Screenshot-2023-04-24-at-13-43-52-jackle_mozart_sonate_kv_545.pdf-90341-01.pdf-300&#215;200.png&#8221; title_text=&#8221;Screenshot 2023-04-24 at 13-43-52 jackle_mozart_sonate_kv_545.pdf &#8211; 90341-01.pdf&#8221; url=&#8221;https:\/\/www.edition49shop.de\/instrumentalmusik\/violine\/2565\/klaviersonate-kv-545-bearbeitet-fuer-floete-und-gitarre?c=0&#8243; url_new_window=&#8221;on&#8221; align=&#8221;right&#8221; align_tablet=&#8221;center&#8221; align_phone=&#8221;center&#8221; align_last_edited=&#8221;on|desktop&#8221; _builder_version=&#8221;4.19.5&#8243; transform_rotate=&#8221;0deg|0deg|349deg&#8221; max_width_tablet=&#8221;80%&#8221; max_width_phone=&#8221;&#8221; max_width_last_edited=&#8221;on|tablet&#8221; module_alignment=&#8221;right&#8221; custom_margin=&#8221;|||&#8221; border_color_all=&#8221;#e7ab37&#8243; global_colors_info=&#8221;{}&#8221;][\/et_pb_image][\/et_pb_column][et_pb_column type=&#8221;2_3&#8243; _builder_version=&#8221;4.16&#8243; custom_padding=&#8221;|||&#8221; global_colors_info=&#8221;{}&#8221; custom_padding__hover=&#8221;|||&#8221;][et_pb_text _builder_version=&#8221;4.16&#8243; global_colors_info=&#8221;{}&#8221;]<\/p>\n<h3>Wolfgang Amadeus Mozart<\/h3>\n<p>(Bearb.: Klaus J\u00e4ckle)<\/p>\n<p><strong>Sonata C-Dur, KV 545<\/strong> f\u00fcr Fl\u00f6te und Gitarre <strong><a href=\"http:\/\/www.classicalguitar.de\/noten\/MozartKV545_1.pdf\">(pdf)<\/a><\/strong><\/p>\n<p>Mozarts ber\u00fchmte \u00bbSonata facile\u00ab! <strong><a href=\"http:\/\/www.edition49.de\/shop\/index.php?uid=f8719b9abb7304f00efaeab97da23178&amp;action=detail&amp;BestNr=e49+90341-01\" target=\"_blank\" rel=\"noopener noreferrer\">edition 49 shop<\/a><\/strong> Siehe<strong><a href=\"http:\/\/www.classicalguitar.de\/wp2\/musik\/cds\/\"> CD Zauber der Fl\u00f6te<\/a><\/strong><\/p>\n<p>[\/et_pb_text][\/et_pb_column][\/et_pb_row][\/et_pb_section][et_pb_section fb_built=&#8221;1&#8243; _builder_version=&#8221;4.16&#8243; background_color=&#8221;#fffddc&#8221; border_width_top=&#8221;1px&#8221; border_color_top=&#8221;#e7ab37&#8243; global_colors_info=&#8221;{}&#8221;][et_pb_row column_structure=&#8221;1_3,2_3&#8243; _builder_version=&#8221;4.16&#8243; background_size=&#8221;initial&#8221; background_position=&#8221;top_left&#8221; background_repeat=&#8221;repeat&#8221; global_colors_info=&#8221;{}&#8221;][et_pb_column type=&#8221;1_3&#8243; _builder_version=&#8221;4.16&#8243; custom_padding=&#8221;|||&#8221; global_colors_info=&#8221;{}&#8221; custom_padding__hover=&#8221;|||&#8221;][et_pb_image src=&#8221;http:\/\/www.classicalguitar.de\/wp-content\/uploads\/2018\/05\/transparent.png&#8221; align=&#8221;right&#8221; align_tablet=&#8221;center&#8221; align_phone=&#8221;center&#8221; align_last_edited=&#8221;on|desktop&#8221; _builder_version=&#8221;4.16&#8243; max_width_tablet=&#8221;80%&#8221; max_width_phone=&#8221;&#8221; max_width_last_edited=&#8221;on|tablet&#8221; module_alignment=&#8221;right&#8221; custom_margin=&#8221;|||&#8221; border_color_all=&#8221;#e7ab37&#8243; global_colors_info=&#8221;{}&#8221;][\/et_pb_image][\/et_pb_column][et_pb_column type=&#8221;2_3&#8243; _builder_version=&#8221;4.16&#8243; custom_padding=&#8221;|||&#8221; global_colors_info=&#8221;{}&#8221; custom_padding__hover=&#8221;|||&#8221;][et_pb_text _builder_version=&#8221;4.16&#8243; global_colors_info=&#8221;{}&#8221;]<\/p>\n<h3>Domenico Scarlatti<\/h3>\n<p>(Bearb.: Klaus J\u00e4ckle)<\/p>\n<p><strong>Sonata K 162, E-Dur <\/strong>f\u00fcr Fl\u00f6te (Violine) und Gitarre <strong><a href=\"http:\/\/www.classicalguitar.de\/noten\/Scarlatti162_1.pdf\" target=\"_blank\" rel=\"noopener noreferrer\">(pdf)<\/a> <a href=\"http:\/\/www.edition49.de\/shop\/index.php?uid=f8719b9abb7304f00efaeab97da23178&amp;action=detail&amp;BestNr=e49+05043-01\" target=\"_blank\" rel=\"noopener noreferrer\">edition 49 shop<\/a><\/strong><\/p>\n<p><strong>Sonata K 292, e-moll <\/strong>f\u00fcr Fl\u00f6te (Violine) und Gitarre<strong> <a href=\"http:\/\/www.edition49.de\/shop\/index.php?uid=f8719b9abb7304f00efaeab97da23178&amp;action=detail&amp;BestNr=e49+05044-01\" target=\"_blank\" rel=\"noopener noreferrer\">edition 49 shop<\/a><\/strong><\/p>\n<p><strong>Sonata K 380, E-Dur <\/strong>f\u00fcr Fl\u00f6te (Violine) und Gitarre<strong><a href=\"http:\/\/www.classicalguitar.de\/noten\/Scarlatti380_1.pdf\" target=\"_blank\" rel=\"noopener noreferrer\"> (pdf)<\/a> <a href=\"http:\/\/www.edition49.de\/shop\/index.php?uid=f8719b9abb7304f00efaeab97da23178&amp;action=detail&amp;BestNr=e49+05045-01\" target=\"_blank\" rel=\"noopener noreferrer\">edition 49 shop<\/a><\/strong><\/p>\n<p>[\/et_pb_text][\/et_pb_column][\/et_pb_row][\/et_pb_section][et_pb_section fb_built=&#8221;1&#8243; _builder_version=&#8221;4.16&#8243; background_color=&#8221;#fffddc&#8221; border_width_top=&#8221;1px&#8221; border_color_top=&#8221;#e7ab37&#8243; global_colors_info=&#8221;{}&#8221;][et_pb_row column_structure=&#8221;1_3,2_3&#8243; _builder_version=&#8221;4.16&#8243; background_size=&#8221;initial&#8221; background_position=&#8221;top_left&#8221; background_repeat=&#8221;repeat&#8221; global_colors_info=&#8221;{}&#8221;][et_pb_column type=&#8221;1_3&#8243; _builder_version=&#8221;4.16&#8243; custom_padding=&#8221;|||&#8221; global_colors_info=&#8221;{}&#8221; custom_padding__hover=&#8221;|||&#8221;][et_pb_image src=&#8221;http:\/\/www.classicalguitar.de\/wp-content\/uploads\/2018\/08\/libertango-250.png&#8221; align=&#8221;right&#8221; align_tablet=&#8221;center&#8221; align_phone=&#8221;center&#8221; align_last_edited=&#8221;on|desktop&#8221; _builder_version=&#8221;4.16&#8243; max_width_tablet=&#8221;80%&#8221; max_width_phone=&#8221;&#8221; max_width_last_edited=&#8221;on|tablet&#8221; module_alignment=&#8221;right&#8221; custom_margin=&#8221;|||&#8221; border_color_all=&#8221;#e7ab37&#8243; global_colors_info=&#8221;{}&#8221;][\/et_pb_image][\/et_pb_column][et_pb_column type=&#8221;2_3&#8243; _builder_version=&#8221;4.16&#8243; custom_padding=&#8221;|||&#8221; global_colors_info=&#8221;{}&#8221; custom_padding__hover=&#8221;|||&#8221;][et_pb_text _builder_version=&#8221;4.16&#8243; global_colors_info=&#8221;{}&#8221;]<\/p>\n<h3>Astor Piazzolla<\/h3>\n<p>(Bearb.: Klaus J\u00e4ckle)<\/p>\n<p><strong>Libertango <\/strong>f\u00fcr Fl\u00f6te (Violine) und Gitarre <strong><a href=\"http:\/\/www.classicalguitar.de\/noten\/Scarlatti162_1.pdf\" target=\"_blank\" rel=\"noopener noreferrer\">(pdf)<\/a> <a href=\"http:\/\/www.edition-margaux.de\/verlag\/product_info.php?info=p230_Libertango.html\" target=\"_blank\" rel=\"noopener noreferrer\">edition margaux shop<\/a> <\/strong><\/p>\n<p>Siehe<strong><a href=\"http:\/\/www.classicalguitar.de\/wp2\/musik\/cds\/\"> CD Zauber der Fl\u00f6te und CD Tango<\/a> <\/strong><\/p>\n<p>[\/et_pb_text][\/et_pb_column][\/et_pb_row][\/et_pb_section][et_pb_section fb_built=&#8221;1&#8243; _builder_version=&#8221;4.16&#8243; background_color=&#8221;#fffddc&#8221; border_width_top=&#8221;1px&#8221; border_color_top=&#8221;#e7ab37&#8243; global_colors_info=&#8221;{}&#8221;][et_pb_row column_structure=&#8221;1_3,2_3&#8243; _builder_version=&#8221;4.16&#8243; background_size=&#8221;initial&#8221; background_position=&#8221;top_left&#8221; background_repeat=&#8221;repeat&#8221; global_colors_info=&#8221;{}&#8221;][et_pb_column type=&#8221;1_3&#8243; _builder_version=&#8221;4.16&#8243; custom_padding=&#8221;|||&#8221; global_colors_info=&#8221;{}&#8221; custom_padding__hover=&#8221;|||&#8221;][et_pb_image src=&#8221;http:\/\/www.classicalguitar.de\/wp-content\/uploads\/2018\/05\/transparent.png&#8221; align=&#8221;right&#8221; align_tablet=&#8221;center&#8221; align_phone=&#8221;center&#8221; align_last_edited=&#8221;on|desktop&#8221; _builder_version=&#8221;4.16&#8243; max_width_tablet=&#8221;80%&#8221; max_width_phone=&#8221;&#8221; max_width_last_edited=&#8221;on|tablet&#8221; module_alignment=&#8221;right&#8221; custom_margin=&#8221;|||&#8221; border_color_all=&#8221;#e7ab37&#8243; global_colors_info=&#8221;{}&#8221;][\/et_pb_image][\/et_pb_column][et_pb_column type=&#8221;2_3&#8243; _builder_version=&#8221;4.16&#8243; custom_padding=&#8221;|||&#8221; global_colors_info=&#8221;{}&#8221; custom_padding__hover=&#8221;|||&#8221;][et_pb_text _builder_version=&#8221;4.16&#8243; global_colors_info=&#8221;{}&#8221;]<\/p>\n<h3>Camille Saint-Saens<\/h3>\n<p>(Bearb.: Klaus J\u00e4ckle) <strong>Der Schwan (aus Karneval der Tiere) <\/strong>f\u00fcr Violoncello und Gitarre<strong><a href=\"http:\/\/www.classicalguitar.de\/noten\/Saint-SaensDer%20Schwan_1.pdf\" target=\"_blank\" rel=\"noopener noreferrer\"> (pdf)<\/a><\/strong> [\/et_pb_text][\/et_pb_column][\/et_pb_row][\/et_pb_section][et_pb_section fb_built=&#8221;1&#8243; _builder_version=&#8221;4.16&#8243; background_color=&#8221;#fffddc&#8221; border_width_top=&#8221;1px&#8221; border_color_top=&#8221;#e7ab37&#8243; global_colors_info=&#8221;{}&#8221;][et_pb_row column_structure=&#8221;1_3,2_3&#8243; _builder_version=&#8221;4.16&#8243; background_size=&#8221;initial&#8221; background_position=&#8221;top_left&#8221; background_repeat=&#8221;repeat&#8221; global_colors_info=&#8221;{}&#8221;][et_pb_column type=&#8221;1_3&#8243; _builder_version=&#8221;4.16&#8243; custom_padding=&#8221;|||&#8221; global_colors_info=&#8221;{}&#8221; custom_padding__hover=&#8221;|||&#8221;][et_pb_image src=&#8221;http:\/\/www.classicalguitar.de\/wp-content\/uploads\/2018\/08\/schubert-250.png&#8221; align=&#8221;right&#8221; align_tablet=&#8221;center&#8221; align_phone=&#8221;center&#8221; align_last_edited=&#8221;on|desktop&#8221; _builder_version=&#8221;4.16&#8243; max_width_tablet=&#8221;80%&#8221; max_width_phone=&#8221;&#8221; max_width_last_edited=&#8221;on|tablet&#8221; module_alignment=&#8221;right&#8221; custom_margin=&#8221;|||&#8221; border_color_all=&#8221;#e7ab37&#8243; global_colors_info=&#8221;{}&#8221;][\/et_pb_image][\/et_pb_column][et_pb_column type=&#8221;2_3&#8243; _builder_version=&#8221;4.16&#8243; custom_padding=&#8221;|||&#8221; global_colors_info=&#8221;{}&#8221; custom_padding__hover=&#8221;|||&#8221;][et_pb_text _builder_version=&#8221;4.16&#8243; global_colors_info=&#8221;{}&#8221;]<\/p>\n<h3>Franz Schubert<\/h3>\n<p>(Bearb.: Klaus J\u00e4ckle)<\/p>\n<p><strong>Arpeggione-Sonate a-moll, D 821 <\/strong>f\u00fcr Viola und Gitarre Doblinger, Wien, 05 932<\/p>\n<p><strong>Arpeggione-Sonate a-moll, D 821 <\/strong>f\u00fcr Violoncello und Gitarre Doblinger, Wien, 05 959<\/p>\n<p>\u201eDie Bearbeitung von Klaus J\u00e4ckle kann man uneingeschr\u00e4nkt als gegl\u00fcckt ansehen &#8230; Fazit: erstklassige Musik in einer gut gestalteten Ausgabe \u2013 empfehlenswert!\u201d Gitarre&amp;Laute, 2\/1991<\/p>\n<p><strong>Sonate A-Dur, D 664 <\/strong>f\u00fcr Fl\u00f6te (Violine) und Gitarre <strong><a href=\"http:\/\/www.classicalguitar.de\/noten\/Schubert664_1.pdf\" target=\"_blank\" rel=\"noopener noreferrer\">(pdf)<\/a><\/strong> <strong><a href=\"http:\/\/www.edition49.de\/shop\/index.php?uid=f8719b9abb7304f00efaeab97da23178&amp;action=detail&amp;BestNr=e49+90489-01\" target=\"_blank\" rel=\"noopener noreferrer\">edition 49 shop<\/a><\/strong><\/p>\n<p><strong>Sonatina D-Dur op.137, D 384 <\/strong>f\u00fcr Fl\u00f6te (Violine) und Gitarre <strong><a href=\"http:\/\/www.classicalguitar.de\/noten\/SchubertSonatinaD_1.pdf\" target=\"_blank\" rel=\"noopener noreferrer\">(pdf)<\/a><\/strong><\/p>\n<p>[\/et_pb_text][\/et_pb_column][\/et_pb_row][\/et_pb_section][et_pb_section fb_built=&#8221;1&#8243; _builder_version=&#8221;4.16&#8243; background_color=&#8221;#fffddc&#8221; border_width_top=&#8221;1px&#8221; border_color_top=&#8221;#e7ab37&#8243; global_colors_info=&#8221;{}&#8221;][et_pb_row column_structure=&#8221;1_3,2_3&#8243; _builder_version=&#8221;4.16&#8243; background_size=&#8221;initial&#8221; background_position=&#8221;top_left&#8221; background_repeat=&#8221;repeat&#8221; global_colors_info=&#8221;{}&#8221;][et_pb_column type=&#8221;1_3&#8243; _builder_version=&#8221;4.16&#8243; custom_padding=&#8221;|||&#8221; global_colors_info=&#8221;{}&#8221; custom_padding__hover=&#8221;|||&#8221;][et_pb_image src=&#8221;http:\/\/www.classicalguitar.de\/wp-content\/uploads\/2018\/05\/transparent.png&#8221; align=&#8221;right&#8221; align_tablet=&#8221;center&#8221; align_phone=&#8221;center&#8221; align_last_edited=&#8221;on|desktop&#8221; _builder_version=&#8221;4.16&#8243; max_width_tablet=&#8221;80%&#8221; max_width_phone=&#8221;&#8221; max_width_last_edited=&#8221;on|tablet&#8221; module_alignment=&#8221;right&#8221; custom_margin=&#8221;|||&#8221; border_color_all=&#8221;#e7ab37&#8243; global_colors_info=&#8221;{}&#8221;][\/et_pb_image][\/et_pb_column][et_pb_column type=&#8221;2_3&#8243; _builder_version=&#8221;4.16&#8243; custom_padding=&#8221;|||&#8221; global_colors_info=&#8221;{}&#8221; custom_padding__hover=&#8221;|||&#8221;][et_pb_text _builder_version=&#8221;4.16&#8243; global_colors_info=&#8221;{}&#8221;]<\/p>\n<h3>Johann Strauss<\/h3>\n<p>(Bearb.: Klaus J\u00e4ckle) <strong>Fr\u00fchlingsstimmen &#8211; Walzer op. 410 <\/strong>f\u00fcr Fl\u00f6te (Violine) und Gitarre <strong><a href=\"http:\/\/www.classicalguitar.de\/noten\/StraussFruhlingsstimmenwalzer_1.pdf\" target=\"_blank\" rel=\"noopener noreferrer\">(pdf)<\/a><\/strong> [\/et_pb_text][\/et_pb_column][\/et_pb_row][\/et_pb_section][et_pb_section fb_built=&#8221;1&#8243; _builder_version=&#8221;4.16&#8243; background_color=&#8221;#fffddc&#8221; border_width_top=&#8221;1px&#8221; border_color_top=&#8221;#e7ab37&#8243; global_colors_info=&#8221;{}&#8221;][et_pb_row column_structure=&#8221;1_3,2_3&#8243; _builder_version=&#8221;4.16&#8243; background_size=&#8221;initial&#8221; background_position=&#8221;top_left&#8221; background_repeat=&#8221;repeat&#8221; global_colors_info=&#8221;{}&#8221;][et_pb_column type=&#8221;1_3&#8243; _builder_version=&#8221;4.16&#8243; custom_padding=&#8221;|||&#8221; global_colors_info=&#8221;{}&#8221; custom_padding__hover=&#8221;|||&#8221;][et_pb_image src=&#8221;http:\/\/www.classicalguitar.de\/wp-content\/uploads\/2018\/05\/transparent.png&#8221; align=&#8221;right&#8221; align_tablet=&#8221;center&#8221; align_phone=&#8221;center&#8221; align_last_edited=&#8221;on|desktop&#8221; _builder_version=&#8221;4.16&#8243; max_width_tablet=&#8221;80%&#8221; max_width_phone=&#8221;&#8221; max_width_last_edited=&#8221;on|tablet&#8221; module_alignment=&#8221;right&#8221; custom_margin=&#8221;|||&#8221; border_color_all=&#8221;#e7ab37&#8243; global_colors_info=&#8221;{}&#8221;][\/et_pb_image][\/et_pb_column][et_pb_column type=&#8221;2_3&#8243; _builder_version=&#8221;4.16&#8243; custom_padding=&#8221;|||&#8221; global_colors_info=&#8221;{}&#8221; custom_padding__hover=&#8221;|||&#8221;][et_pb_text _builder_version=&#8221;4.16&#8243; global_colors_info=&#8221;{}&#8221;]<\/p>\n<h3>Friedemann Amadeus Treiber<\/h3>\n<p>geb. 1971<\/p>\n<p><strong>Stimmungsbilder \u2013 3 Polymetren <\/strong>f\u00fcr Violine und Gitarre (1995\/1999) Klaus J\u00e4ckle gewidmet<\/p>\n<p><strong>In Memoriam&#8230; Tango <\/strong>f\u00fcr Violine und Gitarre (1995\/1999) Klaus J\u00e4ckle gewidmet<\/p>\n<p>Siehe<strong><a href=\"http:\/\/www.classicalguitar.de\/wp2\/musik\/cds\/\"> CD Tango<\/a><\/strong><\/p>\n<p>[\/et_pb_text][\/et_pb_column][\/et_pb_row][\/et_pb_section][et_pb_section fb_built=&#8221;1&#8243; _builder_version=&#8221;4.16&#8243; background_color=&#8221;#fffddc&#8221; border_width_top=&#8221;1px&#8221; border_color_top=&#8221;#e7ab37&#8243; global_colors_info=&#8221;{}&#8221;][et_pb_row column_structure=&#8221;1_3,2_3&#8243; _builder_version=&#8221;4.16&#8243; background_size=&#8221;initial&#8221; background_position=&#8221;top_left&#8221; background_repeat=&#8221;repeat&#8221; global_colors_info=&#8221;{}&#8221;][et_pb_column type=&#8221;1_3&#8243; _builder_version=&#8221;4.16&#8243; custom_padding=&#8221;|||&#8221; global_colors_info=&#8221;{}&#8221; custom_padding__hover=&#8221;|||&#8221;][et_pb_image src=&#8221;http:\/\/www.classicalguitar.de\/wp-content\/uploads\/2018\/05\/transparent.png&#8221; align=&#8221;right&#8221; align_tablet=&#8221;center&#8221; align_phone=&#8221;center&#8221; align_last_edited=&#8221;on|desktop&#8221; _builder_version=&#8221;4.16&#8243; max_width_tablet=&#8221;80%&#8221; max_width_phone=&#8221;&#8221; max_width_last_edited=&#8221;on|tablet&#8221; module_alignment=&#8221;right&#8221; custom_margin=&#8221;|||&#8221; border_color_all=&#8221;#e7ab37&#8243; global_colors_info=&#8221;{}&#8221;][\/et_pb_image][\/et_pb_column][et_pb_column type=&#8221;2_3&#8243; _builder_version=&#8221;4.16&#8243; custom_padding=&#8221;|||&#8221; global_colors_info=&#8221;{}&#8221; custom_padding__hover=&#8221;|||&#8221;][et_pb_text _builder_version=&#8221;4.16&#8243; global_colors_info=&#8221;{}&#8221;]<\/p>\n<h3>Klemens Vereno<\/h3>\n<p>geb. 1957 <strong>&#8230;schatten von sternen&#8230; <\/strong>f\u00fcr Fl\u00f6te und Gitarre (1998)<\/p>\n<p>Klaus J\u00e4ckle gewidmet Siehe<strong><a href=\"http:\/\/www.classicalguitar.de\/wp2\/musik\/cds\/\"> CD Nuances<\/a><\/strong><\/p>\n<p>[\/et_pb_text][\/et_pb_column][\/et_pb_row][\/et_pb_section][et_pb_section fb_built=&#8221;1&#8243; module_id=&#8221;gesang&#8221; _builder_version=&#8221;4.16&#8243; background_color=&#8221;#e7ab37&#8243; border_width_top=&#8221;1px&#8221; border_color_top=&#8221;#e7ab37&#8243; global_colors_info=&#8221;{}&#8221;][et_pb_row column_structure=&#8221;1_3,2_3&#8243; _builder_version=&#8221;4.16&#8243; background_size=&#8221;initial&#8221; background_position=&#8221;top_left&#8221; background_repeat=&#8221;repeat&#8221; global_colors_info=&#8221;{}&#8221;][et_pb_column type=&#8221;1_3&#8243; _builder_version=&#8221;4.16&#8243; custom_padding=&#8221;|||&#8221; global_colors_info=&#8221;{}&#8221; custom_padding__hover=&#8221;|||&#8221;][et_pb_image src=&#8221;http:\/\/www.classicalguitar.de\/wp-content\/uploads\/2018\/05\/transparent.png&#8221; align=&#8221;right&#8221; align_tablet=&#8221;center&#8221; align_phone=&#8221;center&#8221; align_last_edited=&#8221;on|desktop&#8221; _builder_version=&#8221;4.16&#8243; max_width_tablet=&#8221;80%&#8221; max_width_phone=&#8221;&#8221; max_width_last_edited=&#8221;on|tablet&#8221; module_alignment=&#8221;right&#8221; custom_margin=&#8221;|||&#8221; border_color_all=&#8221;#e7ab37&#8243; global_colors_info=&#8221;{}&#8221;][\/et_pb_image][\/et_pb_column][et_pb_column type=&#8221;2_3&#8243; _builder_version=&#8221;4.16&#8243; custom_padding=&#8221;|||&#8221; global_colors_info=&#8221;{}&#8221; custom_padding__hover=&#8221;|||&#8221;][et_pb_text _builder_version=&#8221;4.19.5&#8243; global_colors_info=&#8221;{}&#8221;]<\/p>\n<h3>Voice and Guitare<\/h3>\n<p>[\/et_pb_text][\/et_pb_column][\/et_pb_row][\/et_pb_section][et_pb_section fb_built=&#8221;1&#8243; _builder_version=&#8221;4.16&#8243; background_color=&#8221;#fffddc&#8221; border_width_top=&#8221;1px&#8221; border_color_top=&#8221;#e7ab37&#8243; global_colors_info=&#8221;{}&#8221;][et_pb_row column_structure=&#8221;1_3,2_3&#8243; _builder_version=&#8221;4.16&#8243; background_size=&#8221;initial&#8221; background_position=&#8221;top_left&#8221; background_repeat=&#8221;repeat&#8221; global_colors_info=&#8221;{}&#8221;][et_pb_column type=&#8221;1_3&#8243; _builder_version=&#8221;4.16&#8243; custom_padding=&#8221;|||&#8221; global_colors_info=&#8221;{}&#8221; custom_padding__hover=&#8221;|||&#8221;][et_pb_image src=&#8221;http:\/\/www.classicalguitar.de\/wp-content\/uploads\/2018\/05\/transparent.png&#8221; align=&#8221;right&#8221; align_tablet=&#8221;center&#8221; align_phone=&#8221;center&#8221; align_last_edited=&#8221;on|desktop&#8221; _builder_version=&#8221;4.16&#8243; max_width_tablet=&#8221;80%&#8221; max_width_phone=&#8221;&#8221; max_width_last_edited=&#8221;on|tablet&#8221; module_alignment=&#8221;right&#8221; custom_margin=&#8221;|||&#8221; border_color_all=&#8221;#e7ab37&#8243; global_colors_info=&#8221;{}&#8221;][\/et_pb_image][\/et_pb_column][et_pb_column type=&#8221;2_3&#8243; _builder_version=&#8221;4.16&#8243; custom_padding=&#8221;|||&#8221; global_colors_info=&#8221;{}&#8221; custom_padding__hover=&#8221;|||&#8221;][et_pb_text _builder_version=&#8221;4.16&#8243; global_colors_info=&#8221;{}&#8221;]<\/p>\n<h3>John Dowland<\/h3>\n<p>(Bearb.: Klaus J\u00e4ckle)<\/p>\n<p><strong>Flow, my tears <\/strong>f\u00fcr Gesang und Gitarre <strong><a href=\"https:\/\/www.scoreexchange.com\/scores\/30981.html\" target=\"_blank\" rel=\"noopener noreferrer\">Ansehen und ausdrucken<\/a><\/strong><\/p>\n<p>[\/et_pb_text][\/et_pb_column][\/et_pb_row][\/et_pb_section][et_pb_section fb_built=&#8221;1&#8243; _builder_version=&#8221;4.16&#8243; background_color=&#8221;#fffddc&#8221; border_width_top=&#8221;1px&#8221; border_color_top=&#8221;#e7ab37&#8243; global_colors_info=&#8221;{}&#8221;][et_pb_row column_structure=&#8221;1_3,2_3&#8243; _builder_version=&#8221;4.16&#8243; background_size=&#8221;initial&#8221; background_position=&#8221;top_left&#8221; background_repeat=&#8221;repeat&#8221; global_colors_info=&#8221;{}&#8221;][et_pb_column type=&#8221;1_3&#8243; _builder_version=&#8221;4.16&#8243; custom_padding=&#8221;|||&#8221; global_colors_info=&#8221;{}&#8221; custom_padding__hover=&#8221;|||&#8221;][et_pb_image src=&#8221;http:\/\/www.classicalguitar.de\/wp-content\/uploads\/2018\/05\/transparent.png&#8221; align=&#8221;right&#8221; align_tablet=&#8221;center&#8221; align_phone=&#8221;center&#8221; align_last_edited=&#8221;on|desktop&#8221; _builder_version=&#8221;4.16&#8243; max_width_tablet=&#8221;80%&#8221; max_width_phone=&#8221;&#8221; max_width_last_edited=&#8221;on|tablet&#8221; module_alignment=&#8221;right&#8221; custom_margin=&#8221;|||&#8221; border_color_all=&#8221;#e7ab37&#8243; global_colors_info=&#8221;{}&#8221;][\/et_pb_image][\/et_pb_column][et_pb_column type=&#8221;2_3&#8243; _builder_version=&#8221;4.16&#8243; custom_padding=&#8221;|||&#8221; global_colors_info=&#8221;{}&#8221; custom_padding__hover=&#8221;|||&#8221;][et_pb_text _builder_version=&#8221;4.16&#8243; global_colors_info=&#8221;{}&#8221;]<\/p>\n<h3>C\u00e9sar Franck<\/h3>\n<p>(Bearb.: Klaus J\u00e4ckle)<\/p>\n<p><strong>Ave Maria <\/strong>f\u00fcr Gesang und Gitarre <strong><a href=\"http:\/\/www.classicalguitar.de\/noten\/FranckAveMaria_1.pdf\" target=\"_blank\" rel=\"noopener noreferrer\">(pdf)<\/a><\/strong><\/p>\n<p>[\/et_pb_text][\/et_pb_column][\/et_pb_row][\/et_pb_section][et_pb_section fb_built=&#8221;1&#8243; _builder_version=&#8221;4.16&#8243; background_color=&#8221;#fffddc&#8221; border_width_top=&#8221;1px&#8221; border_color_top=&#8221;#e7ab37&#8243; global_colors_info=&#8221;{}&#8221;][et_pb_row column_structure=&#8221;1_3,2_3&#8243; _builder_version=&#8221;4.16&#8243; background_size=&#8221;initial&#8221; background_position=&#8221;top_left&#8221; background_repeat=&#8221;repeat&#8221; global_colors_info=&#8221;{}&#8221;][et_pb_column type=&#8221;1_3&#8243; _builder_version=&#8221;4.16&#8243; custom_padding=&#8221;|||&#8221; global_colors_info=&#8221;{}&#8221; custom_padding__hover=&#8221;|||&#8221;][et_pb_image src=&#8221;http:\/\/www.classicalguitar.de\/wp-content\/uploads\/2023\/04\/Titel_web-300&#215;297.jpg&#8221; title_text=&#8221;Titel_web&#8221; align=&#8221;right&#8221; align_tablet=&#8221;center&#8221; align_phone=&#8221;center&#8221; align_last_edited=&#8221;on|desktop&#8221; _builder_version=&#8221;4.19.5&#8243; max_width_tablet=&#8221;80%&#8221; max_width_phone=&#8221;&#8221; max_width_last_edited=&#8221;on|tablet&#8221; module_alignment=&#8221;right&#8221; custom_margin=&#8221;|||&#8221; border_color_all=&#8221;#e7ab37&#8243; global_colors_info=&#8221;{}&#8221;][\/et_pb_image][et_pb_image src=&#8221;http:\/\/www.classicalguitar.de\/wp-content\/uploads\/2019\/06\/Titel-2-neu-300&#215;297.jpg&#8221; title_text=&#8221;Titel-2-neu&#8221; url=&#8221;https:\/\/youtu.be\/sqxWrL8BzTw&#8221; url_new_window=&#8221;on&#8221; align=&#8221;right&#8221; align_tablet=&#8221;center&#8221; align_phone=&#8221;center&#8221; align_last_edited=&#8221;on|desktop&#8221; _builder_version=&#8221;4.19.5&#8243; max_width_tablet=&#8221;80%&#8221; max_width_phone=&#8221;&#8221; max_width_last_edited=&#8221;on|tablet&#8221; module_alignment=&#8221;right&#8221; custom_margin=&#8221;|||&#8221; border_color_all=&#8221;#e7ab37&#8243; global_colors_info=&#8221;{}&#8221;][\/et_pb_image][\/et_pb_column][et_pb_column type=&#8221;2_3&#8243; _builder_version=&#8221;4.16&#8243; custom_padding=&#8221;|||&#8221; global_colors_info=&#8221;{}&#8221; custom_padding__hover=&#8221;|||&#8221;][et_pb_text _builder_version=&#8221;4.16&#8243; global_colors_info=&#8221;{}&#8221;]<\/p>\n<h3>Franz Schubert<\/h3>\n<p>(Bearb.: Klaus J\u00e4ckle)<\/p>\n<p><strong>Winterreise D 911 <\/strong>f\u00fcr Tenor und Gitarre<\/p>\n<p>&nbsp;<\/p>\n<p><strong>Nr.5 Der Lindenbaum <a href=\"https:\/\/www.scoreexchange.com\/scores\/200062.html\" target=\"_blank\" rel=\"noopener noreferrer\">view and print online<\/a> <\/strong><\/p>\n<p>View <strong><a href=\"http:\/\/www.classicalguitar.de\/wp2\/musik\/cds\/\">CD Winterreise<\/a><\/strong> <\/p>\n<p>[\/et_pb_text][et_pb_text _builder_version=&#8221;4.16&#8243; global_colors_info=&#8221;{}&#8221;]<\/p>\n<h3><\/h3>\n<h3><\/h3>\n<h3><\/h3>\n<h3><\/h3>\n<h3><\/h3>\n<h3><\/h3>\n<h3>Franz Schubert<\/h3>\n<p>(Bearb.: Klaus J\u00e4ckle)<\/p>\n<p><strong>Die Sch\u00f6ne M\u00fcllerin D 795 <\/strong>f\u00fcr Tenor und Gitarre<\/p>\n<p>By interest in the music of the complete cycle please contact me directly!<\/p>\n<p>&nbsp;<\/p>\n<p><strong>\u00a0<\/strong><\/p>\n<p>[\/et_pb_text][\/et_pb_column][\/et_pb_row][\/et_pb_section][et_pb_section fb_built=&#8221;1&#8243; module_id=&#8221;quartett&#8221; _builder_version=&#8221;4.16&#8243; background_color=&#8221;#e7ab37&#8243; border_width_top=&#8221;1px&#8221; border_color_top=&#8221;#e7ab37&#8243; global_colors_info=&#8221;{}&#8221;][et_pb_row column_structure=&#8221;1_3,2_3&#8243; _builder_version=&#8221;4.16&#8243; background_size=&#8221;initial&#8221; background_position=&#8221;top_left&#8221; background_repeat=&#8221;repeat&#8221; global_colors_info=&#8221;{}&#8221;][et_pb_column type=&#8221;1_3&#8243; _builder_version=&#8221;4.16&#8243; custom_padding=&#8221;|||&#8221; global_colors_info=&#8221;{}&#8221; custom_padding__hover=&#8221;|||&#8221;][et_pb_image src=&#8221;http:\/\/www.classicalguitar.de\/wp-content\/uploads\/2018\/05\/transparent.png&#8221; align=&#8221;right&#8221; align_tablet=&#8221;center&#8221; align_phone=&#8221;center&#8221; align_last_edited=&#8221;on|desktop&#8221; _builder_version=&#8221;4.16&#8243; max_width_tablet=&#8221;80%&#8221; max_width_phone=&#8221;&#8221; max_width_last_edited=&#8221;on|tablet&#8221; module_alignment=&#8221;right&#8221; custom_margin=&#8221;|||&#8221; border_color_all=&#8221;#e7ab37&#8243; global_colors_info=&#8221;{}&#8221;][\/et_pb_image][\/et_pb_column][et_pb_column type=&#8221;2_3&#8243; _builder_version=&#8221;4.16&#8243; custom_padding=&#8221;|||&#8221; global_colors_info=&#8221;{}&#8221; custom_padding__hover=&#8221;|||&#8221;][et_pb_text _builder_version=&#8221;4.16&#8243; global_colors_info=&#8221;{}&#8221;]<\/p>\n<h3>Gitarrenquartett<\/h3>\n<p>[\/et_pb_text][\/et_pb_column][\/et_pb_row][\/et_pb_section][et_pb_section fb_built=&#8221;1&#8243; _builder_version=&#8221;4.16&#8243; background_color=&#8221;#fffddc&#8221; border_width_top=&#8221;1px&#8221; border_color_top=&#8221;#e7ab37&#8243; global_colors_info=&#8221;{}&#8221;][et_pb_row column_structure=&#8221;1_3,2_3&#8243; _builder_version=&#8221;4.16&#8243; background_size=&#8221;initial&#8221; background_position=&#8221;top_left&#8221; background_repeat=&#8221;repeat&#8221; global_colors_info=&#8221;{}&#8221;][et_pb_column type=&#8221;1_3&#8243; _builder_version=&#8221;4.16&#8243; custom_padding=&#8221;|||&#8221; global_colors_info=&#8221;{}&#8221; custom_padding__hover=&#8221;|||&#8221;][et_pb_image src=&#8221;http:\/\/www.classicalguitar.de\/wp-content\/uploads\/2023\/04\/AlbenizElAlbaicin_1-AlbenizElAlbaicin_1-300&#215;211.png&#8221; title_text=&#8221;AlbenizElAlbaicin_1 &#8211; AlbenizElAlbaicin_1&#8243; align=&#8221;right&#8221; align_tablet=&#8221;center&#8221; align_phone=&#8221;center&#8221; align_last_edited=&#8221;on|desktop&#8221; _builder_version=&#8221;4.19.5&#8243; transform_rotate=&#8221;0deg|0deg|351deg&#8221; max_width_tablet=&#8221;80%&#8221; max_width_phone=&#8221;&#8221; max_width_last_edited=&#8221;on|tablet&#8221; module_alignment=&#8221;right&#8221; custom_margin=&#8221;|||&#8221; border_color_all=&#8221;#e7ab37&#8243; global_colors_info=&#8221;{}&#8221;][\/et_pb_image][\/et_pb_column][et_pb_column type=&#8221;2_3&#8243; _builder_version=&#8221;4.16&#8243; custom_padding=&#8221;|||&#8221; global_colors_info=&#8221;{}&#8221; custom_padding__hover=&#8221;|||&#8221;][et_pb_text _builder_version=&#8221;4.16&#8243; global_colors_info=&#8221;{}&#8221;]<\/p>\n<h3>Isaac Alb\u00e9niz<\/h3>\n<p>(Bearb.: Klaus J\u00e4ckle) <strong>El Albaicin<\/strong> (aus Iberia III) <strong><a href=\"http:\/\/www.classicalguitar.de\/noten\/AlbenizElAlbaicin_1.pdf\" target=\"_blank\" rel=\"noopener noreferrer\">(pdf)<\/a><\/strong> [\/et_pb_text][\/et_pb_column][\/et_pb_row][\/et_pb_section][et_pb_section fb_built=&#8221;1&#8243; _builder_version=&#8221;4.16&#8243; background_color=&#8221;#fffddc&#8221; border_width_top=&#8221;1px&#8221; border_color_top=&#8221;#e7ab37&#8243; global_colors_info=&#8221;{}&#8221;][et_pb_row column_structure=&#8221;1_3,2_3&#8243; _builder_version=&#8221;4.16&#8243; background_size=&#8221;initial&#8221; background_position=&#8221;top_left&#8221; background_repeat=&#8221;repeat&#8221; global_colors_info=&#8221;{}&#8221;][et_pb_column type=&#8221;1_3&#8243; _builder_version=&#8221;4.16&#8243; custom_padding=&#8221;|||&#8221; global_colors_info=&#8221;{}&#8221; custom_padding__hover=&#8221;|||&#8221;][et_pb_image src=&#8221;http:\/\/www.classicalguitar.de\/wp-content\/uploads\/2018\/05\/transparent.png&#8221; align=&#8221;right&#8221; align_tablet=&#8221;center&#8221; align_phone=&#8221;center&#8221; align_last_edited=&#8221;on|desktop&#8221; _builder_version=&#8221;4.16&#8243; max_width_tablet=&#8221;80%&#8221; max_width_phone=&#8221;&#8221; max_width_last_edited=&#8221;on|tablet&#8221; module_alignment=&#8221;right&#8221; custom_margin=&#8221;|||&#8221; border_color_all=&#8221;#e7ab37&#8243; global_colors_info=&#8221;{}&#8221;][\/et_pb_image][\/et_pb_column][et_pb_column type=&#8221;2_3&#8243; _builder_version=&#8221;4.16&#8243; custom_padding=&#8221;|||&#8221; global_colors_info=&#8221;{}&#8221; custom_padding__hover=&#8221;|||&#8221;][et_pb_text _builder_version=&#8221;4.16&#8243; global_colors_info=&#8221;{}&#8221;]<\/p>\n<h3>Johann Pachelbel<\/h3>\n<p>(Bearb.: Klaus J\u00e4ckle) <strong>Kanon<\/strong> <strong><a href=\"http:\/\/www.classicalguitar.de\/noten\/PachelbelKanon_1.pdf\" target=\"_blank\" rel=\"noopener noreferrer\">(pdf)<\/a><\/strong> [\/et_pb_text][\/et_pb_column][\/et_pb_row][\/et_pb_section][et_pb_section fb_built=&#8221;1&#8243; _builder_version=&#8221;4.16&#8243; background_color=&#8221;#fffddc&#8221; border_width_top=&#8221;1px&#8221; border_color_top=&#8221;#e7ab37&#8243; global_colors_info=&#8221;{}&#8221;][et_pb_row column_structure=&#8221;1_3,2_3&#8243; _builder_version=&#8221;4.16&#8243; background_size=&#8221;initial&#8221; background_position=&#8221;top_left&#8221; background_repeat=&#8221;repeat&#8221; global_colors_info=&#8221;{}&#8221;][et_pb_column type=&#8221;1_3&#8243; _builder_version=&#8221;4.16&#8243; custom_padding=&#8221;|||&#8221; global_colors_info=&#8221;{}&#8221; custom_padding__hover=&#8221;|||&#8221;][et_pb_image src=&#8221;http:\/\/www.classicalguitar.de\/wp-content\/uploads\/2018\/08\/bolero-250.png&#8221; align=&#8221;right&#8221; align_tablet=&#8221;center&#8221; align_phone=&#8221;center&#8221; align_last_edited=&#8221;on|desktop&#8221; _builder_version=&#8221;4.16&#8243; max_width_tablet=&#8221;80%&#8221; max_width_phone=&#8221;&#8221; max_width_last_edited=&#8221;on|tablet&#8221; module_alignment=&#8221;right&#8221; custom_margin=&#8221;|||&#8221; border_color_all=&#8221;#e7ab37&#8243; global_colors_info=&#8221;{}&#8221;][\/et_pb_image][\/et_pb_column][et_pb_column type=&#8221;2_3&#8243; _builder_version=&#8221;4.16&#8243; custom_padding=&#8221;|||&#8221; global_colors_info=&#8221;{}&#8221; custom_padding__hover=&#8221;|||&#8221;][et_pb_text _builder_version=&#8221;4.16&#8243; global_colors_info=&#8221;{}&#8221;]<\/p>\n<h3>Maurice Ravel<\/h3>\n<p>(Bearb.: Klaus J\u00e4ckle) <strong>Bolero <a href=\"http:\/\/www.classicalguitar.de\/noten\/Ravel_Bolero_1.pdf\" target=\"_blank\" rel=\"noopener noreferrer\">(pdf)<\/a> <a href=\"http:\/\/www.edition-margaux.de\/verlag\/product_info.php?info=p335_Bol-ro.html&amp;XTCsid=3c861f9501e00145ce6570798c60a362\" target=\"_blank\" rel=\"noopener noreferrer\">edition margaux shop<\/a><\/strong> Siehe <strong><a href=\"http:\/\/www.classicalguitar.de\/wp2\/musik\/cds\/\">CD Bolero<\/a><\/strong> [\/et_pb_text][\/et_pb_column][\/et_pb_row][\/et_pb_section]<\/p>\n","protected":false},"excerpt":{"rendered":"<p>Guitar solo &gt;&gt; Flute (Violin, Clarinet, Violoncello) and Guitare &gt;&gt;\u00a0Voice and Guitare &gt;&gt; Guitare quartet &gt;&gt; you can view most of the music, please contact me for any questions via E-mailGuitar solo Isaac Alb\u00e9niz (Transcription: Klaus J\u00e4ckle) Rumores de la Caleta, edition hage, N\u00fcrnberg, eh 4001 (pdf) Asturias (version in a minor) view and print [&hellip;]<\/p>\n","protected":false},"author":1,"featured_media":0,"parent":1611,"menu_order":0,"comment_status":"closed","ping_status":"closed","template":"","meta":{"_et_pb_use_builder":"on","_et_pb_old_content":"","_et_gb_content_width":"","footnotes":""},"_links":{"self":[{"href":"https:\/\/www.classicalguitar.de\/en\/wp-json\/wp\/v2\/pages\/1615"}],"collection":[{"href":"https:\/\/www.classicalguitar.de\/en\/wp-json\/wp\/v2\/pages"}],"about":[{"href":"https:\/\/www.classicalguitar.de\/en\/wp-json\/wp\/v2\/types\/page"}],"author":[{"embeddable":true,"href":"https:\/\/www.classicalguitar.de\/en\/wp-json\/wp\/v2\/users\/1"}],"replies":[{"embeddable":true,"href":"https:\/\/www.classicalguitar.de\/en\/wp-json\/wp\/v2\/comments?post=1615"}],"version-history":[{"count":17,"href":"https:\/\/www.classicalguitar.de\/en\/wp-json\/wp\/v2\/pages\/1615\/revisions"}],"predecessor-version":[{"id":2387,"href":"https:\/\/www.classicalguitar.de\/en\/wp-json\/wp\/v2\/pages\/1615\/revisions\/2387"}],"up":[{"embeddable":true,"href":"https:\/\/www.classicalguitar.de\/en\/wp-json\/wp\/v2\/pages\/1611"}],"wp:attachment":[{"href":"https:\/\/www.classicalguitar.de\/en\/wp-json\/wp\/v2\/media?parent=1615"}],"curies":[{"name":"wp","href":"https:\/\/api.w.org\/{rel}","templated":true}]}}